{"id":6467,"date":"2020-03-05T21:10:33","date_gmt":"2020-03-05T20:10:33","guid":{"rendered":"http:\/\/janze-athletisme.fr\/wordpress\/?page_id=6467"},"modified":"2022-05-24T17:11:20","modified_gmt":"2022-05-24T15:11:20","slug":"sortiesclubmarche-nordique","status":"publish","type":"page","link":"https:\/\/janze-athletisme.fr\/wordpress\/sortiesclubmarche-nordique\/","title":{"rendered":"Les sorties du club"},"content":{"rendered":"<p><span style=\"color: #0000ff;\"><strong><span style=\"font-size: 18pt;\">Week-End \u00e0 LE POULIGUEN 21 &amp; 22 mai 2022<\/span><\/strong><\/span><\/p>\n<p>Samedi matin nous \u00e9tions 25 marcheurs au d\u00e9part pour ce week-end.<\/p>\n<p style=\"text-align: center;\"><a href=\"https:\/\/janze-athletisme.fr\/wordpress\/wp-content\/uploads\/2022\/05\/image_07.jpg\"><img loading=\"lazy\" decoding=\"async\" class=\"alignnone wp-image-9586\" src=\"https:\/\/janze-athletisme.fr\/wordpress\/wp-content\/uploads\/2022\/05\/image_07-300x194.jpg\" alt=\"\" width=\"373\" height=\"241\" srcset=\"https:\/\/janze-athletisme.fr\/wordpress\/wp-content\/uploads\/2022\/05\/image_07-300x194.jpg 300w, https:\/\/janze-athletisme.fr\/wordpress\/wp-content\/uploads\/2022\/05\/image_07-1024x662.jpg 1024w, https:\/\/janze-athletisme.fr\/wordpress\/wp-content\/uploads\/2022\/05\/image_07-768x497.jpg 768w, https:\/\/janze-athletisme.fr\/wordpress\/wp-content\/uploads\/2022\/05\/image_07.jpg 1260w\" sizes=\"auto, (max-width: 373px) 100vw, 373px\" \/><\/a><\/p>\n<p>Le programme<\/p>\n<ul>\n<li>Samedi matin ==&gt; \u00e9quip\u00e9s de nos b\u00e2tons, nous avons fait la boucle de \u00ab la pointe de merquel \u00bb \u00e0 Mesquer : 10,5 km \u00e0 travers les marais salants, le bocage et cheminement c\u00f4tier.<\/li>\n<\/ul>\n<p style=\"text-align: center;\"><a href=\"https:\/\/janze-athletisme.fr\/wordpress\/wp-content\/uploads\/2022\/05\/image_25-scaled.jpg\"><img loading=\"lazy\" decoding=\"async\" class=\"alignnone wp-image-9647\" src=\"https:\/\/janze-athletisme.fr\/wordpress\/wp-content\/uploads\/2022\/05\/image_25-300x210.jpg\" alt=\"\" width=\"339\" height=\"237\" srcset=\"https:\/\/janze-athletisme.fr\/wordpress\/wp-content\/uploads\/2022\/05\/image_25-300x210.jpg 300w, https:\/\/janze-athletisme.fr\/wordpress\/wp-content\/uploads\/2022\/05\/image_25-1024x715.jpg 1024w, https:\/\/janze-athletisme.fr\/wordpress\/wp-content\/uploads\/2022\/05\/image_25-768x537.jpg 768w, https:\/\/janze-athletisme.fr\/wordpress\/wp-content\/uploads\/2022\/05\/image_25-1536x1073.jpg 1536w, https:\/\/janze-athletisme.fr\/wordpress\/wp-content\/uploads\/2022\/05\/image_25-2048x1431.jpg 2048w\" sizes=\"auto, (max-width: 339px) 100vw, 339px\" \/><\/a><\/p>\n<ul>\n<li>Samedi apr\u00e8s-midi ==&gt; apr\u00e8s la pause pique-nique, nous avons fait la boucle \u00ab le Rostu au c\u0153ur des marais salants \u00bb toujours \u00e0 Mesquer : 9 km jalonn\u00e9s de beaux points de vue.<\/li>\n<\/ul>\n<p><a href=\"https:\/\/janze-athletisme.fr\/wordpress\/wp-content\/uploads\/2022\/05\/image_30-scaled.jpg\"><img loading=\"lazy\" decoding=\"async\" class=\"alignnone wp-image-9650\" src=\"https:\/\/janze-athletisme.fr\/wordpress\/wp-content\/uploads\/2022\/05\/image_30-300x222.jpg\" alt=\"\" width=\"241\" height=\"178\" srcset=\"https:\/\/janze-athletisme.fr\/wordpress\/wp-content\/uploads\/2022\/05\/image_30-300x222.jpg 300w, https:\/\/janze-athletisme.fr\/wordpress\/wp-content\/uploads\/2022\/05\/image_30-1024x757.jpg 1024w, https:\/\/janze-athletisme.fr\/wordpress\/wp-content\/uploads\/2022\/05\/image_30-768x567.jpg 768w, https:\/\/janze-athletisme.fr\/wordpress\/wp-content\/uploads\/2022\/05\/image_30-1536x1135.jpg 1536w, https:\/\/janze-athletisme.fr\/wordpress\/wp-content\/uploads\/2022\/05\/image_30-2048x1513.jpg 2048w\" sizes=\"auto, (max-width: 241px) 100vw, 241px\" \/><\/a> <a href=\"https:\/\/janze-athletisme.fr\/wordpress\/wp-content\/uploads\/2022\/05\/image_1-scaled.jpg\"><img loading=\"lazy\" decoding=\"async\" class=\"alignnone wp-image-9648\" src=\"https:\/\/janze-athletisme.fr\/wordpress\/wp-content\/uploads\/2022\/05\/image_1-300x203.jpg\" alt=\"\" width=\"254\" height=\"172\" srcset=\"https:\/\/janze-athletisme.fr\/wordpress\/wp-content\/uploads\/2022\/05\/image_1-300x203.jpg 300w, https:\/\/janze-athletisme.fr\/wordpress\/wp-content\/uploads\/2022\/05\/image_1-1024x692.jpg 1024w, https:\/\/janze-athletisme.fr\/wordpress\/wp-content\/uploads\/2022\/05\/image_1-768x519.jpg 768w, https:\/\/janze-athletisme.fr\/wordpress\/wp-content\/uploads\/2022\/05\/image_1-1536x1039.jpg 1536w, https:\/\/janze-athletisme.fr\/wordpress\/wp-content\/uploads\/2022\/05\/image_1-2048x1385.jpg 2048w\" sizes=\"auto, (max-width: 254px) 100vw, 254px\" \/><\/a> <a href=\"https:\/\/janze-athletisme.fr\/wordpress\/wp-content\/uploads\/2022\/05\/image_2-scaled.jpg\"><img loading=\"lazy\" decoding=\"async\" class=\"alignnone wp-image-9649\" src=\"https:\/\/janze-athletisme.fr\/wordpress\/wp-content\/uploads\/2022\/05\/image_2-300x233.jpg\" alt=\"\" width=\"220\" height=\"171\" srcset=\"https:\/\/janze-athletisme.fr\/wordpress\/wp-content\/uploads\/2022\/05\/image_2-300x233.jpg 300w, https:\/\/janze-athletisme.fr\/wordpress\/wp-content\/uploads\/2022\/05\/image_2-1024x794.jpg 1024w, https:\/\/janze-athletisme.fr\/wordpress\/wp-content\/uploads\/2022\/05\/image_2-768x596.jpg 768w, https:\/\/janze-athletisme.fr\/wordpress\/wp-content\/uploads\/2022\/05\/image_2-1536x1191.jpg 1536w, https:\/\/janze-athletisme.fr\/wordpress\/wp-content\/uploads\/2022\/05\/image_2-2048x1588.jpg 2048w\" sizes=\"auto, (max-width: 220px) 100vw, 220px\" \/><\/a><\/p>\n<ul>\n<li>Notre journ\u00e9e s\u2019est termin\u00e9e autour d\u2019un repas convivial et d\u2019une petite promenade dans la ville de Le Pouliguen.<\/li>\n<li>Dimanche matin ==&gt; Direction Cr\u00e9lin, pour une boucle \u00ab la Bri\u00e8re entre Sandun et St Andr\u00e9 des Eaux \u00bb de 8 km. Palmyre, Marie Th\u00e9 et Louis ont choisi la version 13 km.<\/li>\n<\/ul>\n<p><a href=\"https:\/\/janze-athletisme.fr\/wordpress\/wp-content\/uploads\/2022\/05\/image_01.jpg\"><img loading=\"lazy\" decoding=\"async\" class=\"alignnone wp-image-9581\" src=\"https:\/\/janze-athletisme.fr\/wordpress\/wp-content\/uploads\/2022\/05\/image_01-300x166.jpg\" alt=\"\" width=\"363\" height=\"201\" srcset=\"https:\/\/janze-athletisme.fr\/wordpress\/wp-content\/uploads\/2022\/05\/image_01-300x166.jpg 300w, https:\/\/janze-athletisme.fr\/wordpress\/wp-content\/uploads\/2022\/05\/image_01-1024x566.jpg 1024w, https:\/\/janze-athletisme.fr\/wordpress\/wp-content\/uploads\/2022\/05\/image_01-768x424.jpg 768w, https:\/\/janze-athletisme.fr\/wordpress\/wp-content\/uploads\/2022\/05\/image_01.jpg 1437w\" sizes=\"auto, (max-width: 363px) 100vw, 363px\" \/><\/a><a href=\"https:\/\/janze-athletisme.fr\/wordpress\/wp-content\/uploads\/2022\/05\/image_02.jpg\"><img loading=\"lazy\" decoding=\"async\" class=\"alignnone wp-image-9582\" src=\"https:\/\/janze-athletisme.fr\/wordpress\/wp-content\/uploads\/2022\/05\/image_02-300x199.jpg\" alt=\"\" width=\"302\" height=\"200\" srcset=\"https:\/\/janze-athletisme.fr\/wordpress\/wp-content\/uploads\/2022\/05\/image_02-300x199.jpg 300w, https:\/\/janze-athletisme.fr\/wordpress\/wp-content\/uploads\/2022\/05\/image_02-1024x679.jpg 1024w, https:\/\/janze-athletisme.fr\/wordpress\/wp-content\/uploads\/2022\/05\/image_02-768x509.jpg 768w, https:\/\/janze-athletisme.fr\/wordpress\/wp-content\/uploads\/2022\/05\/image_02.jpg 1479w\" sizes=\"auto, (max-width: 302px) 100vw, 302px\" \/><\/a><\/p>\n<ul>\n<li>Apr\u00e8s le pique-nique nous nous sommes dirig\u00e9s vers le port de Br\u00e9ca \u00e0 pied pour les uns en voiture pour les autres.<\/li>\n<\/ul>\n<ul>\n<li>Nous avons fait une superbe balade comment\u00e9e en chaland d\u2019une dur\u00e9e de 45mn.<\/li>\n<\/ul>\n<p><a href=\"https:\/\/janze-athletisme.fr\/wordpress\/wp-content\/uploads\/2022\/05\/image_09.jpg\"><img loading=\"lazy\" decoding=\"async\" class=\"size-medium wp-image-9588 alignleft\" src=\"https:\/\/janze-athletisme.fr\/wordpress\/wp-content\/uploads\/2022\/05\/image_09-300x226.jpg\" alt=\"\" width=\"300\" height=\"226\" srcset=\"https:\/\/janze-athletisme.fr\/wordpress\/wp-content\/uploads\/2022\/05\/image_09-300x226.jpg 300w, https:\/\/janze-athletisme.fr\/wordpress\/wp-content\/uploads\/2022\/05\/image_09-1024x773.jpg 1024w, https:\/\/janze-athletisme.fr\/wordpress\/wp-content\/uploads\/2022\/05\/image_09-768x580.jpg 768w, https:\/\/janze-athletisme.fr\/wordpress\/wp-content\/uploads\/2022\/05\/image_09-1536x1160.jpg 1536w, https:\/\/janze-athletisme.fr\/wordpress\/wp-content\/uploads\/2022\/05\/image_09.jpg 1906w\" sizes=\"auto, (max-width: 300px) 100vw, 300px\" \/><\/a><a href=\"https:\/\/janze-athletisme.fr\/wordpress\/wp-content\/uploads\/2022\/05\/image_03.jpg\"><img loading=\"lazy\" decoding=\"async\" class=\"size-medium wp-image-9583 alignnone\" src=\"https:\/\/janze-athletisme.fr\/wordpress\/wp-content\/uploads\/2022\/05\/image_03-300x225.jpg\" alt=\"\" width=\"300\" height=\"225\" srcset=\"https:\/\/janze-athletisme.fr\/wordpress\/wp-content\/uploads\/2022\/05\/image_03-300x225.jpg 300w, https:\/\/janze-athletisme.fr\/wordpress\/wp-content\/uploads\/2022\/05\/image_03-1024x768.jpg 1024w, https:\/\/janze-athletisme.fr\/wordpress\/wp-content\/uploads\/2022\/05\/image_03-768x576.jpg 768w, https:\/\/janze-athletisme.fr\/wordpress\/wp-content\/uploads\/2022\/05\/image_03-1536x1152.jpg 1536w, https:\/\/janze-athletisme.fr\/wordpress\/wp-content\/uploads\/2022\/05\/image_03.jpg 1600w\" sizes=\"auto, (max-width: 300px) 100vw, 300px\" \/><\/a><\/p>\n<p>&nbsp;<\/p>\n<ul>\n<li>Le week-end s\u2019est termin\u00e9 par la visite du village de K\u00e9rhinet et &#8230;<\/li>\n<\/ul>\n<p><a href=\"https:\/\/janze-athletisme.fr\/wordpress\/wp-content\/uploads\/2022\/05\/image_0.jpg\"><img loading=\"lazy\" decoding=\"async\" class=\"alignnone wp-image-9642\" src=\"https:\/\/janze-athletisme.fr\/wordpress\/wp-content\/uploads\/2022\/05\/image_0-300x225.jpg\" alt=\"\" width=\"243\" height=\"182\" srcset=\"https:\/\/janze-athletisme.fr\/wordpress\/wp-content\/uploads\/2022\/05\/image_0-300x225.jpg 300w, https:\/\/janze-athletisme.fr\/wordpress\/wp-content\/uploads\/2022\/05\/image_0-1024x768.jpg 1024w, https:\/\/janze-athletisme.fr\/wordpress\/wp-content\/uploads\/2022\/05\/image_0-768x576.jpg 768w, https:\/\/janze-athletisme.fr\/wordpress\/wp-content\/uploads\/2022\/05\/image_0-1536x1152.jpg 1536w, https:\/\/janze-athletisme.fr\/wordpress\/wp-content\/uploads\/2022\/05\/image_0.jpg 1600w\" sizes=\"auto, (max-width: 243px) 100vw, 243px\" \/><\/a><a href=\"https:\/\/janze-athletisme.fr\/wordpress\/wp-content\/uploads\/2022\/05\/image_21.jpg\"><img loading=\"lazy\" decoding=\"async\" class=\"alignnone wp-image-9645\" src=\"https:\/\/janze-athletisme.fr\/wordpress\/wp-content\/uploads\/2022\/05\/image_21-300x225.jpg\" alt=\"\" width=\"260\" height=\"195\" srcset=\"https:\/\/janze-athletisme.fr\/wordpress\/wp-content\/uploads\/2022\/05\/image_21-300x225.jpg 300w, https:\/\/janze-athletisme.fr\/wordpress\/wp-content\/uploads\/2022\/05\/image_21-1024x768.jpg 1024w, https:\/\/janze-athletisme.fr\/wordpress\/wp-content\/uploads\/2022\/05\/image_21-768x576.jpg 768w, https:\/\/janze-athletisme.fr\/wordpress\/wp-content\/uploads\/2022\/05\/image_21-1536x1152.jpg 1536w, https:\/\/janze-athletisme.fr\/wordpress\/wp-content\/uploads\/2022\/05\/image_21.jpg 1600w\" sizes=\"auto, (max-width: 260px) 100vw, 260px\" \/><\/a><a href=\"https:\/\/janze-athletisme.fr\/wordpress\/wp-content\/uploads\/2022\/05\/image_20.jpg\"><img loading=\"lazy\" decoding=\"async\" class=\"alignnone wp-image-9644\" src=\"https:\/\/janze-athletisme.fr\/wordpress\/wp-content\/uploads\/2022\/05\/image_20-300x225.jpg\" alt=\"\" width=\"251\" height=\"188\" srcset=\"https:\/\/janze-athletisme.fr\/wordpress\/wp-content\/uploads\/2022\/05\/image_20-300x225.jpg 300w, https:\/\/janze-athletisme.fr\/wordpress\/wp-content\/uploads\/2022\/05\/image_20-1024x768.jpg 1024w, https:\/\/janze-athletisme.fr\/wordpress\/wp-content\/uploads\/2022\/05\/image_20-768x576.jpg 768w, https:\/\/janze-athletisme.fr\/wordpress\/wp-content\/uploads\/2022\/05\/image_20-1536x1152.jpg 1536w, https:\/\/janze-athletisme.fr\/wordpress\/wp-content\/uploads\/2022\/05\/image_20.jpg 1600w\" sizes=\"auto, (max-width: 251px) 100vw, 251px\" \/><\/a><\/p>\n<p>&#8230; le verre de l\u2019amiti\u00e9.<\/p>\n<p><a href=\"https:\/\/janze-athletisme.fr\/wordpress\/wp-content\/uploads\/2022\/05\/image_003.jpg\"><img loading=\"lazy\" decoding=\"async\" class=\"alignnone  wp-image-9656\" src=\"https:\/\/janze-athletisme.fr\/wordpress\/wp-content\/uploads\/2022\/05\/image_003-300x169.jpg\" alt=\"\" width=\"224\" height=\"126\" srcset=\"https:\/\/janze-athletisme.fr\/wordpress\/wp-content\/uploads\/2022\/05\/image_003-300x169.jpg 300w, https:\/\/janze-athletisme.fr\/wordpress\/wp-content\/uploads\/2022\/05\/image_003-1024x576.jpg 1024w, https:\/\/janze-athletisme.fr\/wordpress\/wp-content\/uploads\/2022\/05\/image_003-768x432.jpg 768w, https:\/\/janze-athletisme.fr\/wordpress\/wp-content\/uploads\/2022\/05\/image_003-1536x864.jpg 1536w, https:\/\/janze-athletisme.fr\/wordpress\/wp-content\/uploads\/2022\/05\/image_003.jpg 1600w\" sizes=\"auto, (max-width: 224px) 100vw, 224px\" \/><\/a> <a href=\"https:\/\/janze-athletisme.fr\/wordpress\/wp-content\/uploads\/2022\/05\/image_002.jpg\"><img loading=\"lazy\" decoding=\"async\" class=\"alignnone  wp-image-9655\" src=\"https:\/\/janze-athletisme.fr\/wordpress\/wp-content\/uploads\/2022\/05\/image_002-300x169.jpg\" alt=\"\" width=\"233\" height=\"131\" srcset=\"https:\/\/janze-athletisme.fr\/wordpress\/wp-content\/uploads\/2022\/05\/image_002-300x169.jpg 300w, https:\/\/janze-athletisme.fr\/wordpress\/wp-content\/uploads\/2022\/05\/image_002-1024x576.jpg 1024w, https:\/\/janze-athletisme.fr\/wordpress\/wp-content\/uploads\/2022\/05\/image_002-768x432.jpg 768w, https:\/\/janze-athletisme.fr\/wordpress\/wp-content\/uploads\/2022\/05\/image_002-1536x864.jpg 1536w, https:\/\/janze-athletisme.fr\/wordpress\/wp-content\/uploads\/2022\/05\/image_002.jpg 1600w\" sizes=\"auto, (max-width: 233px) 100vw, 233px\" \/><\/a> <a href=\"https:\/\/janze-athletisme.fr\/wordpress\/wp-content\/uploads\/2022\/05\/image_001.jpg\"><img loading=\"lazy\" decoding=\"async\" class=\"alignnone  wp-image-9654\" src=\"https:\/\/janze-athletisme.fr\/wordpress\/wp-content\/uploads\/2022\/05\/image_001-300x169.jpg\" alt=\"\" width=\"231\" height=\"130\" srcset=\"https:\/\/janze-athletisme.fr\/wordpress\/wp-content\/uploads\/2022\/05\/image_001-300x169.jpg 300w, https:\/\/janze-athletisme.fr\/wordpress\/wp-content\/uploads\/2022\/05\/image_001-1024x576.jpg 1024w, https:\/\/janze-athletisme.fr\/wordpress\/wp-content\/uploads\/2022\/05\/image_001-768x432.jpg 768w, https:\/\/janze-athletisme.fr\/wordpress\/wp-content\/uploads\/2022\/05\/image_001-1536x864.jpg 1536w, https:\/\/janze-athletisme.fr\/wordpress\/wp-content\/uploads\/2022\/05\/image_001.jpg 1600w\" sizes=\"auto, (max-width: 231px) 100vw, 231px\" \/><\/a><\/p>\n<p><span style=\"font-size: 16px;\">Ce week-end appr\u00e9ci\u00e9 de tous les participants a \u00e9t\u00e9 un moment de convivialit\u00e9 sous un soleil radieux. Chacun est rentr\u00e9 avec des souvenirs plein la t\u00eate et des photos dans les portables.<\/span><\/p>\n<p>Remerciements\u00a0:<\/p>\n<ul>\n<li>Participation financi\u00e8re\u00a0: le club Janz\u00e9 Athl\u00e9tisme,<\/li>\n<li>Communication\u00a0: Brigitte et Chantal,<\/li>\n<li>H\u00e9bergement &#8211; repas\u00a0: Brigitte,<\/li>\n<li>Circuits et reconnaissance des circuits\u00a0: Brigitte, Dominique,<\/li>\n<li>Transports : Yannick (bus), Didier, Louis, Nad\u00e8ge, Brigitte.<\/li>\n<li>Et enfin \u00e0 l\u2019ensemble des participants pour leur bonne humeur.<\/li>\n<\/ul>\n<p>Promis\u00a0! nous nous retrouverons l\u2019an prochain pour une nouvelle vir\u00e9e.<\/p>\n<h3><a href=\"https:\/\/janze-athletisme.fr\/wordpress\/wp-content\/uploads\/2022\/05\/image_06.jpg\"><img loading=\"lazy\" decoding=\"async\" class=\"alignnone size-medium wp-image-9585\" src=\"https:\/\/janze-athletisme.fr\/wordpress\/wp-content\/uploads\/2022\/05\/image_06-225x300.jpg\" alt=\"\" width=\"225\" height=\"300\" srcset=\"https:\/\/janze-athletisme.fr\/wordpress\/wp-content\/uploads\/2022\/05\/image_06-225x300.jpg 225w, https:\/\/janze-athletisme.fr\/wordpress\/wp-content\/uploads\/2022\/05\/image_06-768x1024.jpg 768w, https:\/\/janze-athletisme.fr\/wordpress\/wp-content\/uploads\/2022\/05\/image_06-1152x1536.jpg 1152w, https:\/\/janze-athletisme.fr\/wordpress\/wp-content\/uploads\/2022\/05\/image_06.jpg 1200w\" sizes=\"auto, (max-width: 225px) 100vw, 225px\" \/><\/a> <a href=\"https:\/\/janze-athletisme.fr\/wordpress\/wp-content\/uploads\/2022\/05\/image_05.jpg\"><img loading=\"lazy\" decoding=\"async\" class=\"alignnone size-medium wp-image-9584\" src=\"https:\/\/janze-athletisme.fr\/wordpress\/wp-content\/uploads\/2022\/05\/image_05-215x300.jpg\" alt=\"\" width=\"215\" height=\"300\" srcset=\"https:\/\/janze-athletisme.fr\/wordpress\/wp-content\/uploads\/2022\/05\/image_05-215x300.jpg 215w, https:\/\/janze-athletisme.fr\/wordpress\/wp-content\/uploads\/2022\/05\/image_05-733x1024.jpg 733w, https:\/\/janze-athletisme.fr\/wordpress\/wp-content\/uploads\/2022\/05\/image_05-768x1073.jpg 768w, https:\/\/janze-athletisme.fr\/wordpress\/wp-content\/uploads\/2022\/05\/image_05.jpg 1074w\" sizes=\"auto, (max-width: 215px) 100vw, 215px\" \/><\/a> <a href=\"https:\/\/janze-athletisme.fr\/wordpress\/wp-content\/uploads\/2022\/05\/image_08.jpg\"><img loading=\"lazy\" decoding=\"async\" class=\"alignnone size-medium wp-image-9587\" src=\"https:\/\/janze-athletisme.fr\/wordpress\/wp-content\/uploads\/2022\/05\/image_08-224x300.jpg\" alt=\"\" width=\"224\" height=\"300\" srcset=\"https:\/\/janze-athletisme.fr\/wordpress\/wp-content\/uploads\/2022\/05\/image_08-224x300.jpg 224w, https:\/\/janze-athletisme.fr\/wordpress\/wp-content\/uploads\/2022\/05\/image_08-763x1024.jpg 763w, https:\/\/janze-athletisme.fr\/wordpress\/wp-content\/uploads\/2022\/05\/image_08-768x1030.jpg 768w, https:\/\/janze-athletisme.fr\/wordpress\/wp-content\/uploads\/2022\/05\/image_08-1145x1536.jpg 1145w, https:\/\/janze-athletisme.fr\/wordpress\/wp-content\/uploads\/2022\/05\/image_08.jpg 1430w\" sizes=\"auto, (max-width: 224px) 100vw, 224px\" \/><\/a> <a href=\"https:\/\/janze-athletisme.fr\/wordpress\/wp-content\/uploads\/2022\/05\/image_10.jpg\"><img loading=\"lazy\" decoding=\"async\" class=\"alignnone size-medium wp-image-9589\" src=\"https:\/\/janze-athletisme.fr\/wordpress\/wp-content\/uploads\/2022\/05\/image_10-300x166.jpg\" alt=\"\" width=\"300\" height=\"166\" srcset=\"https:\/\/janze-athletisme.fr\/wordpress\/wp-content\/uploads\/2022\/05\/image_10-300x166.jpg 300w, https:\/\/janze-athletisme.fr\/wordpress\/wp-content\/uploads\/2022\/05\/image_10-768x425.jpg 768w, https:\/\/janze-athletisme.fr\/wordpress\/wp-content\/uploads\/2022\/05\/image_10.jpg 894w\" sizes=\"auto, (max-width: 300px) 100vw, 300px\" \/><\/a> <a href=\"https:\/\/janze-athletisme.fr\/wordpress\/wp-content\/uploads\/2022\/05\/image_11.jpg\"><img loading=\"lazy\" decoding=\"async\" class=\"alignnone size-medium wp-image-9590\" src=\"https:\/\/janze-athletisme.fr\/wordpress\/wp-content\/uploads\/2022\/05\/image_11-300x174.jpg\" alt=\"\" width=\"300\" height=\"174\" srcset=\"https:\/\/janze-athletisme.fr\/wordpress\/wp-content\/uploads\/2022\/05\/image_11-300x174.jpg 300w, https:\/\/janze-athletisme.fr\/wordpress\/wp-content\/uploads\/2022\/05\/image_11-768x447.jpg 768w, https:\/\/janze-athletisme.fr\/wordpress\/wp-content\/uploads\/2022\/05\/image_11.jpg 786w\" sizes=\"auto, (max-width: 300px) 100vw, 300px\" \/><\/a><\/h3>\n<h3><\/h3>\n<h3><a href=\"https:\/\/janze-athletisme.fr\/wordpress\/wp-content\/uploads\/2021\/02\/20210213-Le-theil-de-bretagne-scaled.jpg\"><strong><span style=\"color: #0000ff;\">13\/11\/2021 : SORTIE\u00a0 ST ERBLON<\/span><\/strong><\/a><\/h3>\n<p>7 marcheurs se sont retrouv\u00e9s pour une distance de 14,3 km en 2h21. Dominique a assur\u00e9 l&rsquo;animation.<\/p>\n<p><a href=\"https:\/\/janze-athletisme.fr\/wordpress\/wp-content\/uploads\/2021\/11\/St-Erblon-20211113.jpg\"><img loading=\"lazy\" decoding=\"async\" class=\"aligncenter wp-image-8041 \" src=\"https:\/\/janze-athletisme.fr\/wordpress\/wp-content\/uploads\/2021\/11\/St-Erblon-20211113-e1636820464241-300x171.jpg\" alt=\"\" width=\"457\" height=\"261\" srcset=\"https:\/\/janze-athletisme.fr\/wordpress\/wp-content\/uploads\/2021\/11\/St-Erblon-20211113-e1636820464241-300x171.jpg 300w, https:\/\/janze-athletisme.fr\/wordpress\/wp-content\/uploads\/2021\/11\/St-Erblon-20211113-e1636820464241.jpg 640w\" sizes=\"auto, (max-width: 457px) 100vw, 457px\" \/><\/a><\/p>\n<h3><a href=\"https:\/\/janze-athletisme.fr\/wordpress\/wp-content\/uploads\/2021\/02\/20210213-Le-theil-de-bretagne-scaled.jpg\"><strong><span style=\"color: #0000ff;\">13\/02\/2021 : SORTIE\u00a0 LE THEIL DE BRETAGNE<\/span><\/strong><br \/>\n<img loading=\"lazy\" decoding=\"async\" class=\" wp-image-7207 aligncenter\" src=\"https:\/\/janze-athletisme.fr\/wordpress\/wp-content\/uploads\/2021\/02\/20210213-Le-theil-de-bretagne-235x300.jpg\" alt=\"\" width=\"339\" height=\"431\" srcset=\"https:\/\/janze-athletisme.fr\/wordpress\/wp-content\/uploads\/2021\/02\/20210213-Le-theil-de-bretagne-235x300.jpg 235w, https:\/\/janze-athletisme.fr\/wordpress\/wp-content\/uploads\/2021\/02\/20210213-Le-theil-de-bretagne-1204x1536.jpg 1204w, https:\/\/janze-athletisme.fr\/wordpress\/wp-content\/uploads\/2021\/02\/20210213-Le-theil-de-bretagne-1x1.jpg 1w\" sizes=\"auto, (max-width: 339px) 100vw, 339px\" \/><\/a><\/h3>\n<h3><\/h3>\n<h3><span style=\"color: #0000ff;\"><b>MOMENT FESTIF<\/b><\/span><a href=\"http:\/\/janze-athletisme.fr\/wordpress\/wp-content\/uploads\/2015\/03\/GIF-athletisme.gif\"><img decoding=\"async\" class=\"aligncenter\" src=\"https:\/\/janze-athletisme.fr\/wordpress\/wp-content\/uploads\/2020\/03\/Repas-convivialite-24012020-montage-3-e1585470683173.jpg\" \/><\/a><\/h3>\n<div>\n<div>\n<h3><span style=\"color: #0000ff;\">Week-end Guerl\u00e9dan 18 19 mai 2019&#8230;..quelques photos souvenirs<\/span><\/h3>\n<\/div>\n<div><img loading=\"lazy\" decoding=\"async\" class=\"aligncenter\" title=\"\" src=\"http:\/\/janze-athletisme.fr\/wordpress\/wp-content\/uploads\/2019\/05\/pixiz-26-05-2019-22-00-06-e1558983036870.jpg\" alt=\"\" width=\"500\" height=\"375\" \/><\/div>\n<div><img loading=\"lazy\" decoding=\"async\" class=\"alignleft\" title=\"\" src=\"http:\/\/janze-athletisme.fr\/wordpress\/wp-content\/uploads\/2019\/05\/pixiz-27-05-2019-08-57-00-e1558983056756.jpg\" alt=\"\" width=\"500\" height=\"375\" \/><\/div>\n<div><\/div>\n<div><\/div>\n<div><\/div>\n<div><\/div>\n<div><\/div>\n<div><\/div>\n<div><\/div>\n<div><\/div>\n<div><\/div>\n<div><\/div>\n<div><\/div>\n<div><\/div>\n<div><\/div>\n<div><\/div>\n<div><\/div>\n<div><\/div>\n<div style=\"text-align: left;\"><span style=\"color: #000000;\">\u00a0Malgr\u00e9 une m\u00e9t\u00e9o peu cl\u00e9mente, nous avons pass\u00e9 de bons moments !!!<\/span><\/div>\n<div><img loading=\"lazy\" decoding=\"async\" class=\"alignright\" title=\"\" src=\"http:\/\/janze-athletisme.fr\/wordpress\/wp-content\/uploads\/2019\/05\/pixiz-27-05-2019-08-42-30-e1558983109264.jpg\" alt=\"\" width=\"500\" height=\"375\" \/><\/div>\n<div><\/div>\n<div><\/div>\n<div><\/div>\n<div><\/div>\n<div><\/div>\n<div><\/div>\n<div><\/div>\n<div><\/div>\n<div><img loading=\"lazy\" decoding=\"async\" class=\"alignleft\" title=\"\" src=\"http:\/\/janze-athletisme.fr\/wordpress\/wp-content\/uploads\/2019\/05\/pixiz-26-05-2019-22-05-11-e1558983128335.jpg\" alt=\"\" width=\"500\" height=\"375\" \/><\/div>\n<div style=\"text-align: left;\"><\/div>\n<div style=\"text-align: left;\"><span style=\"color: #000000;\">\u00a0<\/span><\/div>\n<div style=\"text-align: left;\"><\/div>\n<div style=\"text-align: left;\"><\/div>\n<div style=\"text-align: left;\"><\/div>\n<div style=\"text-align: left;\"><\/div>\n<div style=\"text-align: left;\"><\/div>\n<div style=\"text-align: left;\"><\/div>\n<div style=\"text-align: left;\"><\/div>\n<div style=\"text-align: left;\"><\/div>\n<div style=\"text-align: left;\"><\/div>\n<div style=\"text-align: left;\"><\/div>\n<div style=\"text-align: left;\"><\/div>\n<div style=\"text-align: left;\"><\/div>\n<div style=\"text-align: left;\"><\/div>\n<div style=\"text-align: left;\"><\/div>\n<div style=\"text-align: left;\"><\/div>\n<div style=\"text-align: left;\"><\/div>\n<div style=\"text-align: left;\"><\/div>\n<div style=\"text-align: left;\"><\/div>\n<div style=\"text-align: left;\"><\/div>\n<div style=\"text-align: left;\"><\/div>\n<div style=\"text-align: left;\"><span style=\"color: #000000;\">Le code couleur du week end \u00e9tait Rose bonbons pour les filles !!!!!<\/span><\/div>\n<\/div>\n","protected":false},"excerpt":{"rendered":"<p>Week-End \u00e0 LE POULIGUEN 21 &amp; 22 mai 2022 Samedi matin nous \u00e9tions 25 marcheurs au d\u00e9part pour ce week-end. Le programme Samedi matin ==&gt; \u00e9quip\u00e9s de nos b\u00e2tons, nous avons fait la boucle de \u00ab la pointe de merquel \u00bb \u00e0 Mesquer : 10,5 km \u00e0 travers les marais salants, le bocage et cheminement [&hellip;]<\/p>\n","protected":false},"author":6,"featured_media":0,"parent":0,"menu_order":0,"comment_status":"closed","ping_status":"closed","template":"","meta":{"_uag_custom_page_level_css":"","site-sidebar-layout":"default","site-content-layout":"default","ast-site-content-layout":"default","site-content-style":"default","site-sidebar-style":"default","ast-global-header-display":"","ast-banner-title-visibility":"","ast-main-header-display":"","ast-hfb-above-header-display":"","ast-hfb-below-header-display":"","ast-hfb-mobile-header-display":"","site-post-title":"","ast-breadcrumbs-content":"","ast-featured-img":"","footer-sml-layout":"","ast-disable-related-posts":"","theme-transparent-header-meta":"default","adv-header-id-meta":"","stick-header-meta":"","header-above-stick-meta":"","header-main-stick-meta":"","header-below-stick-meta":"","astra-migrate-meta-layouts":"default","ast-page-background-enabled":"default","ast-page-background-meta":{"desktop":{"background-color":"var(--ast-global-color-4)","background-image":"","background-repeat":"repeat","background-position":"center center","background-size":"auto","background-attachment":"scroll","background-type":"","background-media":"","overlay-type":"","overlay-color":"","overlay-opacity":"","overlay-gradient":""},"tablet":{"background-color":"","background-image":"","background-repeat":"repeat","background-position":"center center","background-size":"auto","background-attachment":"scroll","background-type":"","background-media":"","overlay-type":"","overlay-color":"","overlay-opacity":"","overlay-gradient":""},"mobile":{"background-color":"","background-image":"","background-repeat":"repeat","background-position":"center center","background-size":"auto","background-attachment":"scroll","background-type":"","background-media":"","overlay-type":"","overlay-color":"","overlay-opacity":"","overlay-gradient":""}},"ast-content-background-meta":{"desktop":{"background-color":"var(--ast-global-color-5)","background-image":"","background-repeat":"repeat","background-position":"center center","background-size":"auto","background-attachment":"scroll","background-type":"","background-media":"","overlay-type":"","overlay-color":"","overlay-opacity":"","overlay-gradient":""},"tablet":{"background-color":"var(--ast-global-color-5)","background-image":"","background-repeat":"repeat","background-position":"center center","background-size":"auto","background-attachment":"scroll","background-type":"","background-media":"","overlay-type":"","overlay-color":"","overlay-opacity":"","overlay-gradient":""},"mobile":{"background-color":"var(--ast-global-color-5)","background-image":"","background-repeat":"repeat","background-position":"center center","background-size":"auto","background-attachment":"scroll","background-type":"","background-media":"","overlay-type":"","overlay-color":"","overlay-opacity":"","overlay-gradient":""}},"footnotes":""},"class_list":["post-6467","page","type-page","status-publish","hentry"],"yoast_head":"<!-- This site is optimized with the Yoast SEO plugin v27.5 - https:\/\/yoast.com\/product\/yoast-seo-wordpress\/ -->\n<title>Les sorties du club - Janz\u00e9 Athl\u00e9tisme<\/title>\n<meta name=\"robots\" content=\"index, follow, max-snippet:-1, max-image-preview:large, max-video-preview:-1\" \/>\n<link rel=\"canonical\" href=\"https:\/\/janze-athletisme.fr\/wordpress\/sortiesclubmarche-nordique\/\" \/>\n<meta property=\"og:locale\" content=\"fr_FR\" \/>\n<meta property=\"og:type\" content=\"article\" \/>\n<meta property=\"og:title\" content=\"Les sorties du club - Janz\u00e9 Athl\u00e9tisme\" \/>\n<meta property=\"og:description\" content=\"Week-End \u00e0 LE POULIGUEN 21 &amp; 22 mai 2022 Samedi matin nous \u00e9tions 25 marcheurs au d\u00e9part pour ce week-end. Le programme Samedi matin ==&gt; \u00e9quip\u00e9s de nos b\u00e2tons, nous avons fait la boucle de \u00ab la pointe de merquel \u00bb \u00e0 Mesquer : 10,5 km \u00e0 travers les marais salants, le bocage et cheminement [&hellip;]\" \/>\n<meta property=\"og:url\" content=\"https:\/\/janze-athletisme.fr\/wordpress\/sortiesclubmarche-nordique\/\" \/>\n<meta property=\"og:site_name\" content=\"Janz\u00e9 Athl\u00e9tisme\" \/>\n<meta property=\"article:publisher\" content=\"https:\/\/www.facebook.com\/groups\/1007964579346590\" \/>\n<meta property=\"article:modified_time\" content=\"2022-05-24T15:11:20+00:00\" \/>\n<meta property=\"og:image\" content=\"https:\/\/janze-athletisme.fr\/wordpress\/wp-content\/uploads\/2022\/05\/image_07-300x194.jpg\" \/>\n<meta name=\"twitter:card\" content=\"summary_large_image\" \/>\n<meta name=\"twitter:label1\" content=\"Dur\u00e9e de lecture estim\u00e9e\" \/>\n\t<meta name=\"twitter:data1\" content=\"8 minutes\" \/>\n<script type=\"application\/ld+json\" class=\"yoast-schema-graph\">{\"@context\":\"https:\\\/\\\/schema.org\",\"@graph\":[{\"@type\":\"WebPage\",\"@id\":\"https:\\\/\\\/janze-athletisme.fr\\\/wordpress\\\/sortiesclubmarche-nordique\\\/\",\"url\":\"https:\\\/\\\/janze-athletisme.fr\\\/wordpress\\\/sortiesclubmarche-nordique\\\/\",\"name\":\"Les sorties du club - Janz\u00e9 Athl\u00e9tisme\",\"isPartOf\":{\"@id\":\"https:\\\/\\\/janze-athletisme.fr\\\/wordpress\\\/#website\"},\"primaryImageOfPage\":{\"@id\":\"https:\\\/\\\/janze-athletisme.fr\\\/wordpress\\\/sortiesclubmarche-nordique\\\/#primaryimage\"},\"image\":{\"@id\":\"https:\\\/\\\/janze-athletisme.fr\\\/wordpress\\\/sortiesclubmarche-nordique\\\/#primaryimage\"},\"thumbnailUrl\":\"https:\\\/\\\/janze-athletisme.fr\\\/wordpress\\\/wp-content\\\/uploads\\\/2022\\\/05\\\/image_07-300x194.jpg\",\"datePublished\":\"2020-03-05T20:10:33+00:00\",\"dateModified\":\"2022-05-24T15:11:20+00:00\",\"breadcrumb\":{\"@id\":\"https:\\\/\\\/janze-athletisme.fr\\\/wordpress\\\/sortiesclubmarche-nordique\\\/#breadcrumb\"},\"inLanguage\":\"fr-FR\",\"potentialAction\":[{\"@type\":\"ReadAction\",\"target\":[\"https:\\\/\\\/janze-athletisme.fr\\\/wordpress\\\/sortiesclubmarche-nordique\\\/\"]}]},{\"@type\":\"ImageObject\",\"inLanguage\":\"fr-FR\",\"@id\":\"https:\\\/\\\/janze-athletisme.fr\\\/wordpress\\\/sortiesclubmarche-nordique\\\/#primaryimage\",\"url\":\"https:\\\/\\\/janze-athletisme.fr\\\/wordpress\\\/wp-content\\\/uploads\\\/2022\\\/05\\\/image_07.jpg\",\"contentUrl\":\"https:\\\/\\\/janze-athletisme.fr\\\/wordpress\\\/wp-content\\\/uploads\\\/2022\\\/05\\\/image_07.jpg\",\"width\":1260,\"height\":815},{\"@type\":\"BreadcrumbList\",\"@id\":\"https:\\\/\\\/janze-athletisme.fr\\\/wordpress\\\/sortiesclubmarche-nordique\\\/#breadcrumb\",\"itemListElement\":[{\"@type\":\"ListItem\",\"position\":1,\"name\":\"Accueil\",\"item\":\"https:\\\/\\\/janze-athletisme.fr\\\/wordpress\\\/\"},{\"@type\":\"ListItem\",\"position\":2,\"name\":\"Les sorties du club\"}]},{\"@type\":\"WebSite\",\"@id\":\"https:\\\/\\\/janze-athletisme.fr\\\/wordpress\\\/#website\",\"url\":\"https:\\\/\\\/janze-athletisme.fr\\\/wordpress\\\/\",\"name\":\"Janz\u00e9 Athl\u00e9tisme\",\"description\":\"Pays de La Roche aux F\u00e9es\",\"publisher\":{\"@id\":\"https:\\\/\\\/janze-athletisme.fr\\\/wordpress\\\/#organization\"},\"potentialAction\":[{\"@type\":\"SearchAction\",\"target\":{\"@type\":\"EntryPoint\",\"urlTemplate\":\"https:\\\/\\\/janze-athletisme.fr\\\/wordpress\\\/?s={search_term_string}\"},\"query-input\":{\"@type\":\"PropertyValueSpecification\",\"valueRequired\":true,\"valueName\":\"search_term_string\"}}],\"inLanguage\":\"fr-FR\"},{\"@type\":\"Organization\",\"@id\":\"https:\\\/\\\/janze-athletisme.fr\\\/wordpress\\\/#organization\",\"name\":\"Janz\u00e9 Athl\u00e9tisme\",\"url\":\"https:\\\/\\\/janze-athletisme.fr\\\/wordpress\\\/\",\"logo\":{\"@type\":\"ImageObject\",\"inLanguage\":\"fr-FR\",\"@id\":\"https:\\\/\\\/janze-athletisme.fr\\\/wordpress\\\/#\\\/schema\\\/logo\\\/image\\\/\",\"url\":\"https:\\\/\\\/janze-athletisme.fr\\\/wordpress\\\/wp-content\\\/uploads\\\/2015\\\/03\\\/logo-full1.jpg\",\"contentUrl\":\"https:\\\/\\\/janze-athletisme.fr\\\/wordpress\\\/wp-content\\\/uploads\\\/2015\\\/03\\\/logo-full1.jpg\",\"width\":437,\"height\":205,\"caption\":\"Janz\u00e9 Athl\u00e9tisme\"},\"image\":{\"@id\":\"https:\\\/\\\/janze-athletisme.fr\\\/wordpress\\\/#\\\/schema\\\/logo\\\/image\\\/\"},\"sameAs\":[\"https:\\\/\\\/www.facebook.com\\\/groups\\\/1007964579346590\"]}]}<\/script>\n<!-- \/ Yoast SEO plugin. -->","yoast_head_json":{"title":"Les sorties du club - Janz\u00e9 Athl\u00e9tisme","robots":{"index":"index","follow":"follow","max-snippet":"max-snippet:-1","max-image-preview":"max-image-preview:large","max-video-preview":"max-video-preview:-1"},"canonical":"https:\/\/janze-athletisme.fr\/wordpress\/sortiesclubmarche-nordique\/","og_locale":"fr_FR","og_type":"article","og_title":"Les sorties du club - Janz\u00e9 Athl\u00e9tisme","og_description":"Week-End \u00e0 LE POULIGUEN 21 &amp; 22 mai 2022 Samedi matin nous \u00e9tions 25 marcheurs au d\u00e9part pour ce week-end. Le programme Samedi matin ==&gt; \u00e9quip\u00e9s de nos b\u00e2tons, nous avons fait la boucle de \u00ab la pointe de merquel \u00bb \u00e0 Mesquer : 10,5 km \u00e0 travers les marais salants, le bocage et cheminement [&hellip;]","og_url":"https:\/\/janze-athletisme.fr\/wordpress\/sortiesclubmarche-nordique\/","og_site_name":"Janz\u00e9 Athl\u00e9tisme","article_publisher":"https:\/\/www.facebook.com\/groups\/1007964579346590","article_modified_time":"2022-05-24T15:11:20+00:00","og_image":[{"url":"https:\/\/janze-athletisme.fr\/wordpress\/wp-content\/uploads\/2022\/05\/image_07-300x194.jpg","type":"","width":"","height":""}],"twitter_card":"summary_large_image","twitter_misc":{"Dur\u00e9e de lecture estim\u00e9e":"8 minutes"},"schema":{"@context":"https:\/\/schema.org","@graph":[{"@type":"WebPage","@id":"https:\/\/janze-athletisme.fr\/wordpress\/sortiesclubmarche-nordique\/","url":"https:\/\/janze-athletisme.fr\/wordpress\/sortiesclubmarche-nordique\/","name":"Les sorties du club - Janz\u00e9 Athl\u00e9tisme","isPartOf":{"@id":"https:\/\/janze-athletisme.fr\/wordpress\/#website"},"primaryImageOfPage":{"@id":"https:\/\/janze-athletisme.fr\/wordpress\/sortiesclubmarche-nordique\/#primaryimage"},"image":{"@id":"https:\/\/janze-athletisme.fr\/wordpress\/sortiesclubmarche-nordique\/#primaryimage"},"thumbnailUrl":"https:\/\/janze-athletisme.fr\/wordpress\/wp-content\/uploads\/2022\/05\/image_07-300x194.jpg","datePublished":"2020-03-05T20:10:33+00:00","dateModified":"2022-05-24T15:11:20+00:00","breadcrumb":{"@id":"https:\/\/janze-athletisme.fr\/wordpress\/sortiesclubmarche-nordique\/#breadcrumb"},"inLanguage":"fr-FR","potentialAction":[{"@type":"ReadAction","target":["https:\/\/janze-athletisme.fr\/wordpress\/sortiesclubmarche-nordique\/"]}]},{"@type":"ImageObject","inLanguage":"fr-FR","@id":"https:\/\/janze-athletisme.fr\/wordpress\/sortiesclubmarche-nordique\/#primaryimage","url":"https:\/\/janze-athletisme.fr\/wordpress\/wp-content\/uploads\/2022\/05\/image_07.jpg","contentUrl":"https:\/\/janze-athletisme.fr\/wordpress\/wp-content\/uploads\/2022\/05\/image_07.jpg","width":1260,"height":815},{"@type":"BreadcrumbList","@id":"https:\/\/janze-athletisme.fr\/wordpress\/sortiesclubmarche-nordique\/#breadcrumb","itemListElement":[{"@type":"ListItem","position":1,"name":"Accueil","item":"https:\/\/janze-athletisme.fr\/wordpress\/"},{"@type":"ListItem","position":2,"name":"Les sorties du club"}]},{"@type":"WebSite","@id":"https:\/\/janze-athletisme.fr\/wordpress\/#website","url":"https:\/\/janze-athletisme.fr\/wordpress\/","name":"Janz\u00e9 Athl\u00e9tisme","description":"Pays de La Roche aux F\u00e9es","publisher":{"@id":"https:\/\/janze-athletisme.fr\/wordpress\/#organization"},"potentialAction":[{"@type":"SearchAction","target":{"@type":"EntryPoint","urlTemplate":"https:\/\/janze-athletisme.fr\/wordpress\/?s={search_term_string}"},"query-input":{"@type":"PropertyValueSpecification","valueRequired":true,"valueName":"search_term_string"}}],"inLanguage":"fr-FR"},{"@type":"Organization","@id":"https:\/\/janze-athletisme.fr\/wordpress\/#organization","name":"Janz\u00e9 Athl\u00e9tisme","url":"https:\/\/janze-athletisme.fr\/wordpress\/","logo":{"@type":"ImageObject","inLanguage":"fr-FR","@id":"https:\/\/janze-athletisme.fr\/wordpress\/#\/schema\/logo\/image\/","url":"https:\/\/janze-athletisme.fr\/wordpress\/wp-content\/uploads\/2015\/03\/logo-full1.jpg","contentUrl":"https:\/\/janze-athletisme.fr\/wordpress\/wp-content\/uploads\/2015\/03\/logo-full1.jpg","width":437,"height":205,"caption":"Janz\u00e9 Athl\u00e9tisme"},"image":{"@id":"https:\/\/janze-athletisme.fr\/wordpress\/#\/schema\/logo\/image\/"},"sameAs":["https:\/\/www.facebook.com\/groups\/1007964579346590"]}]}},"uagb_featured_image_src":{"full":false,"thumbnail":false,"medium":false,"medium_large":false,"large":false,"1536x1536":false,"2048x2048":false},"uagb_author_info":{"display_name":"Chantal G","author_link":"https:\/\/janze-athletisme.fr\/wordpress\/author\/cgoupil\/"},"uagb_comment_info":0,"uagb_excerpt":"Week-End \u00e0 LE POULIGUEN 21 &amp; 22 mai 2022 Samedi matin nous \u00e9tions 25 marcheurs au d\u00e9part pour ce week-end. Le programme Samedi matin ==&gt; \u00e9quip\u00e9s de nos b\u00e2tons, nous avons fait la boucle de \u00ab la pointe de merquel \u00bb \u00e0 Mesquer : 10,5 km \u00e0 travers les marais salants, le bocage et cheminement\u2026","_links":{"self":[{"href":"https:\/\/janze-athletisme.fr\/wordpress\/wp-json\/wp\/v2\/pages\/6467","targetHints":{"allow":["GET"]}}],"collection":[{"href":"https:\/\/janze-athletisme.fr\/wordpress\/wp-json\/wp\/v2\/pages"}],"about":[{"href":"https:\/\/janze-athletisme.fr\/wordpress\/wp-json\/wp\/v2\/types\/page"}],"author":[{"embeddable":true,"href":"https:\/\/janze-athletisme.fr\/wordpress\/wp-json\/wp\/v2\/users\/6"}],"replies":[{"embeddable":true,"href":"https:\/\/janze-athletisme.fr\/wordpress\/wp-json\/wp\/v2\/comments?post=6467"}],"version-history":[{"count":10,"href":"https:\/\/janze-athletisme.fr\/wordpress\/wp-json\/wp\/v2\/pages\/6467\/revisions"}],"predecessor-version":[{"id":9657,"href":"https:\/\/janze-athletisme.fr\/wordpress\/wp-json\/wp\/v2\/pages\/6467\/revisions\/9657"}],"wp:attachment":[{"href":"https:\/\/janze-athletisme.fr\/wordpress\/wp-json\/wp\/v2\/media?parent=6467"}],"curies":[{"name":"wp","href":"https:\/\/api.w.org\/{rel}","templated":true}]}}