{"id":15847,"date":"2023-12-10T16:47:49","date_gmt":"2023-12-10T15:47:49","guid":{"rendered":"https:\/\/janze-athletisme.fr\/wordpress\/?page_id=15847"},"modified":"2025-09-03T21:44:31","modified_gmt":"2025-09-03T19:44:31","slug":"accueil","status":"publish","type":"page","link":"https:\/\/janze-athletisme.fr\/wordpress\/","title":{"rendered":"Accueil"},"content":{"rendered":"\n<div class=\"wp-block-buttons is-horizontal is-content-justification-right is-layout-flex wp-container-core-buttons-is-layout-30af2ff6 wp-block-buttons-is-layout-flex\">\n<div class=\"wp-block-button has-custom-font-size is-style-fill\" style=\"font-size:10px\"><a class=\"wp-block-button__link has-ast-global-color-8-background-color has-text-color has-background wp-element-button\" href=\"https:\/\/janze-athletisme.fr\/wordpress\/category\/sections\/\" style=\"color:#db9024\">Blog Complet<\/a><\/div>\n<\/div>\n\n\n\n<h2 class=\"wp-block-heading\">Informations Importantes :<\/h2>\n\n\n\n<div class=\"wp-block-columns is-layout-flex wp-container-core-columns-is-layout-28f84493 wp-block-columns-is-layout-flex\">\n<div class=\"wp-block-column is-layout-flow wp-block-column-is-layout-flow\"><ul style=\"background:linear-gradient(135deg,rgb(255,254,254) 0%,rgb(182,170,170) 41%,rgb(224,154,81) 100%); padding-top:0;padding-bottom:0;padding-left:0;padding-right:0;margin-top:0px;margin-bottom:0px;\" class=\"wp-block-latest-posts__list wp-block-latest-posts has-background\"><li><div class=\"wp-block-latest-posts__featured-image alignleft\"><a href=\"https:\/\/janze-athletisme.fr\/wordpress\/ronde-des-fees-2026-inscrivez-vous-comme-benevole\/\" aria-label=\"Ronde Des F\u00e9es 2026: inscrivez-vous comme b\u00e9n\u00e9vole !!!\"><img loading=\"lazy\" decoding=\"async\" width=\"150\" height=\"150\" src=\"https:\/\/janze-athletisme.fr\/wordpress\/wp-content\/uploads\/2026\/01\/affiche-1-150x150.jpg\" class=\"attachment-thumbnail size-thumbnail wp-post-image\" alt=\"\" style=\"max-width:113px;max-height:113px;\" \/><\/a><\/div><a class=\"wp-block-latest-posts__post-title\" href=\"https:\/\/janze-athletisme.fr\/wordpress\/ronde-des-fees-2026-inscrivez-vous-comme-benevole\/\">Ronde Des F\u00e9es 2026: inscrivez-vous comme b\u00e9n\u00e9vole !!!<\/a><div class=\"wp-block-latest-posts__post-excerpt\">Bonjour \u00e0 tous ! On vous le dit assez souvent, sans b\u00e9n\u00e9voles, le club de Janz\u00e9 athl\u00e9tisme ne serait plus en mesure de vous proposer comp\u00e9titions et manifestations. Vous \u00eates la force vitale du club et nous vous devons beaucoup. &nbsp; Une fois encore, nous vous sollicitons pour une 3\u00e8me \u00e9dition de la Ronde des F\u00e9es. &nbsp; Fort de son succ\u00e8s lors des deux derni\u00e8res \u00e9ditions, nous comptons atteindre plus de 500 participants ! Merci d&rsquo;avance pour votre implication, merci d&rsquo;\u00eatre acteur et non spectateur. &nbsp; Vous aurez le choix sur le lien propos\u00e9 de vous inscrire en tant que\u2026 <a class=\"wp-block-latest-posts__read-more\" href=\"https:\/\/janze-athletisme.fr\/wordpress\/ronde-des-fees-2026-inscrivez-vous-comme-benevole\/\" rel=\"noopener noreferrer\">Lire la suite<span class=\"screen-reader-text\">\u00a0: Ronde Des F\u00e9es 2026: inscrivez-vous comme b\u00e9n\u00e9vole !!!<\/span><\/a><\/div><\/li>\n<\/ul>\n\n\n<hr class=\"wp-block-separator has-alpha-channel-opacity\"\/>\n\n\n\n<h2 class=\"wp-block-heading\">Actualit\u00e9s :<\/h2>\n\n\n<ul class=\"wp-block-latest-posts__list is-grid columns-2 has-dates has-author wp-block-latest-posts\"><li><div class=\"wp-block-latest-posts__featured-image alignleft\"><a href=\"https:\/\/janze-athletisme.fr\/wordpress\/st-marc-le-blanc-mais-ou-est-cette-rubalise\/\" aria-label=\"St Marc le Blanc: mais o\u00f9 est cette rubalise ???\"><img loading=\"lazy\" decoding=\"async\" width=\"150\" height=\"150\" src=\"https:\/\/janze-athletisme.fr\/wordpress\/wp-content\/uploads\/2026\/04\/Sans-titre-9-150x150.jpg\" class=\"attachment-thumbnail size-thumbnail wp-post-image\" alt=\"\" style=\"max-width:150px;max-height:150px;\" \/><\/a><\/div><a class=\"wp-block-latest-posts__post-title\" href=\"https:\/\/janze-athletisme.fr\/wordpress\/st-marc-le-blanc-mais-ou-est-cette-rubalise\/\">St Marc le Blanc: mais o\u00f9 est cette rubalise ???<\/a><div class=\"wp-block-latest-posts__post-author\">par Jean-Marie Jouzel<\/div><time datetime=\"2026-04-28T11:07:33+02:00\" class=\"wp-block-latest-posts__post-date\">28 avril 2026<\/time><div class=\"wp-block-latest-posts__post-excerpt\">Trail des Picaous &nbsp; &nbsp; Et non ce n&rsquo;\u00e9tait pas pour un cross que je me suis d\u00e9plac\u00e9 \u00e0 St Marc. Derni\u00e8re sortie longue avant les 42 km de la Travers\u00e9e de la Baie samedi prochain, \u00e7a tombait bien&#8230;et en plus incroyable ! je ne me suis inscrit que la veille pour le lendemain, assez\u2026 <a class=\"wp-block-latest-posts__read-more\" href=\"https:\/\/janze-athletisme.fr\/wordpress\/st-marc-le-blanc-mais-ou-est-cette-rubalise\/\" rel=\"noopener noreferrer\">Lire la suite<span class=\"screen-reader-text\">\u00a0: St Marc le Blanc: mais o\u00f9 est cette rubalise ???<\/span><\/a><\/div><\/li>\n<li><div class=\"wp-block-latest-posts__featured-image alignleft\"><a href=\"https:\/\/janze-athletisme.fr\/wordpress\/st-benoit-des-ondes-et-une-de-plus-pour-matthis\/\" aria-label=\"St Beno\u00eet des Ondes: et une de plus pour Matthis !\"><img loading=\"lazy\" decoding=\"async\" width=\"150\" height=\"150\" src=\"https:\/\/janze-athletisme.fr\/wordpress\/wp-content\/uploads\/2026\/04\/Sans-titre-8-150x150.jpg\" class=\"attachment-thumbnail size-thumbnail wp-post-image\" alt=\"\" style=\"max-width:150px;max-height:150px;\" \/><\/a><\/div><a class=\"wp-block-latest-posts__post-title\" href=\"https:\/\/janze-athletisme.fr\/wordpress\/st-benoit-des-ondes-et-une-de-plus-pour-matthis\/\">St Beno\u00eet des Ondes: et une de plus pour Matthis !<\/a><div class=\"wp-block-latest-posts__post-author\">par Jean-Marie Jouzel<\/div><time datetime=\"2026-04-28T10:50:58+02:00\" class=\"wp-block-latest-posts__post-date\">28 avril 2026<\/time><div class=\"wp-block-latest-posts__post-excerpt\">Le Circuit B\u00e9n\u00e9dictin &nbsp; &nbsp; On ne l&rsquo;arr\u00eate plus ! c&rsquo;est le roi de la course \u00e0 saucisson !!! mais attention, pas seulement. Certes, certaines de ces courses de village peuvent para\u00eetre faciles, plus ou moins relev\u00e9es, cela dit, ses r\u00e9sultats lors de la saison de cross l&rsquo;hiver dernier sont l\u00e0 pour nous prouver que\u2026 <a class=\"wp-block-latest-posts__read-more\" href=\"https:\/\/janze-athletisme.fr\/wordpress\/st-benoit-des-ondes-et-une-de-plus-pour-matthis\/\" rel=\"noopener noreferrer\">Lire la suite<span class=\"screen-reader-text\">\u00a0: St Beno\u00eet des Ondes: et une de plus pour Matthis !<\/span><\/a><\/div><\/li>\n<li><div class=\"wp-block-latest-posts__featured-image alignleft\"><a href=\"https:\/\/janze-athletisme.fr\/wordpress\/epreuves-combinees-du-cote-des-garcons\/\" aria-label=\"\u00c9preuves combin\u00e9es : du c\u00f4t\u00e9 des gar\u00e7ons\"><img loading=\"lazy\" decoding=\"async\" width=\"150\" height=\"150\" src=\"https:\/\/janze-athletisme.fr\/wordpress\/wp-content\/uploads\/2026\/04\/Kevin-Doucot-15dec2024-150x150.jpg\" class=\"attachment-thumbnail size-thumbnail wp-post-image\" alt=\"\" style=\"max-width:150px;max-height:150px;\" srcset=\"https:\/\/janze-athletisme.fr\/wordpress\/wp-content\/uploads\/2026\/04\/Kevin-Doucot-15dec2024-150x150.jpg 150w, https:\/\/janze-athletisme.fr\/wordpress\/wp-content\/uploads\/2026\/04\/Kevin-Doucot-15dec2024-300x300.jpg 300w, https:\/\/janze-athletisme.fr\/wordpress\/wp-content\/uploads\/2026\/04\/Kevin-Doucot-15dec2024-1024x1024.jpg 1024w, https:\/\/janze-athletisme.fr\/wordpress\/wp-content\/uploads\/2026\/04\/Kevin-Doucot-15dec2024-768x767.jpg 768w, https:\/\/janze-athletisme.fr\/wordpress\/wp-content\/uploads\/2026\/04\/Kevin-Doucot-15dec2024.jpg 1201w\" sizes=\"auto, (max-width: 150px) 100vw, 150px\" \/><\/a><\/div><a class=\"wp-block-latest-posts__post-title\" href=\"https:\/\/janze-athletisme.fr\/wordpress\/epreuves-combinees-du-cote-des-garcons\/\">\u00c9preuves combin\u00e9es : du c\u00f4t\u00e9 des gar\u00e7ons<\/a><div class=\"wp-block-latest-posts__post-author\">par Laurent Meunier<\/div><time datetime=\"2026-04-27T22:00:48+02:00\" class=\"wp-block-latest-posts__post-date\">27 avril 2026<\/time><div class=\"wp-block-latest-posts__post-excerpt\">Championnat d&rsquo;Ille-et-Vilaine des \u00e9preuves combin\u00e9es, Rennes\/Courtemanche, samedi 25 et dimanche 26 avril Nous avions trois Janz\u00e9ens benjamins \u00e0 participer \u00e0 ce week-end d&rsquo;\u00e9preuves combin\u00e9es, qui a lanc\u00e9 la saison estivale. En l&rsquo;absence du champion r\u00e9gional indoor, et leur chef de file (Axel Herv\u00e9), nos trois mousquetaires sont rest\u00e9s trois : Yanis Leroux, Antonin Heinry et\u2026 <a class=\"wp-block-latest-posts__read-more\" href=\"https:\/\/janze-athletisme.fr\/wordpress\/epreuves-combinees-du-cote-des-garcons\/\" rel=\"noopener noreferrer\">Lire la suite<span class=\"screen-reader-text\">\u00a0: \u00c9preuves combin\u00e9es : du c\u00f4t\u00e9 des gar\u00e7ons<\/span><\/a><\/div><\/li>\n<li><div class=\"wp-block-latest-posts__featured-image alignleft\"><a href=\"https:\/\/janze-athletisme.fr\/wordpress\/lea-et-noemie-les-travaux-dhercule-pour-commencer-la-saison\/\" aria-label=\"L\u00e9a et No\u00e9mie : les travaux d&rsquo;Hercule pour commencer la saison\"><img loading=\"lazy\" decoding=\"async\" width=\"150\" height=\"150\" src=\"https:\/\/janze-athletisme.fr\/wordpress\/wp-content\/uploads\/2026\/04\/DSC_7351-150x150.jpg\" class=\"attachment-thumbnail size-thumbnail wp-post-image\" alt=\"\" style=\"max-width:150px;max-height:150px;\" srcset=\"https:\/\/janze-athletisme.fr\/wordpress\/wp-content\/uploads\/2026\/04\/DSC_7351-150x150.jpg 150w, https:\/\/janze-athletisme.fr\/wordpress\/wp-content\/uploads\/2026\/04\/DSC_7351-300x300.jpg 300w, https:\/\/janze-athletisme.fr\/wordpress\/wp-content\/uploads\/2026\/04\/DSC_7351-768x768.jpg 768w, https:\/\/janze-athletisme.fr\/wordpress\/wp-content\/uploads\/2026\/04\/DSC_7351.jpg 1000w\" sizes=\"auto, (max-width: 150px) 100vw, 150px\" \/><\/a><\/div><a class=\"wp-block-latest-posts__post-title\" href=\"https:\/\/janze-athletisme.fr\/wordpress\/lea-et-noemie-les-travaux-dhercule-pour-commencer-la-saison\/\">L\u00e9a et No\u00e9mie : les travaux d&rsquo;Hercule pour commencer la saison<\/a><div class=\"wp-block-latest-posts__post-author\">par Laurent Meunier<\/div><time datetime=\"2026-04-27T04:52:47+02:00\" class=\"wp-block-latest-posts__post-date\">27 avril 2026<\/time><div class=\"wp-block-latest-posts__post-excerpt\">Championnats d\u00e9partementaux d&rsquo;\u00e9preuves combin\u00e9es, Rennes\/Courtemanche, samedi 25 et dimanche 26 avril Difficile en ce d\u00e9but de saison d&rsquo;\u00eatre au top sur le plan technique, surtout dans toutes les \u00e9preuves exig\u00e9es par les heptathlons (minimes F, cadettes, masters F), octathlons (Minimes H) et autres d\u00e9cathlons (les autres). Nos deux jeunes participantes de Janz\u00e9 athl\u00e9 ont donc\u2026 <a class=\"wp-block-latest-posts__read-more\" href=\"https:\/\/janze-athletisme.fr\/wordpress\/lea-et-noemie-les-travaux-dhercule-pour-commencer-la-saison\/\" rel=\"noopener noreferrer\">Lire la suite<span class=\"screen-reader-text\">\u00a0: L\u00e9a et No\u00e9mie : les travaux d&rsquo;Hercule pour commencer la saison<\/span><\/a><\/div><\/li>\n<li><div class=\"wp-block-latest-posts__featured-image alignleft\"><a href=\"https:\/\/janze-athletisme.fr\/wordpress\/londres-et-non-pas-de-janzeens-mais-un-record-du-monde-historique\/\" aria-label=\"Londres: et non, pas de janz\u00e9ens, mais un record du monde historique !\"><img loading=\"lazy\" decoding=\"async\" width=\"150\" height=\"150\" src=\"https:\/\/janze-athletisme.fr\/wordpress\/wp-content\/uploads\/2026\/04\/1610531209380419468-150x150.jpg\" class=\"attachment-thumbnail size-thumbnail wp-post-image\" alt=\"\" style=\"max-width:150px;max-height:150px;\" \/><\/a><\/div><a class=\"wp-block-latest-posts__post-title\" href=\"https:\/\/janze-athletisme.fr\/wordpress\/londres-et-non-pas-de-janzeens-mais-un-record-du-monde-historique\/\">Londres: et non, pas de janz\u00e9ens, mais un record du monde historique !<\/a><div class=\"wp-block-latest-posts__post-author\">par Jean-Marie Jouzel<\/div><time datetime=\"2026-04-26T19:36:52+02:00\" class=\"wp-block-latest-posts__post-date\">26 avril 2026<\/time><div class=\"wp-block-latest-posts__post-excerpt\">Marathon de Londres &nbsp; Je n&rsquo;ai pas coutume de relater une course sans qu&rsquo;il y ait le moindre maillot orange mais l\u00e0&#8230;HISTORIQUE !!! Nous sommes quelques Janz\u00e9ens a d\u00e9j\u00e0 avoir parcouru la distance mythique. Les 42km195 ne sont pas qu&rsquo;une sortie longue&#8230;Son exploit n&rsquo;en est que plus stratosph\u00e9rique ! Gloire et honneur au K\u00e9nyan S\u00e9bastian\u2026 <a class=\"wp-block-latest-posts__read-more\" href=\"https:\/\/janze-athletisme.fr\/wordpress\/londres-et-non-pas-de-janzeens-mais-un-record-du-monde-historique\/\" rel=\"noopener noreferrer\">Lire la suite<span class=\"screen-reader-text\">\u00a0: Londres: et non, pas de janz\u00e9ens, mais un record du monde historique !<\/span><\/a><\/div><\/li>\n<li><div class=\"wp-block-latest-posts__featured-image alignleft\"><a href=\"https:\/\/janze-athletisme.fr\/wordpress\/rennes-1er-trail-urbain-de-france\/\" aria-label=\"Rennes: 1er trail urbain de France !\"><img loading=\"lazy\" decoding=\"async\" width=\"150\" height=\"150\" src=\"https:\/\/janze-athletisme.fr\/wordpress\/wp-content\/uploads\/2026\/04\/Sans-titre-7-150x150.jpg\" class=\"attachment-thumbnail size-thumbnail wp-post-image\" alt=\"\" style=\"max-width:150px;max-height:150px;\" srcset=\"https:\/\/janze-athletisme.fr\/wordpress\/wp-content\/uploads\/2026\/04\/Sans-titre-7-150x150.jpg 150w, https:\/\/janze-athletisme.fr\/wordpress\/wp-content\/uploads\/2026\/04\/Sans-titre-7.jpg 225w\" sizes=\"auto, (max-width: 150px) 100vw, 150px\" \/><\/a><\/div><a class=\"wp-block-latest-posts__post-title\" href=\"https:\/\/janze-athletisme.fr\/wordpress\/rennes-1er-trail-urbain-de-france\/\">Rennes: 1er trail urbain de France !<\/a><div class=\"wp-block-latest-posts__post-author\">par Jean-Marie Jouzel<\/div><time datetime=\"2026-04-26T19:19:47+02:00\" class=\"wp-block-latest-posts__post-date\">26 avril 2026<\/time><div class=\"wp-block-latest-posts__post-excerpt\">Rennes Urban Trail &nbsp; Il y en avait du monde \u00e0 Rennes pour cette \u00e9dition de l&rsquo;Urban Trail ! avec en plus une m\u00e9t\u00e9o id\u00e9ale et un gros contingent de Janz\u00e9ens. A noter que l&rsquo;Urban de Rennes est la course la plus importante de France en nombre de participants. Pour rappel, c&rsquo;est Lyon en 2008\u2026 <a class=\"wp-block-latest-posts__read-more\" href=\"https:\/\/janze-athletisme.fr\/wordpress\/rennes-1er-trail-urbain-de-france\/\" rel=\"noopener noreferrer\">Lire la suite<span class=\"screen-reader-text\">\u00a0: Rennes: 1er trail urbain de France !<\/span><\/a><\/div><\/li>\n<li><div class=\"wp-block-latest-posts__featured-image alignleft\"><a href=\"https:\/\/janze-athletisme.fr\/wordpress\/acigne-au-feminin-mais-pas-que\/\" aria-label=\"Acign\u00e9: au f\u00e9minin mais pas que&#8230;\"><img loading=\"lazy\" decoding=\"async\" width=\"150\" height=\"150\" src=\"https:\/\/janze-athletisme.fr\/wordpress\/wp-content\/uploads\/2026\/04\/Sans-titre-6-150x150.jpg\" class=\"attachment-thumbnail size-thumbnail wp-post-image\" alt=\"\" style=\"max-width:150px;max-height:150px;\" \/><\/a><\/div><a class=\"wp-block-latest-posts__post-title\" href=\"https:\/\/janze-athletisme.fr\/wordpress\/acigne-au-feminin-mais-pas-que\/\">Acign\u00e9: au f\u00e9minin mais pas que&#8230;<\/a><div class=\"wp-block-latest-posts__post-author\">par Jean-Marie Jouzel<\/div><time datetime=\"2026-04-26T18:50:35+02:00\" class=\"wp-block-latest-posts__post-date\">26 avril 2026<\/time><div class=\"wp-block-latest-posts__post-excerpt\">Les Foul\u00e9es d&rsquo;Acign\u00e9 &nbsp; A la base, il s&rsquo;agissait d&rsquo;offrir une course exclusivement f\u00e9minine: Acign\u00e9 au f\u00e9minin \u00e9tait n\u00e9 ! 35 ans d\u00e9j\u00e0&#8230;il s&rsquo;agissait \u00e0 l&rsquo;\u00e9poque de la 1\u00e8re course f\u00e9minine hors-stade. D&rsquo;autres formats se sont depuis greff\u00e9s \u00e0 cette course. Il est vrai que la plupart du temps, les courses sont mixtes, ce n&rsquo;est\u2026 <a class=\"wp-block-latest-posts__read-more\" href=\"https:\/\/janze-athletisme.fr\/wordpress\/acigne-au-feminin-mais-pas-que\/\" rel=\"noopener noreferrer\">Lire la suite<span class=\"screen-reader-text\">\u00a0: Acign\u00e9: au f\u00e9minin mais pas que&#8230;<\/span><\/a><\/div><\/li>\n<li><div class=\"wp-block-latest-posts__featured-image alignleft\"><a href=\"https:\/\/janze-athletisme.fr\/wordpress\/cette-fois-cest-parti-pour-la-saison-dete\/\" aria-label=\"Cette fois c&rsquo;est parti pour la saison d&rsquo;\u00e9t\u00e9\"><img loading=\"lazy\" decoding=\"async\" width=\"150\" height=\"150\" src=\"https:\/\/janze-athletisme.fr\/wordpress\/wp-content\/uploads\/2026\/04\/Esteban-4juil2025-3-150x150.jpg\" class=\"attachment-thumbnail size-thumbnail wp-post-image\" alt=\"\" style=\"max-width:150px;max-height:150px;\" srcset=\"https:\/\/janze-athletisme.fr\/wordpress\/wp-content\/uploads\/2026\/04\/Esteban-4juil2025-3-150x150.jpg 150w, https:\/\/janze-athletisme.fr\/wordpress\/wp-content\/uploads\/2026\/04\/Esteban-4juil2025-3-300x300.jpg 300w, https:\/\/janze-athletisme.fr\/wordpress\/wp-content\/uploads\/2026\/04\/Esteban-4juil2025-3-1024x1024.jpg 1024w, https:\/\/janze-athletisme.fr\/wordpress\/wp-content\/uploads\/2026\/04\/Esteban-4juil2025-3-768x768.jpg 768w, https:\/\/janze-athletisme.fr\/wordpress\/wp-content\/uploads\/2026\/04\/Esteban-4juil2025-3.jpg 1200w\" sizes=\"auto, (max-width: 150px) 100vw, 150px\" \/><\/a><\/div><a class=\"wp-block-latest-posts__post-title\" href=\"https:\/\/janze-athletisme.fr\/wordpress\/cette-fois-cest-parti-pour-la-saison-dete\/\">Cette fois c&rsquo;est parti pour la saison d&rsquo;\u00e9t\u00e9<\/a><div class=\"wp-block-latest-posts__post-author\">par Laurent Meunier<\/div><time datetime=\"2026-04-26T11:18:59+02:00\" class=\"wp-block-latest-posts__post-date\">26 avril 2026<\/time><div class=\"wp-block-latest-posts__post-excerpt\">Bulletin estival d\u00e9partemental et \u00e9preuves du jour Le bulletin estival du Comit\u00e9 35 est paru cette semaine, ICI. Vous y trouverez toutes les infos n\u00e9cessaires sur la saison, qui d\u00e9bute officiellement ce week-end, avec d\u00e9j\u00e0 trois \u00e9v\u00e8nements : &#8211; Le meeting de marteau et de disque de Courtemanche, hier samedi 25 avril, avec une superbe\u2026 <a class=\"wp-block-latest-posts__read-more\" href=\"https:\/\/janze-athletisme.fr\/wordpress\/cette-fois-cest-parti-pour-la-saison-dete\/\" rel=\"noopener noreferrer\">Lire la suite<span class=\"screen-reader-text\">\u00a0: Cette fois c&rsquo;est parti pour la saison d&rsquo;\u00e9t\u00e9<\/span><\/a><\/div><\/li>\n<li><div class=\"wp-block-latest-posts__featured-image alignleft\"><a href=\"https:\/\/janze-athletisme.fr\/wordpress\/maroc-ludo-le-globe-trotter\/\" aria-label=\"Maroc: Ludo le globe trotter !\"><img loading=\"lazy\" decoding=\"async\" width=\"150\" height=\"150\" src=\"https:\/\/janze-athletisme.fr\/wordpress\/wp-content\/uploads\/2026\/04\/Sans-titre-4-150x150.jpg\" class=\"attachment-thumbnail size-thumbnail wp-post-image\" alt=\"\" style=\"max-width:150px;max-height:150px;\" \/><\/a><\/div><a class=\"wp-block-latest-posts__post-title\" href=\"https:\/\/janze-athletisme.fr\/wordpress\/maroc-ludo-le-globe-trotter\/\">Maroc: Ludo le globe trotter !<\/a><div class=\"wp-block-latest-posts__post-author\">par Jean-Marie Jouzel<\/div><time datetime=\"2026-04-26T10:10:06+02:00\" class=\"wp-block-latest-posts__post-date\">26 avril 2026<\/time><div class=\"wp-block-latest-posts__post-excerpt\">Eco-Trail Morocco &nbsp; &nbsp; &nbsp; Voil\u00e0 une sortie peu courante pour le hors-stade et assez atypique. Ludo a eu la gentillesse de nous relater son aventure hors norme ! \u00a0\u00bb Pour cette nouvelle ann\u00e9e sous les couleurs de Janz\u00e9 athl\u00e9tisme, j\u2019ai s\u00e9lectionn\u00e9 trois d\u00e9fis, la course de la forge, l\u2019ultra marin et l\u2019\u00e9co trail Morocco,\u2026 <a class=\"wp-block-latest-posts__read-more\" href=\"https:\/\/janze-athletisme.fr\/wordpress\/maroc-ludo-le-globe-trotter\/\" rel=\"noopener noreferrer\">Lire la suite<span class=\"screen-reader-text\">\u00a0: Maroc: Ludo le globe trotter !<\/span><\/a><\/div><\/li>\n<li><div class=\"wp-block-latest-posts__featured-image alignleft\"><a href=\"https:\/\/janze-athletisme.fr\/wordpress\/rappel-vote-maillot-trail\/\" aria-label=\"Rappel vote maillot trail\"><img loading=\"lazy\" decoding=\"async\" width=\"150\" height=\"150\" src=\"https:\/\/janze-athletisme.fr\/wordpress\/wp-content\/uploads\/2026\/04\/Sans-titre-5-150x150.jpg\" class=\"attachment-thumbnail size-thumbnail wp-post-image\" alt=\"\" style=\"max-width:150px;max-height:150px;\" \/><\/a><\/div><a class=\"wp-block-latest-posts__post-title\" href=\"https:\/\/janze-athletisme.fr\/wordpress\/rappel-vote-maillot-trail\/\">Rappel vote maillot trail<\/a><div class=\"wp-block-latest-posts__post-author\">par Jean-Marie Jouzel<\/div><time datetime=\"2026-04-24T21:17:39+02:00\" class=\"wp-block-latest-posts__post-date\">24 avril 2026<\/time><div class=\"wp-block-latest-posts__post-excerpt\">Un maillot pour le trail, pour \u00eatre vu, pour porter fi\u00e8rement ses couleurs ! &nbsp; N&rsquo;oubliez pas de me contacter via \u00ab\u00a0ouatsappe\u00a0\u00bb pour voter pour votre maillot pr\u00e9f\u00e9r\u00e9, pour rappel, je vous remet les 3 maillots qui se d\u00e9tachent le plus (le maillot 4 a \u00e9t\u00e9 \u00e9vinc\u00e9, feu le maillot 4 !!!). &nbsp; Je vous\u2026 <a class=\"wp-block-latest-posts__read-more\" href=\"https:\/\/janze-athletisme.fr\/wordpress\/rappel-vote-maillot-trail\/\" rel=\"noopener noreferrer\">Lire la suite<span class=\"screen-reader-text\">\u00a0: Rappel vote maillot trail<\/span><\/a><\/div><\/li>\n<li><div class=\"wp-block-latest-posts__featured-image alignleft\"><a href=\"https:\/\/janze-athletisme.fr\/wordpress\/1er-tour-interclubs-le-dimanche-3-mai-a-fougeres\/\" aria-label=\"1er tour Interclubs le dimanche 3 mai \u00e0 Foug\u00e8res\"><img loading=\"lazy\" decoding=\"async\" width=\"150\" height=\"150\" src=\"https:\/\/janze-athletisme.fr\/wordpress\/wp-content\/uploads\/2026\/04\/Beaute-de-lathle-19oct2024-150x150.jpg\" class=\"attachment-thumbnail size-thumbnail wp-post-image\" alt=\"\" style=\"max-width:150px;max-height:150px;\" srcset=\"https:\/\/janze-athletisme.fr\/wordpress\/wp-content\/uploads\/2026\/04\/Beaute-de-lathle-19oct2024-150x150.jpg 150w, https:\/\/janze-athletisme.fr\/wordpress\/wp-content\/uploads\/2026\/04\/Beaute-de-lathle-19oct2024-300x300.jpg 300w, https:\/\/janze-athletisme.fr\/wordpress\/wp-content\/uploads\/2026\/04\/Beaute-de-lathle-19oct2024-1024x1024.jpg 1024w, https:\/\/janze-athletisme.fr\/wordpress\/wp-content\/uploads\/2026\/04\/Beaute-de-lathle-19oct2024-768x768.jpg 768w, https:\/\/janze-athletisme.fr\/wordpress\/wp-content\/uploads\/2026\/04\/Beaute-de-lathle-19oct2024.jpg 1200w\" sizes=\"auto, (max-width: 150px) 100vw, 150px\" \/><\/a><\/div><a class=\"wp-block-latest-posts__post-title\" href=\"https:\/\/janze-athletisme.fr\/wordpress\/1er-tour-interclubs-le-dimanche-3-mai-a-fougeres\/\">1er tour Interclubs le dimanche 3 mai \u00e0 Foug\u00e8res<\/a><div class=\"wp-block-latest-posts__post-author\">par Laurent Meunier<\/div><time datetime=\"2026-04-21T22:03:26+02:00\" class=\"wp-block-latest-posts__post-date\">21 avril 2026<\/time><div class=\"wp-block-latest-posts__post-excerpt\">D\u00e9but de la saison estivale pour les pistards avec le 1er tour Interclubs Voici tous les \u00e9l\u00e9ments d&rsquo;information pour ce premier tour : D\u00e9but des \u00e9preuves \u00e0 9h30, avec le 3000m marche, d\u00e9but des concours \u00e0 10h, r\u00e9union du jury \u00e0 9h15. Fin des \u00e9preuves \u00e0 18h45 avec le dernier 4 x 400m. Onze clubs\u2026 <a class=\"wp-block-latest-posts__read-more\" href=\"https:\/\/janze-athletisme.fr\/wordpress\/1er-tour-interclubs-le-dimanche-3-mai-a-fougeres\/\" rel=\"noopener noreferrer\">Lire la suite<span class=\"screen-reader-text\">\u00a0: 1er tour Interclubs le dimanche 3 mai \u00e0 Foug\u00e8res<\/span><\/a><\/div><\/li>\n<li><div class=\"wp-block-latest-posts__featured-image alignleft\"><a href=\"https:\/\/janze-athletisme.fr\/wordpress\/nantes-des-foulees-pour-defouler-raymond\/\" aria-label=\"Nantes: des foul\u00e9es pour d\u00e9fouler Raymond !\"><img loading=\"lazy\" decoding=\"async\" width=\"150\" height=\"150\" src=\"https:\/\/janze-athletisme.fr\/wordpress\/wp-content\/uploads\/2026\/04\/Sans-titre-3-150x150.jpg\" class=\"attachment-thumbnail size-thumbnail wp-post-image\" alt=\"\" style=\"max-width:150px;max-height:150px;\" \/><\/a><\/div><a class=\"wp-block-latest-posts__post-title\" href=\"https:\/\/janze-athletisme.fr\/wordpress\/nantes-des-foulees-pour-defouler-raymond\/\">Nantes: des foul\u00e9es pour d\u00e9fouler Raymond !<\/a><div class=\"wp-block-latest-posts__post-author\">par Jean-Marie Jouzel<\/div><time datetime=\"2026-04-21T13:11:39+02:00\" class=\"wp-block-latest-posts__post-date\">21 avril 2026<\/time><div class=\"wp-block-latest-posts__post-excerpt\">Les Foul\u00e9es Nantaises &nbsp; Un petit tour du c\u00f4t\u00e9 des voisin nantais, en p\u00e9riode de derby breton footbalistique le WE prochain \u00e7a tombe plut\u00f4t bien ! un petit mot Raymond ? \u00ab\u00a0Circuit sympa mais signalisation moyenne. Bonne sensations et content de mon temps ! avec une temp\u00e9rature agr\u00e9able\u00a0\u00bb Un d\u00e9part et une arriv\u00e9e au stade\u2026 <a class=\"wp-block-latest-posts__read-more\" href=\"https:\/\/janze-athletisme.fr\/wordpress\/nantes-des-foulees-pour-defouler-raymond\/\" rel=\"noopener noreferrer\">Lire la suite<span class=\"screen-reader-text\">\u00a0: Nantes: des foul\u00e9es pour d\u00e9fouler Raymond !<\/span><\/a><\/div><\/li>\n<li><div class=\"wp-block-latest-posts__featured-image alignleft\"><a href=\"https:\/\/janze-athletisme.fr\/wordpress\/liffre-le-dernier-homme-debout\/\" aria-label=\"Liffr\u00e9: le dernier homme debout !\"><img loading=\"lazy\" decoding=\"async\" width=\"150\" height=\"150\" src=\"https:\/\/janze-athletisme.fr\/wordpress\/wp-content\/uploads\/2026\/04\/Capture_d_ecran_2026-02-01_a_18.35.38-150x150.webp\" class=\"attachment-thumbnail size-thumbnail wp-post-image\" alt=\"\" style=\"max-width:150px;max-height:150px;\" \/><\/a><\/div><a class=\"wp-block-latest-posts__post-title\" href=\"https:\/\/janze-athletisme.fr\/wordpress\/liffre-le-dernier-homme-debout\/\">Liffr\u00e9: le dernier homme debout !<\/a><div class=\"wp-block-latest-posts__post-author\">par Jean-Marie Jouzel<\/div><time datetime=\"2026-04-21T10:38:41+02:00\" class=\"wp-block-latest-posts__post-date\">21 avril 2026<\/time><div class=\"wp-block-latest-posts__post-excerpt\">Trail by Apiruntour &nbsp; Une course solidaire et des causes \u00e0 d\u00e9fendre ! le don de moelle osseuse ainsi qu&rsquo;une collecte de mat\u00e9riel sportif usag\u00e9. Et Killian, engag\u00e9 non pas sur le \u00ab\u00a0d\u00e9fi infini\u00a0\u00bb, \u00e0 savoir un concept \u00ab\u00a0dernier homme debout\u00a0\u00bb avec plusieurs boucles de 7,7 km \u00e0 effectuer en moins d&rsquo;1 heure du lever\u2026 <a class=\"wp-block-latest-posts__read-more\" href=\"https:\/\/janze-athletisme.fr\/wordpress\/liffre-le-dernier-homme-debout\/\" rel=\"noopener noreferrer\">Lire la suite<span class=\"screen-reader-text\">\u00a0: Liffr\u00e9: le dernier homme debout !<\/span><\/a><\/div><\/li>\n<li><div class=\"wp-block-latest-posts__featured-image alignleft\"><a href=\"https:\/\/janze-athletisme.fr\/wordpress\/st-vincent-sur-oust-du-run-et-du-fun\/\" aria-label=\"St Vincent-sur-Oust: du run et du fun !\"><img loading=\"lazy\" decoding=\"async\" width=\"150\" height=\"150\" src=\"https:\/\/janze-athletisme.fr\/wordpress\/wp-content\/uploads\/2026\/04\/546204536_1434002868730186_4774141229898643469_n-150x150.jpg\" class=\"attachment-thumbnail size-thumbnail wp-post-image\" alt=\"\" style=\"max-width:150px;max-height:150px;\" \/><\/a><\/div><a class=\"wp-block-latest-posts__post-title\" href=\"https:\/\/janze-athletisme.fr\/wordpress\/st-vincent-sur-oust-du-run-et-du-fun\/\">St Vincent-sur-Oust: du run et du fun !<\/a><div class=\"wp-block-latest-posts__post-author\">par Jean-Marie Jouzel<\/div><time datetime=\"2026-04-21T10:25:16+02:00\" class=\"wp-block-latest-posts__post-date\">21 avril 2026<\/time><div class=\"wp-block-latest-posts__post-excerpt\">Tiken Trail &nbsp; C&rsquo;est quoi le Tiken Trail ??? mais d&rsquo;o\u00f9 tu sors pour poser une question pareille ? on en parlait encore hier autour du tartan avec Wilfrid et c&rsquo;est vrai qu&rsquo;il n&rsquo;y a pas beaucoup d&rsquo;\u00e9v\u00e9nements autant pr\u00e9sents sur les r\u00e9seaux pour assurer la promotion. Limite harc\u00e8lement ! cela dit, le Tiken c&rsquo;est\u2026 <a class=\"wp-block-latest-posts__read-more\" href=\"https:\/\/janze-athletisme.fr\/wordpress\/st-vincent-sur-oust-du-run-et-du-fun\/\" rel=\"noopener noreferrer\">Lire la suite<span class=\"screen-reader-text\">\u00a0: St Vincent-sur-Oust: du run et du fun !<\/span><\/a><\/div><\/li>\n<li><div class=\"wp-block-latest-posts__featured-image alignleft\"><a href=\"https:\/\/janze-athletisme.fr\/wordpress\/pierre-et-palmyre-prennent-gout-au-podium\/\" aria-label=\"Pierre et Palmyre prennent go\u00fbt au podium\"><img loading=\"lazy\" decoding=\"async\" width=\"150\" height=\"150\" src=\"https:\/\/janze-athletisme.fr\/wordpress\/wp-content\/uploads\/2026\/04\/MN-Liffre-1-2-150x150.jpg\" class=\"attachment-thumbnail size-thumbnail wp-post-image\" alt=\"\" style=\"max-width:150px;max-height:150px;\" \/><\/a><\/div><a class=\"wp-block-latest-posts__post-title\" href=\"https:\/\/janze-athletisme.fr\/wordpress\/pierre-et-palmyre-prennent-gout-au-podium\/\">Pierre et Palmyre prennent go\u00fbt au podium<\/a><div class=\"wp-block-latest-posts__post-author\">par Laurent Meunier<\/div><time datetime=\"2026-04-20T21:29:34+02:00\" class=\"wp-block-latest-posts__post-date\">20 avril 2026<\/time><div class=\"wp-block-latest-posts__post-excerpt\">Marche nordique, Trail Apiruntour, Liffr\u00e9, 18 avril \u00ab\u00a0C&rsquo;est un nouveau podium pour la marche nordique Janz\u00e9enne. Et cette fois c&rsquo;est Pierre qui se distingue en montant sur la deuxi\u00e8me place du podium lors de la marche nordique chronom\u00e9tr\u00e9e du trail Apiruntour \u00e0 Liffr\u00e9. Une belle performance (7.84 Km\/h sur une distance de 21.7 km, c&rsquo;est\u2026 <a class=\"wp-block-latest-posts__read-more\" href=\"https:\/\/janze-athletisme.fr\/wordpress\/pierre-et-palmyre-prennent-gout-au-podium\/\" rel=\"noopener noreferrer\">Lire la suite<span class=\"screen-reader-text\">\u00a0: Pierre et Palmyre prennent go\u00fbt au podium<\/span><\/a><\/div><\/li>\n<li><div class=\"wp-block-latest-posts__featured-image alignleft\"><a href=\"https:\/\/janze-athletisme.fr\/wordpress\/paris-est-magique-encore\/\" aria-label=\"Paris: Est magique (encore) !!!\"><img loading=\"lazy\" decoding=\"async\" width=\"150\" height=\"150\" src=\"https:\/\/janze-athletisme.fr\/wordpress\/wp-content\/uploads\/2026\/04\/images-150x150.jpg\" class=\"attachment-thumbnail size-thumbnail wp-post-image\" alt=\"\" style=\"max-width:150px;max-height:150px;\" \/><\/a><\/div><a class=\"wp-block-latest-posts__post-title\" href=\"https:\/\/janze-athletisme.fr\/wordpress\/paris-est-magique-encore\/\">Paris: Est magique (encore) !!!<\/a><div class=\"wp-block-latest-posts__post-author\">par Jean-Marie Jouzel<\/div><time datetime=\"2026-04-20T13:48:22+02:00\" class=\"wp-block-latest-posts__post-date\">20 avril 2026<\/time><div class=\"wp-block-latest-posts__post-excerpt\">Marathon de Paris &nbsp; Pour bien faire, il faudrait \u00e9crire: Schneider Electric Marathon de Paris ! j&rsquo;esp\u00e8re ne pas avoir de probl\u00e8mes et qu&rsquo;on ira pas chercher des poux dans la t\u00eate d&rsquo;un petit club d&rsquo;athl\u00e9 breton ! Tous les ans, ce marathon offre une saveur particuli\u00e8re et un petit frisson de plaisir pour les\u2026 <a class=\"wp-block-latest-posts__read-more\" href=\"https:\/\/janze-athletisme.fr\/wordpress\/paris-est-magique-encore\/\" rel=\"noopener noreferrer\">Lire la suite<span class=\"screen-reader-text\">\u00a0: Paris: Est magique (encore) !!!<\/span><\/a><\/div><\/li>\n<li><div class=\"wp-block-latest-posts__featured-image alignleft\"><a href=\"https:\/\/janze-athletisme.fr\/wordpress\/31040-2\/\" aria-label=\"Un maillot pour le trail, \u00e0 vous de choisir !!!\"><img loading=\"lazy\" decoding=\"async\" width=\"150\" height=\"150\" src=\"https:\/\/janze-athletisme.fr\/wordpress\/wp-content\/uploads\/2026\/04\/Sans-titre-3-150x150.png\" class=\"attachment-thumbnail size-thumbnail wp-post-image\" alt=\"\" style=\"max-width:150px;max-height:150px;\" \/><\/a><\/div><a class=\"wp-block-latest-posts__post-title\" href=\"https:\/\/janze-athletisme.fr\/wordpress\/31040-2\/\">Un maillot pour le trail, \u00e0 vous de choisir !!!<\/a><div class=\"wp-block-latest-posts__post-author\">par Jean-Marie Jouzel<\/div><time datetime=\"2026-04-18T12:32:51+02:00\" class=\"wp-block-latest-posts__post-date\">18 avril 2026<\/time><div class=\"wp-block-latest-posts__post-excerpt\">&nbsp; Un nouveau maillot pour le trail ! &nbsp; &nbsp; &nbsp; Vous pouvez d\u00e9sormais voter pour le maillot trail !!! Merci \u00e0 Ga\u00ebtan notre Pr\u00e9sident et \u00e0 Christophe Bou\u00e9 pour la collaboration au projet. A noter que certains d\u00e9tails comme les logos peuvent \u00e9voluer par la suite mais l&rsquo;id\u00e9e g\u00e9n\u00e9rale est l\u00e0 ! un col\u2026 <a class=\"wp-block-latest-posts__read-more\" href=\"https:\/\/janze-athletisme.fr\/wordpress\/31040-2\/\" rel=\"noopener noreferrer\">Lire la suite<span class=\"screen-reader-text\">\u00a0: Un maillot pour le trail, \u00e0 vous de choisir !!!<\/span><\/a><\/div><\/li>\n<li><div class=\"wp-block-latest-posts__featured-image alignleft\"><a href=\"https:\/\/janze-athletisme.fr\/wordpress\/malguenac-56-raymond-en-grand-seigneur\/\" aria-label=\"Malgu\u00e9nac (56): Raymond en grand seigneur !\"><img loading=\"lazy\" decoding=\"async\" width=\"150\" height=\"150\" src=\"https:\/\/janze-athletisme.fr\/wordpress\/wp-content\/uploads\/2026\/04\/Sans-titre-2-150x150.jpg\" class=\"attachment-thumbnail size-thumbnail wp-post-image\" alt=\"\" style=\"max-width:150px;max-height:150px;\" srcset=\"https:\/\/janze-athletisme.fr\/wordpress\/wp-content\/uploads\/2026\/04\/Sans-titre-2-150x150.jpg 150w, https:\/\/janze-athletisme.fr\/wordpress\/wp-content\/uploads\/2026\/04\/Sans-titre-2.jpg 225w\" sizes=\"auto, (max-width: 150px) 100vw, 150px\" \/><\/a><\/div><a class=\"wp-block-latest-posts__post-title\" href=\"https:\/\/janze-athletisme.fr\/wordpress\/malguenac-56-raymond-en-grand-seigneur\/\">Malgu\u00e9nac (56): Raymond en grand seigneur !<\/a><div class=\"wp-block-latest-posts__post-author\">par Jean-Marie Jouzel<\/div><time datetime=\"2026-04-17T10:57:29+02:00\" class=\"wp-block-latest-posts__post-date\">17 avril 2026<\/time><div class=\"wp-block-latest-posts__post-excerpt\">Trail des Ajoncs Trail des Seigneurs de Lesturgant &nbsp; Le trail des ajoncs ? bof, pas terrible&#8230;par contre, le trail des seigneurs de Lesturgant, \u00e7a, \u00e7a en jette !!! Raymond a eu le nez fin et a s\u00fbrement choisi cette \u00e9preuve en fonction de la nature po\u00e9tique et emphatique du nom de cette course. A\u2026 <a class=\"wp-block-latest-posts__read-more\" href=\"https:\/\/janze-athletisme.fr\/wordpress\/malguenac-56-raymond-en-grand-seigneur\/\" rel=\"noopener noreferrer\">Lire la suite<span class=\"screen-reader-text\">\u00a0: Malgu\u00e9nac (56): Raymond en grand seigneur !<\/span><\/a><\/div><\/li>\n<li><div class=\"wp-block-latest-posts__featured-image alignleft\"><a href=\"https:\/\/janze-athletisme.fr\/wordpress\/liffre-cest-roulant-cest-liffre\/\" aria-label=\"Liffr\u00e9: c&rsquo;est roulant, c&rsquo;est Liffr\u00e9 !\"><img loading=\"lazy\" decoding=\"async\" width=\"150\" height=\"150\" src=\"https:\/\/janze-athletisme.fr\/wordpress\/wp-content\/uploads\/2026\/04\/Sans-titre-2-150x150.png\" class=\"attachment-thumbnail size-thumbnail wp-post-image\" alt=\"\" style=\"max-width:150px;max-height:150px;\" srcset=\"https:\/\/janze-athletisme.fr\/wordpress\/wp-content\/uploads\/2026\/04\/Sans-titre-2-150x150.png 150w, https:\/\/janze-athletisme.fr\/wordpress\/wp-content\/uploads\/2026\/04\/Sans-titre-2.png 225w\" sizes=\"auto, (max-width: 150px) 100vw, 150px\" \/><\/a><\/div><a class=\"wp-block-latest-posts__post-title\" href=\"https:\/\/janze-athletisme.fr\/wordpress\/liffre-cest-roulant-cest-liffre\/\">Liffr\u00e9: c&rsquo;est roulant, c&rsquo;est Liffr\u00e9 !<\/a><div class=\"wp-block-latest-posts__post-author\">par Jean-Marie Jouzel<\/div><time datetime=\"2026-04-17T10:42:16+02:00\" class=\"wp-block-latest-posts__post-date\">17 avril 2026<\/time><div class=\"wp-block-latest-posts__post-excerpt\">Semi-Marathon de Liffr\u00e9 &nbsp; C&rsquo;est LE semi le plus roulant du 35, mais bien s\u00fbr, avoir un dossard, c&rsquo;est d\u00e9j\u00e0 une \u00e9preuve en soi ! et oui, il y a un peu beaucoup pas mal de monde \u00e0 Liffr\u00e9&#8230;malgr\u00e9 tout, on arrive \u00e0 trouver quelques janz\u00e9ens chanceux ou pistonn\u00e9s, qui sait ? Parmi ces chanceux,\u2026 <a class=\"wp-block-latest-posts__read-more\" href=\"https:\/\/janze-athletisme.fr\/wordpress\/liffre-cest-roulant-cest-liffre\/\" rel=\"noopener noreferrer\">Lire la suite<span class=\"screen-reader-text\">\u00a0: Liffr\u00e9: c&rsquo;est roulant, c&rsquo;est Liffr\u00e9 !<\/span><\/a><\/div><\/li>\n<li><div class=\"wp-block-latest-posts__featured-image alignleft\"><a href=\"https:\/\/janze-athletisme.fr\/wordpress\/supercalifragilisticexpialidocious\/\" aria-label=\"Supercalifragilisticexpialidocious !\"><img loading=\"lazy\" decoding=\"async\" width=\"150\" height=\"150\" src=\"https:\/\/janze-athletisme.fr\/wordpress\/wp-content\/uploads\/2026\/04\/DSC_6358-150x150.jpg\" class=\"attachment-thumbnail size-thumbnail wp-post-image\" alt=\"\" style=\"max-width:150px;max-height:150px;\" \/><\/a><\/div><a class=\"wp-block-latest-posts__post-title\" href=\"https:\/\/janze-athletisme.fr\/wordpress\/supercalifragilisticexpialidocious\/\">Supercalifragilisticexpialidocious !<\/a><div class=\"wp-block-latest-posts__post-author\">par Laurent Meunier<\/div><time datetime=\"2026-04-15T19:23:23+02:00\" class=\"wp-block-latest-posts__post-date\">15 avril 2026<\/time><div class=\"wp-block-latest-posts__post-excerpt\">Journ\u00e9e de coh\u00e9sion jeunes EAC, mercredi 15 avril Enfin un moment tous ensemble ! On est \u00e0 quelques courtes semaines du premier tour interclubs, pour les cadets et +, le dimanche 3 mai, et de l&rsquo;\u00e9quip&rsquo;athl\u00e9 BE-MI du samedi 9 mai, o\u00f9 nos deux \u00e9quipes ont l&rsquo;ambition de se qualifier pour la finale nationale des\u2026 <a class=\"wp-block-latest-posts__read-more\" href=\"https:\/\/janze-athletisme.fr\/wordpress\/supercalifragilisticexpialidocious\/\" rel=\"noopener noreferrer\">Lire la suite<span class=\"screen-reader-text\">\u00a0: Supercalifragilisticexpialidocious !<\/span><\/a><\/div><\/li>\n<li><div class=\"wp-block-latest-posts__featured-image alignleft\"><a href=\"https:\/\/janze-athletisme.fr\/wordpress\/chinon-des-vignobles-mais-pas-que\/\" aria-label=\"Chinon: des vignobles mais pas que&#8230;\"><img loading=\"lazy\" decoding=\"async\" width=\"150\" height=\"150\" src=\"https:\/\/janze-athletisme.fr\/wordpress\/wp-content\/uploads\/2026\/04\/Sans-titre-1-150x150.jpg\" class=\"attachment-thumbnail size-thumbnail wp-post-image\" alt=\"\" style=\"max-width:150px;max-height:150px;\" \/><\/a><\/div><a class=\"wp-block-latest-posts__post-title\" href=\"https:\/\/janze-athletisme.fr\/wordpress\/chinon-des-vignobles-mais-pas-que\/\">Chinon: des vignobles mais pas que&#8230;<\/a><div class=\"wp-block-latest-posts__post-author\">par Jean-Marie Jouzel<\/div><time datetime=\"2026-04-14T13:58:08+02:00\" class=\"wp-block-latest-posts__post-date\">14 avril 2026<\/time><div class=\"wp-block-latest-posts__post-excerpt\">Marathon de Chinon &nbsp; Non, il n&rsquo;y a pas que le marathon de Paris !!! ne passons pas \u00e0 c\u00f4t\u00e9 de ces \u00ab\u00a0petits\u00a0\u00bb marathons, plus conviviaux et tout aussi durs car pour les nuls en athl\u00e9, il y a le m\u00eame nombre de km \u00e0 Chinon, Laval ou m\u00eame Vannes ! certes, les parcours diff\u00e8rent,\u2026 <a class=\"wp-block-latest-posts__read-more\" href=\"https:\/\/janze-athletisme.fr\/wordpress\/chinon-des-vignobles-mais-pas-que\/\" rel=\"noopener noreferrer\">Lire la suite<span class=\"screen-reader-text\">\u00a0: Chinon: des vignobles mais pas que&#8230;<\/span><\/a><\/div><\/li>\n<li><div class=\"wp-block-latest-posts__featured-image alignleft\"><a href=\"https:\/\/janze-athletisme.fr\/wordpress\/porspoder-ca-passe-pour-kevin\/\" aria-label=\"Porspoder (29): \u00e7a passe pour K\u00e9vin.\"><img loading=\"lazy\" decoding=\"async\" width=\"150\" height=\"150\" src=\"https:\/\/janze-athletisme.fr\/wordpress\/wp-content\/uploads\/2026\/04\/Sans-titre-150x150.jpg\" class=\"attachment-thumbnail size-thumbnail wp-post-image\" alt=\"\" style=\"max-width:150px;max-height:150px;\" \/><\/a><\/div><a class=\"wp-block-latest-posts__post-title\" href=\"https:\/\/janze-athletisme.fr\/wordpress\/porspoder-ca-passe-pour-kevin\/\">Porspoder (29): \u00e7a passe pour K\u00e9vin.<\/a><div class=\"wp-block-latest-posts__post-author\">par Jean-Marie Jouzel<\/div><time datetime=\"2026-04-14T13:33:54+02:00\" class=\"wp-block-latest-posts__post-date\">14 avril 2026<\/time><div class=\"wp-block-latest-posts__post-excerpt\">La Diagonale du Four &nbsp; Aller jusqu&rsquo;\u00e0 l&rsquo;Ile Maurice, \u00e7a co\u00fbte un bras, aller \u00e0 Lille chez Maurice c&rsquo;est d\u00e9j\u00e0 plus \u00e0 notre port\u00e9e, quant au bilan carbone y a pas photo !! bon, par contre niveau exotisme, on a mieux&#8230; K\u00e9vin est dans la m\u00eame situation, aller \u00e0 la R\u00e9union participer \u00e0 la Diagonale\u2026 <a class=\"wp-block-latest-posts__read-more\" href=\"https:\/\/janze-athletisme.fr\/wordpress\/porspoder-ca-passe-pour-kevin\/\" rel=\"noopener noreferrer\">Lire la suite<span class=\"screen-reader-text\">\u00a0: Porspoder (29): \u00e7a passe pour K\u00e9vin.<\/span><\/a><\/div><\/li>\n<li><div class=\"wp-block-latest-posts__featured-image alignleft\"><a href=\"https:\/\/janze-athletisme.fr\/wordpress\/tregunc-29-erwan-allonge-encore-un-peu-la-distance\/\" aria-label=\"Tr\u00e9gunc (29): Erwan allonge encore un peu la distance.\"><img loading=\"lazy\" decoding=\"async\" width=\"150\" height=\"150\" src=\"https:\/\/janze-athletisme.fr\/wordpress\/wp-content\/uploads\/2026\/04\/Affiche-LA-TRACE-2026-150x150.jpeg\" class=\"attachment-thumbnail size-thumbnail wp-post-image\" alt=\"\" style=\"max-width:150px;max-height:150px;\" \/><\/a><\/div><a class=\"wp-block-latest-posts__post-title\" href=\"https:\/\/janze-athletisme.fr\/wordpress\/tregunc-29-erwan-allonge-encore-un-peu-la-distance\/\">Tr\u00e9gunc (29): Erwan allonge encore un peu la distance.<\/a><div class=\"wp-block-latest-posts__post-author\">par Jean-Marie Jouzel<\/div><time datetime=\"2026-04-10T12:33:23+02:00\" class=\"wp-block-latest-posts__post-date\">10 avril 2026<\/time><div class=\"wp-block-latest-posts__post-excerpt\">Trail La Trace &nbsp; &nbsp; Un petit tour en Penn ar Bed ! Erwan cherche \u00e0 allonger la distance. Pas facile avec une douleur chronique aux tendons et un ultra dans quelques semaines ! je le laisse vous raconter son exp\u00e9rience, il le fait bien, pas besoin de causer \u00e0 sa place: \u00ab\u00a0Dimanche 5 Avril\u2026 <a class=\"wp-block-latest-posts__read-more\" href=\"https:\/\/janze-athletisme.fr\/wordpress\/tregunc-29-erwan-allonge-encore-un-peu-la-distance\/\" rel=\"noopener noreferrer\">Lire la suite<span class=\"screen-reader-text\">\u00a0: Tr\u00e9gunc (29): Erwan allonge encore un peu la distance.<\/span><\/a><\/div><\/li>\n<li><div class=\"wp-block-latest-posts__featured-image alignleft\"><a href=\"https:\/\/janze-athletisme.fr\/wordpress\/10-qualifications-pour-venissieux\/\" aria-label=\"10 qualifications pour V\u00e9nissieux\"><img loading=\"lazy\" decoding=\"async\" width=\"150\" height=\"150\" src=\"https:\/\/janze-athletisme.fr\/wordpress\/wp-content\/uploads\/2026\/04\/Manon-Maelys-5janv2025-4-150x150.jpg\" class=\"attachment-thumbnail size-thumbnail wp-post-image\" alt=\"\" style=\"max-width:150px;max-height:150px;\" srcset=\"https:\/\/janze-athletisme.fr\/wordpress\/wp-content\/uploads\/2026\/04\/Manon-Maelys-5janv2025-4-150x150.jpg 150w, https:\/\/janze-athletisme.fr\/wordpress\/wp-content\/uploads\/2026\/04\/Manon-Maelys-5janv2025-4-300x300.jpg 300w, https:\/\/janze-athletisme.fr\/wordpress\/wp-content\/uploads\/2026\/04\/Manon-Maelys-5janv2025-4-1024x1024.jpg 1024w, https:\/\/janze-athletisme.fr\/wordpress\/wp-content\/uploads\/2026\/04\/Manon-Maelys-5janv2025-4-768x768.jpg 768w, https:\/\/janze-athletisme.fr\/wordpress\/wp-content\/uploads\/2026\/04\/Manon-Maelys-5janv2025-4.jpg 1200w\" sizes=\"auto, (max-width: 150px) 100vw, 150px\" \/><\/a><\/div><a class=\"wp-block-latest-posts__post-title\" href=\"https:\/\/janze-athletisme.fr\/wordpress\/10-qualifications-pour-venissieux\/\">10 qualifications pour V\u00e9nissieux<\/a><div class=\"wp-block-latest-posts__post-author\">par Laurent Meunier<\/div><time datetime=\"2026-04-09T22:53:40+02:00\" class=\"wp-block-latest-posts__post-date\">9 avril 2026<\/time><div class=\"wp-block-latest-posts__post-excerpt\">Championnats de Bretagne UGSEL CA-JU, Redon, mercredi 8 avril Il y avait beaucoup de monde et finalement beaucoup de nos athl\u00e8tes (12) pour ces championnats de Bretagne UGSEL des lyc\u00e9ens (cadets juniors), \u00e0 Redon, avec quelques belles performances \u00e0 la cl\u00e9, en d\u00e9pit d&rsquo;un niveau extr\u00eamement relev\u00e9 par le m\u00e9lange des cat\u00e9gories cadets\/juniors. On note\u2026 <a class=\"wp-block-latest-posts__read-more\" href=\"https:\/\/janze-athletisme.fr\/wordpress\/10-qualifications-pour-venissieux\/\" rel=\"noopener noreferrer\">Lire la suite<span class=\"screen-reader-text\">\u00a0: 10 qualifications pour V\u00e9nissieux<\/span><\/a><\/div><\/li>\n<li><div class=\"wp-block-latest-posts__featured-image alignleft\"><a href=\"https:\/\/janze-athletisme.fr\/wordpress\/ambre-et-clementine-comme-chez-elles-a-crevin\/\" aria-label=\"Ambre et Cl\u00e9mentine comme chez elles \u00e0 Crevin\"><img loading=\"lazy\" decoding=\"async\" width=\"150\" height=\"150\" src=\"https:\/\/janze-athletisme.fr\/wordpress\/wp-content\/uploads\/2026\/04\/39338-150x150.jpg\" class=\"attachment-thumbnail size-thumbnail wp-post-image\" alt=\"\" style=\"max-width:150px;max-height:150px;\" srcset=\"https:\/\/janze-athletisme.fr\/wordpress\/wp-content\/uploads\/2026\/04\/39338-150x150.jpg 150w, https:\/\/janze-athletisme.fr\/wordpress\/wp-content\/uploads\/2026\/04\/39338-300x300.jpg 300w, https:\/\/janze-athletisme.fr\/wordpress\/wp-content\/uploads\/2026\/04\/39338-1024x1024.jpg 1024w, https:\/\/janze-athletisme.fr\/wordpress\/wp-content\/uploads\/2026\/04\/39338-768x768.jpg 768w, https:\/\/janze-athletisme.fr\/wordpress\/wp-content\/uploads\/2026\/04\/39338.jpg 1200w\" sizes=\"auto, (max-width: 150px) 100vw, 150px\" \/><\/a><\/div><a class=\"wp-block-latest-posts__post-title\" href=\"https:\/\/janze-athletisme.fr\/wordpress\/ambre-et-clementine-comme-chez-elles-a-crevin\/\">Ambre et Cl\u00e9mentine comme chez elles \u00e0 Crevin<\/a><div class=\"wp-block-latest-posts__post-author\">par Laurent Meunier<\/div><time datetime=\"2026-04-09T22:43:14+02:00\" class=\"wp-block-latest-posts__post-date\">9 avril 2026<\/time><div class=\"wp-block-latest-posts__post-excerpt\">Les courses de Crevin ont aussi \u00e9t\u00e9 l&rsquo;occasion pour nos jeunes de s&rsquo;exprimer, et comme il faut s&rsquo;il vous pla\u00eet. Derux benjamines du club au d\u00e9part, premi\u00e8re et deuxi\u00e8me \u00e0 l&rsquo;arriv\u00e9e ! Bien les filles !!! La premi\u00e8re, c&rsquo;est Cl\u00e9mentine Caillaud, la deuxi\u00e8me Ambre Bouvier. \u00a0 Sous le regard de Micka\u00ebl Balluet et de papa\u2026 <a class=\"wp-block-latest-posts__read-more\" href=\"https:\/\/janze-athletisme.fr\/wordpress\/ambre-et-clementine-comme-chez-elles-a-crevin\/\" rel=\"noopener noreferrer\">Lire la suite<span class=\"screen-reader-text\">\u00a0: Ambre et Cl\u00e9mentine comme chez elles \u00e0 Crevin<\/span><\/a><\/div><\/li>\n<li><div class=\"wp-block-latest-posts__featured-image alignleft\"><a href=\"https:\/\/janze-athletisme.fr\/wordpress\/crevin-du-10-au-marathon-sans-passer-par-le-100\/\" aria-label=\"Crevin: du 10 au marathon sans passer par le 100 !\"><img loading=\"lazy\" decoding=\"async\" width=\"150\" height=\"150\" src=\"https:\/\/janze-athletisme.fr\/wordpress\/wp-content\/uploads\/2026\/04\/Sans-titre-1-150x150.png\" class=\"attachment-thumbnail size-thumbnail wp-post-image\" alt=\"\" style=\"max-width:150px;max-height:150px;\" \/><\/a><\/div><a class=\"wp-block-latest-posts__post-title\" href=\"https:\/\/janze-athletisme.fr\/wordpress\/crevin-du-10-au-marathon-sans-passer-par-le-100\/\">Crevin: du 10 au marathon sans passer par le 100 !<\/a><div class=\"wp-block-latest-posts__post-author\">par Jean-Marie Jouzel<\/div><time datetime=\"2026-04-09T16:18:37+02:00\" class=\"wp-block-latest-posts__post-date\">9 avril 2026<\/time><div class=\"wp-block-latest-posts__post-excerpt\">Marathon, Semi et 10,8km de Crevin &nbsp; &nbsp; On va faire d&rsquo;une pierre trois coups. Personne sur le 100km ? ah non quand m\u00eame, pas cette fois, \u00e7a fait long&#8230; Oyez, oyez, Matthis et Martin ont (encore) frapp\u00e9 ! un magnifique podium trust\u00e9 par deux oranges. Respectivement 1er et 3\u00e8me du presqu&rsquo;11 km de Crevin.\u2026 <a class=\"wp-block-latest-posts__read-more\" href=\"https:\/\/janze-athletisme.fr\/wordpress\/crevin-du-10-au-marathon-sans-passer-par-le-100\/\" rel=\"noopener noreferrer\">Lire la suite<span class=\"screen-reader-text\">\u00a0: Crevin: du 10 au marathon sans passer par le 100 !<\/span><\/a><\/div><\/li>\n<li><div class=\"wp-block-latest-posts__featured-image alignleft\"><a href=\"https:\/\/janze-athletisme.fr\/wordpress\/saint-pierre-de-plesguen-fabien-clement-christophe-et-benoit\/\" aria-label=\"Saint Pierre De Plesguen: Fabien, Cl\u00e9ment, Christophe et Beno\u00eet !\"><img loading=\"lazy\" decoding=\"async\" width=\"150\" height=\"150\" src=\"https:\/\/janze-athletisme.fr\/wordpress\/wp-content\/uploads\/2026\/04\/Sans-titre-150x150.png\" class=\"attachment-thumbnail size-thumbnail wp-post-image\" alt=\"\" style=\"max-width:150px;max-height:150px;\" \/><\/a><\/div><a class=\"wp-block-latest-posts__post-title\" href=\"https:\/\/janze-athletisme.fr\/wordpress\/saint-pierre-de-plesguen-fabien-clement-christophe-et-benoit\/\">Saint Pierre De Plesguen: Fabien, Cl\u00e9ment, Christophe et Beno\u00eet !<\/a><div class=\"wp-block-latest-posts__post-author\">par Jean-Marie Jouzel<\/div><time datetime=\"2026-04-08T13:18:26+02:00\" class=\"wp-block-latest-posts__post-date\">8 avril 2026<\/time><div class=\"wp-block-latest-posts__post-excerpt\">Trail des Vall\u00e9es (la suite) &nbsp; Nous nous sommes attard\u00e9s sur Julien, \u00ab\u00a0finicheur\u00a0\u00bb du 115km du trail des Vall\u00e9es. Ca valait bien un article pour lui tout seul quand m\u00eame !!! mais d&rsquo;autres janz\u00e9ens l&rsquo;ont suivi, sur des distances moins folles mais quand m\u00eame, \u00e0 l&rsquo;image de Fabien sur le 25km, qui revient petit \u00e0\u2026 <a class=\"wp-block-latest-posts__read-more\" href=\"https:\/\/janze-athletisme.fr\/wordpress\/saint-pierre-de-plesguen-fabien-clement-christophe-et-benoit\/\" rel=\"noopener noreferrer\">Lire la suite<span class=\"screen-reader-text\">\u00a0: Saint Pierre De Plesguen: Fabien, Cl\u00e9ment, Christophe et Beno\u00eet !<\/span><\/a><\/div><\/li>\n<li><div class=\"wp-block-latest-posts__featured-image alignleft\"><a href=\"https:\/\/janze-athletisme.fr\/wordpress\/la-saison-sur-piste-a-debute-avec-les-scolaires\/\" aria-label=\"La saison sur piste a d\u00e9but\u00e9 avec les scolaires\"><img loading=\"lazy\" decoding=\"async\" width=\"150\" height=\"150\" src=\"https:\/\/janze-athletisme.fr\/wordpress\/wp-content\/uploads\/2026\/04\/Piste-refaite-11juin2025-1-150x150.jpg\" class=\"attachment-thumbnail size-thumbnail wp-post-image\" alt=\"\" style=\"max-width:150px;max-height:150px;\" srcset=\"https:\/\/janze-athletisme.fr\/wordpress\/wp-content\/uploads\/2026\/04\/Piste-refaite-11juin2025-1-150x150.jpg 150w, https:\/\/janze-athletisme.fr\/wordpress\/wp-content\/uploads\/2026\/04\/Piste-refaite-11juin2025-1-300x300.jpg 300w, https:\/\/janze-athletisme.fr\/wordpress\/wp-content\/uploads\/2026\/04\/Piste-refaite-11juin2025-1-768x768.jpg 768w, https:\/\/janze-athletisme.fr\/wordpress\/wp-content\/uploads\/2026\/04\/Piste-refaite-11juin2025-1.jpg 1000w\" sizes=\"auto, (max-width: 150px) 100vw, 150px\" \/><\/a><\/div><a class=\"wp-block-latest-posts__post-title\" href=\"https:\/\/janze-athletisme.fr\/wordpress\/la-saison-sur-piste-a-debute-avec-les-scolaires\/\">La saison sur piste a d\u00e9but\u00e9 avec les scolaires<\/a><div class=\"wp-block-latest-posts__post-author\">par Laurent Meunier<\/div><time datetime=\"2026-04-06T21:03:45+02:00\" class=\"wp-block-latest-posts__post-date\">6 avril 2026<\/time><div class=\"wp-block-latest-posts__post-excerpt\">Pr\u00e9-d\u00e9partemental UGSEL, Janz\u00e9, mercredi 1er avril A peine termin\u00e9e la saison de la salle et des labours, \u00e0 peine entam\u00e9 l&rsquo;interm\u00e8de printanier des courses sur route, voici d\u00e9j\u00e0 revenir les beaux jours, avec la piste en plein air, et les scolaires pour d\u00e9buter. Premier rendez-vous pour du beurre le mercredi 25 mars, occasion d&rsquo;une revue\u2026 <a class=\"wp-block-latest-posts__read-more\" href=\"https:\/\/janze-athletisme.fr\/wordpress\/la-saison-sur-piste-a-debute-avec-les-scolaires\/\" rel=\"noopener noreferrer\">Lire la suite<span class=\"screen-reader-text\">\u00a0: La saison sur piste a d\u00e9but\u00e9 avec les scolaires<\/span><\/a><\/div><\/li>\n<\/ul><\/div>\n<\/div>\n\n\n\n<div class=\"wp-block-buttons is-layout-flex wp-block-buttons-is-layout-flex\">\n<div class=\"wp-block-button is-style-outline is-style-outline--1\"><a class=\"wp-block-button__link has-ast-global-color-8-background-color has-text-color has-background wp-element-button\" href=\"https:\/\/janze-athletisme.fr\/wordpress\/category\/sections\/\" style=\"color:#db9024\">Aller sur le Blog de Janz\u00e9 Athl\u00e9tisme<\/a><\/div>\n<\/div>\n\n\n\n\n\n\n\n\n","protected":false},"excerpt":{"rendered":"<p>Informations Importantes : Actualit\u00e9s :<\/p>\n","protected":false},"author":3,"featured_media":0,"parent":0,"menu_order":0,"comment_status":"closed","ping_status":"closed","template":"","meta":{"_uag_custom_page_level_css":"","site-sidebar-layout":"default","site-content-layout":"","ast-site-content-layout":"default","site-content-style":"default","site-sidebar-style":"default","ast-global-header-display":"","ast-banner-title-visibility":"","ast-main-header-display":"","ast-hfb-above-header-display":"","ast-hfb-below-header-display":"","ast-hfb-mobile-header-display":"","site-post-title":"disabled","ast-breadcrumbs-content":"","ast-featured-img":"","footer-sml-layout":"","ast-disable-related-posts":"","theme-transparent-header-meta":"default","adv-header-id-meta":"","stick-header-meta":"","header-above-stick-meta":"","header-main-stick-meta":"","header-below-stick-meta":"","astra-migrate-meta-layouts":"set","ast-page-background-enabled":"default","ast-page-background-meta":{"desktop":{"background-color":"var(--ast-global-color-4)","background-image":"","background-repeat":"repeat","background-position":"center center","background-size":"auto","background-attachment":"scroll","background-type":"","background-media":"","overlay-type":"","overlay-color":"","overlay-opacity":"","overlay-gradient":""},"tablet":{"background-color":"","background-image":"","background-repeat":"repeat","background-position":"center center","background-size":"auto","background-attachment":"scroll","background-type":"","background-media":"","overlay-type":"","overlay-color":"","overlay-opacity":"","overlay-gradient":""},"mobile":{"background-color":"","background-image":"","background-repeat":"repeat","background-position":"center center","background-size":"auto","background-attachment":"scroll","background-type":"","background-media":"","overlay-type":"","overlay-color":"","overlay-opacity":"","overlay-gradient":""}},"ast-content-background-meta":{"desktop":{"background-color":"var(--ast-global-color-5)","background-image":"","background-repeat":"repeat","background-position":"center center","background-size":"auto","background-attachment":"scroll","background-type":"","background-media":"","overlay-type":"","overlay-color":"","overlay-opacity":"","overlay-gradient":""},"tablet":{"background-color":"var(--ast-global-color-5)","background-image":"","background-repeat":"repeat","background-position":"center center","background-size":"auto","background-attachment":"scroll","background-type":"","background-media":"","overlay-type":"","overlay-color":"","overlay-opacity":"","overlay-gradient":""},"mobile":{"background-color":"var(--ast-global-color-5)","background-image":"","background-repeat":"repeat","background-position":"center center","background-size":"auto","background-attachment":"scroll","background-type":"","background-media":"","overlay-type":"","overlay-color":"","overlay-opacity":"","overlay-gradient":""}},"footnotes":""},"class_list":["post-15847","page","type-page","status-publish","hentry"],"yoast_head":"<!-- This site is optimized with the Yoast SEO plugin v27.4 - https:\/\/yoast.com\/product\/yoast-seo-wordpress\/ -->\n<title>Accueil - Janz\u00e9 Athl\u00e9tisme<\/title>\n<meta name=\"robots\" content=\"index, follow, max-snippet:-1, max-image-preview:large, max-video-preview:-1\" \/>\n<link rel=\"canonical\" href=\"https:\/\/janze-athletisme.fr\/wordpress\/\" \/>\n<meta property=\"og:locale\" content=\"fr_FR\" \/>\n<meta property=\"og:type\" content=\"article\" \/>\n<meta property=\"og:title\" content=\"Accueil - Janz\u00e9 Athl\u00e9tisme\" \/>\n<meta property=\"og:description\" content=\"Informations Importantes : Actualit\u00e9s :\" \/>\n<meta property=\"og:url\" content=\"https:\/\/janze-athletisme.fr\/wordpress\/\" \/>\n<meta property=\"og:site_name\" content=\"Janz\u00e9 Athl\u00e9tisme\" \/>\n<meta property=\"article:publisher\" content=\"https:\/\/www.facebook.com\/groups\/1007964579346590\" \/>\n<meta property=\"article:modified_time\" content=\"2025-09-03T19:44:31+00:00\" \/>\n<meta name=\"twitter:card\" content=\"summary_large_image\" \/>\n<meta name=\"twitter:label1\" content=\"Dur\u00e9e de lecture estim\u00e9e\" \/>\n\t<meta name=\"twitter:data1\" content=\"1 minute\" \/>\n<script type=\"application\/ld+json\" class=\"yoast-schema-graph\">{\"@context\":\"https:\\\/\\\/schema.org\",\"@graph\":[{\"@type\":\"WebPage\",\"@id\":\"https:\\\/\\\/janze-athletisme.fr\\\/wordpress\\\/\",\"url\":\"https:\\\/\\\/janze-athletisme.fr\\\/wordpress\\\/\",\"name\":\"Accueil - Janz\u00e9 Athl\u00e9tisme\",\"isPartOf\":{\"@id\":\"https:\\\/\\\/janze-athletisme.fr\\\/wordpress\\\/#website\"},\"datePublished\":\"2023-12-10T15:47:49+00:00\",\"dateModified\":\"2025-09-03T19:44:31+00:00\",\"breadcrumb\":{\"@id\":\"https:\\\/\\\/janze-athletisme.fr\\\/wordpress\\\/#breadcrumb\"},\"inLanguage\":\"fr-FR\",\"potentialAction\":[{\"@type\":\"ReadAction\",\"target\":[\"https:\\\/\\\/janze-athletisme.fr\\\/wordpress\\\/\"]}]},{\"@type\":\"BreadcrumbList\",\"@id\":\"https:\\\/\\\/janze-athletisme.fr\\\/wordpress\\\/#breadcrumb\",\"itemListElement\":[{\"@type\":\"ListItem\",\"position\":1,\"name\":\"Accueil\",\"item\":\"https:\\\/\\\/janze-athletisme.fr\\\/wordpress\\\/\"},{\"@type\":\"ListItem\",\"position\":2,\"name\":\"Accueil\"}]},{\"@type\":\"WebSite\",\"@id\":\"https:\\\/\\\/janze-athletisme.fr\\\/wordpress\\\/#website\",\"url\":\"https:\\\/\\\/janze-athletisme.fr\\\/wordpress\\\/\",\"name\":\"Janz\u00e9 Athl\u00e9tisme\",\"description\":\"Pays de La Roche aux F\u00e9es\",\"publisher\":{\"@id\":\"https:\\\/\\\/janze-athletisme.fr\\\/wordpress\\\/#organization\"},\"potentialAction\":[{\"@type\":\"SearchAction\",\"target\":{\"@type\":\"EntryPoint\",\"urlTemplate\":\"https:\\\/\\\/janze-athletisme.fr\\\/wordpress\\\/?s={search_term_string}\"},\"query-input\":{\"@type\":\"PropertyValueSpecification\",\"valueRequired\":true,\"valueName\":\"search_term_string\"}}],\"inLanguage\":\"fr-FR\"},{\"@type\":\"Organization\",\"@id\":\"https:\\\/\\\/janze-athletisme.fr\\\/wordpress\\\/#organization\",\"name\":\"Janz\u00e9 Athl\u00e9tisme\",\"url\":\"https:\\\/\\\/janze-athletisme.fr\\\/wordpress\\\/\",\"logo\":{\"@type\":\"ImageObject\",\"inLanguage\":\"fr-FR\",\"@id\":\"https:\\\/\\\/janze-athletisme.fr\\\/wordpress\\\/#\\\/schema\\\/logo\\\/image\\\/\",\"url\":\"https:\\\/\\\/janze-athletisme.fr\\\/wordpress\\\/wp-content\\\/uploads\\\/2015\\\/03\\\/logo-full1.jpg\",\"contentUrl\":\"https:\\\/\\\/janze-athletisme.fr\\\/wordpress\\\/wp-content\\\/uploads\\\/2015\\\/03\\\/logo-full1.jpg\",\"width\":437,\"height\":205,\"caption\":\"Janz\u00e9 Athl\u00e9tisme\"},\"image\":{\"@id\":\"https:\\\/\\\/janze-athletisme.fr\\\/wordpress\\\/#\\\/schema\\\/logo\\\/image\\\/\"},\"sameAs\":[\"https:\\\/\\\/www.facebook.com\\\/groups\\\/1007964579346590\"]}]}<\/script>\n<!-- \/ Yoast SEO plugin. -->","yoast_head_json":{"title":"Accueil - Janz\u00e9 Athl\u00e9tisme","robots":{"index":"index","follow":"follow","max-snippet":"max-snippet:-1","max-image-preview":"max-image-preview:large","max-video-preview":"max-video-preview:-1"},"canonical":"https:\/\/janze-athletisme.fr\/wordpress\/","og_locale":"fr_FR","og_type":"article","og_title":"Accueil - Janz\u00e9 Athl\u00e9tisme","og_description":"Informations Importantes : Actualit\u00e9s :","og_url":"https:\/\/janze-athletisme.fr\/wordpress\/","og_site_name":"Janz\u00e9 Athl\u00e9tisme","article_publisher":"https:\/\/www.facebook.com\/groups\/1007964579346590","article_modified_time":"2025-09-03T19:44:31+00:00","twitter_card":"summary_large_image","twitter_misc":{"Dur\u00e9e de lecture estim\u00e9e":"1 minute"},"schema":{"@context":"https:\/\/schema.org","@graph":[{"@type":"WebPage","@id":"https:\/\/janze-athletisme.fr\/wordpress\/","url":"https:\/\/janze-athletisme.fr\/wordpress\/","name":"Accueil - Janz\u00e9 Athl\u00e9tisme","isPartOf":{"@id":"https:\/\/janze-athletisme.fr\/wordpress\/#website"},"datePublished":"2023-12-10T15:47:49+00:00","dateModified":"2025-09-03T19:44:31+00:00","breadcrumb":{"@id":"https:\/\/janze-athletisme.fr\/wordpress\/#breadcrumb"},"inLanguage":"fr-FR","potentialAction":[{"@type":"ReadAction","target":["https:\/\/janze-athletisme.fr\/wordpress\/"]}]},{"@type":"BreadcrumbList","@id":"https:\/\/janze-athletisme.fr\/wordpress\/#breadcrumb","itemListElement":[{"@type":"ListItem","position":1,"name":"Accueil","item":"https:\/\/janze-athletisme.fr\/wordpress\/"},{"@type":"ListItem","position":2,"name":"Accueil"}]},{"@type":"WebSite","@id":"https:\/\/janze-athletisme.fr\/wordpress\/#website","url":"https:\/\/janze-athletisme.fr\/wordpress\/","name":"Janz\u00e9 Athl\u00e9tisme","description":"Pays de La Roche aux F\u00e9es","publisher":{"@id":"https:\/\/janze-athletisme.fr\/wordpress\/#organization"},"potentialAction":[{"@type":"SearchAction","target":{"@type":"EntryPoint","urlTemplate":"https:\/\/janze-athletisme.fr\/wordpress\/?s={search_term_string}"},"query-input":{"@type":"PropertyValueSpecification","valueRequired":true,"valueName":"search_term_string"}}],"inLanguage":"fr-FR"},{"@type":"Organization","@id":"https:\/\/janze-athletisme.fr\/wordpress\/#organization","name":"Janz\u00e9 Athl\u00e9tisme","url":"https:\/\/janze-athletisme.fr\/wordpress\/","logo":{"@type":"ImageObject","inLanguage":"fr-FR","@id":"https:\/\/janze-athletisme.fr\/wordpress\/#\/schema\/logo\/image\/","url":"https:\/\/janze-athletisme.fr\/wordpress\/wp-content\/uploads\/2015\/03\/logo-full1.jpg","contentUrl":"https:\/\/janze-athletisme.fr\/wordpress\/wp-content\/uploads\/2015\/03\/logo-full1.jpg","width":437,"height":205,"caption":"Janz\u00e9 Athl\u00e9tisme"},"image":{"@id":"https:\/\/janze-athletisme.fr\/wordpress\/#\/schema\/logo\/image\/"},"sameAs":["https:\/\/www.facebook.com\/groups\/1007964579346590"]}]}},"uagb_featured_image_src":{"full":false,"thumbnail":false,"medium":false,"medium_large":false,"large":false,"1536x1536":false,"2048x2048":false},"uagb_author_info":{"display_name":"Fr\u00e9d\u00e9ric Graye","author_link":"https:\/\/janze-athletisme.fr\/wordpress\/author\/jathe_adm\/"},"uagb_comment_info":0,"uagb_excerpt":"Informations Importantes : Actualit\u00e9s :","_links":{"self":[{"href":"https:\/\/janze-athletisme.fr\/wordpress\/wp-json\/wp\/v2\/pages\/15847","targetHints":{"allow":["GET"]}}],"collection":[{"href":"https:\/\/janze-athletisme.fr\/wordpress\/wp-json\/wp\/v2\/pages"}],"about":[{"href":"https:\/\/janze-athletisme.fr\/wordpress\/wp-json\/wp\/v2\/types\/page"}],"author":[{"embeddable":true,"href":"https:\/\/janze-athletisme.fr\/wordpress\/wp-json\/wp\/v2\/users\/3"}],"replies":[{"embeddable":true,"href":"https:\/\/janze-athletisme.fr\/wordpress\/wp-json\/wp\/v2\/comments?post=15847"}],"version-history":[{"count":10,"href":"https:\/\/janze-athletisme.fr\/wordpress\/wp-json\/wp\/v2\/pages\/15847\/revisions"}],"predecessor-version":[{"id":21901,"href":"https:\/\/janze-athletisme.fr\/wordpress\/wp-json\/wp\/v2\/pages\/15847\/revisions\/21901"}],"wp:attachment":[{"href":"https:\/\/janze-athletisme.fr\/wordpress\/wp-json\/wp\/v2\/media?parent=15847"}],"curies":[{"name":"wp","href":"https:\/\/api.w.org\/{rel}","templated":true}]}}