{"id":15847,"date":"2023-12-10T16:47:49","date_gmt":"2023-12-10T15:47:49","guid":{"rendered":"https:\/\/janze-athletisme.fr\/wordpress\/?page_id=15847"},"modified":"2025-09-03T21:44:31","modified_gmt":"2025-09-03T19:44:31","slug":"accueil","status":"publish","type":"page","link":"https:\/\/janze-athletisme.fr\/wordpress\/","title":{"rendered":"Accueil"},"content":{"rendered":"\n<div class=\"wp-block-buttons is-horizontal is-content-justification-right is-layout-flex wp-container-core-buttons-is-layout-6dff3906 wp-block-buttons-is-layout-flex\">\n<div class=\"wp-block-button has-custom-font-size is-style-fill\" style=\"font-size:10px\"><a class=\"wp-block-button__link has-ast-global-color-8-background-color has-text-color has-background wp-element-button\" href=\"https:\/\/janze-athletisme.fr\/wordpress\/category\/sections\/\" style=\"color:#db9024\">Blog Complet<\/a><\/div>\n<\/div>\n\n\n\n<h2 class=\"wp-block-heading\">Informations Importantes :<\/h2>\n\n\n\n<div class=\"wp-block-columns is-layout-flex wp-container-core-columns-is-layout-7387b849 wp-block-columns-is-layout-flex\">\n<div class=\"wp-block-column is-layout-flow wp-block-column-is-layout-flow\"><ul style=\"background:linear-gradient(135deg,rgb(255,254,254) 0%,rgb(182,170,170) 41%,rgb(224,154,81) 100%);padding-top:0;padding-bottom:0;padding-left:0;padding-right:0;margin-top:0px;margin-bottom:0px\" class=\"wp-block-latest-posts__list wp-block-latest-posts has-background is-layout-flow wp-block-latest-posts-is-layout-flow\"><li><a class=\"wp-block-latest-posts__post-title\" href=\"https:\/\/janze-athletisme.fr\/wordpress\/rien-de-particulier-en-ce-moment-sur-linformation-mais-des-actualites-toujours-aussi-passionnantes-ci-dessous\/\">Rien de particulier en ce moment pour ce type d&rsquo;informations<\/a><div class=\"wp-block-latest-posts__post-excerpt\">Mais des actualit\u00e9s toujours aussi passionnantes ci-dessous.<\/div><\/li>\n<\/ul>\n\n\n<hr class=\"wp-block-separator has-alpha-channel-opacity\"\/>\n\n\n\n<h2 class=\"wp-block-heading\">Actualit\u00e9s :<\/h2>\n\n\n<ul class=\"wp-block-latest-posts__list is-grid columns-2 has-dates has-author wp-block-latest-posts is-layout-flow wp-block-latest-posts-is-layout-flow\"><li><div class=\"wp-block-latest-posts__featured-image alignleft\"><a href=\"https:\/\/janze-athletisme.fr\/wordpress\/un-peu-dhumour-en-attendant-la-suite\/\" aria-label=\"Un peu d&rsquo;humour en attendant la suite !!!\"><img loading=\"lazy\" decoding=\"async\" width=\"150\" height=\"150\" src=\"https:\/\/janze-athletisme.fr\/wordpress\/wp-content\/uploads\/2026\/08\/786916624_1008766148868275_5994372652855394599_n-150x150.jpg\" class=\"attachment-thumbnail size-thumbnail wp-post-image\" alt=\"\" style=\"max-width:150px;max-height:150px;\" \/><\/a><\/div><a class=\"wp-block-latest-posts__post-title\" href=\"https:\/\/janze-athletisme.fr\/wordpress\/un-peu-dhumour-en-attendant-la-suite\/\">Un peu d&rsquo;humour en attendant la suite !!!<\/a><div class=\"wp-block-latest-posts__post-author\">par Jean-Marie Jouzel<\/div><time datetime=\"2026-08-30T12:52:44+02:00\" class=\"wp-block-latest-posts__post-date\">30 ao\u00fbt 2026<\/time><div class=\"wp-block-latest-posts__post-excerpt\">Avant d&rsquo;attaquer la saison 2026-27, et vu que l&rsquo;UTMB vient de se terminer (bravo Blandine !) voici quelques conseils \u00e0 ne pas suivre si vous envisagez un Ultra cette ann\u00e9e. &nbsp; Le trail et les ultras ont les vent en poupe, heureusement voici quelques conseils pour bien saborder votre pr\u00e9pa et arriver HS le jour\u2026 <a class=\"wp-block-latest-posts__read-more\" href=\"https:\/\/janze-athletisme.fr\/wordpress\/un-peu-dhumour-en-attendant-la-suite\/\" rel=\"noopener\">Lire la suite<span class=\"screen-reader-text\">\u00a0: Un peu d&rsquo;humour en attendant la suite !!!<\/span><\/a><\/div><\/li>\n<li><div class=\"wp-block-latest-posts__featured-image alignleft\"><a href=\"https:\/\/janze-athletisme.fr\/wordpress\/cancale-le-plus-beau-semi-de-bretagne\/\" aria-label=\"Cancale: le plus beau semi de Bretagne ?\"><img loading=\"lazy\" decoding=\"async\" width=\"150\" height=\"150\" src=\"https:\/\/janze-athletisme.fr\/wordpress\/wp-content\/uploads\/2026\/08\/images-3-150x150.jpg\" class=\"attachment-thumbnail size-thumbnail wp-post-image\" alt=\"\" style=\"max-width:150px;max-height:150px;\" \/><\/a><\/div><a class=\"wp-block-latest-posts__post-title\" href=\"https:\/\/janze-athletisme.fr\/wordpress\/cancale-le-plus-beau-semi-de-bretagne\/\">Cancale: le plus beau semi de Bretagne ?<\/a><div class=\"wp-block-latest-posts__post-author\">par Jean-Marie Jouzel<\/div><time datetime=\"2026-08-27T12:16:47+02:00\" class=\"wp-block-latest-posts__post-date\">27 ao\u00fbt 2026<\/time><div class=\"wp-block-latest-posts__post-excerpt\">Semi-Marathon Cancale-St Malo &nbsp; D\u00e9bat ou pas, le semi Cancale-St Malo est-il le plus beau semi de Bretagne ? en m\u00eame temps, il n&rsquo;y en a pas 50&#8230;moins qu&rsquo;avant en tout cas. Celui de Locronan, Auray-vannes ou m\u00eame St Pol-Morlaix sont \u00e0 la lutte pour \u00eatre dans le top 3. Bref, difficile d&rsquo;\u00eatre objectif quoique\u2026 <a class=\"wp-block-latest-posts__read-more\" href=\"https:\/\/janze-athletisme.fr\/wordpress\/cancale-le-plus-beau-semi-de-bretagne\/\" rel=\"noopener\">Lire la suite<span class=\"screen-reader-text\">\u00a0: Cancale: le plus beau semi de Bretagne ?<\/span><\/a><\/div><\/li>\n<li><div class=\"wp-block-latest-posts__featured-image alignleft\"><a href=\"https:\/\/janze-athletisme.fr\/wordpress\/vieille-aure-mythique-grp\/\" aria-label=\"Vieille-Aure: Mythique GRP&#8230;\"><img loading=\"lazy\" decoding=\"async\" width=\"150\" height=\"150\" src=\"https:\/\/janze-athletisme.fr\/wordpress\/wp-content\/uploads\/2026\/08\/images-150x150.png\" class=\"attachment-thumbnail size-thumbnail wp-post-image\" alt=\"\" style=\"max-width:150px;max-height:150px;\" srcset=\"https:\/\/janze-athletisme.fr\/wordpress\/wp-content\/uploads\/2026\/08\/images-150x150.png 150w, https:\/\/janze-athletisme.fr\/wordpress\/wp-content\/uploads\/2026\/08\/images-300x300.png 300w, https:\/\/janze-athletisme.fr\/wordpress\/wp-content\/uploads\/2026\/08\/images.png 553w\" sizes=\"auto, (max-width: 150px) 100vw, 150px\" \/><\/a><\/div><a class=\"wp-block-latest-posts__post-title\" href=\"https:\/\/janze-athletisme.fr\/wordpress\/vieille-aure-mythique-grp\/\">Vieille-Aure: Mythique GRP&#8230;<\/a><div class=\"wp-block-latest-posts__post-author\">par Jean-Marie Jouzel<\/div><time datetime=\"2026-08-25T14:55:04+02:00\" class=\"wp-block-latest-posts__post-date\">25 ao\u00fbt 2026<\/time><div class=\"wp-block-latest-posts__post-excerpt\">Grand Raid des Pyr\u00e9n\u00e9es Tour des Lacs &nbsp; Avec le GRP on rentre dans le cercle ferm\u00e9 des courses d\u00eetes \u00ab\u00a0mythiques\u00a0\u00bb, cs courses qu&rsquo;il faut avoir fait au moins une fois dans sa vie de coureur. En attendant le GRP, Gaylord a t\u00e2t\u00e9 le terrain avec le Tour des Lacs, une belle rando de plus\u2026 <a class=\"wp-block-latest-posts__read-more\" href=\"https:\/\/janze-athletisme.fr\/wordpress\/vieille-aure-mythique-grp\/\" rel=\"noopener\">Lire la suite<span class=\"screen-reader-text\">\u00a0: Vieille-Aure: Mythique GRP&#8230;<\/span><\/a><\/div><\/li>\n<li><div class=\"wp-block-latest-posts__featured-image alignleft\"><a href=\"https:\/\/janze-athletisme.fr\/wordpress\/sene-56-morbihan-the-place-to-be\/\" aria-label=\"S\u00e9n\u00e9 (56): Morbihan, the place to be !\"><img loading=\"lazy\" decoding=\"async\" width=\"150\" height=\"150\" src=\"https:\/\/janze-athletisme.fr\/wordpress\/wp-content\/uploads\/2026\/08\/IMG-20260429-WA0000-150x150.jpg\" class=\"attachment-thumbnail size-thumbnail wp-post-image\" alt=\"\" style=\"max-width:150px;max-height:150px;\" \/><\/a><\/div><a class=\"wp-block-latest-posts__post-title\" href=\"https:\/\/janze-athletisme.fr\/wordpress\/sene-56-morbihan-the-place-to-be\/\">S\u00e9n\u00e9 (56): Morbihan, the place to be !<\/a><div class=\"wp-block-latest-posts__post-author\">par Jean-Marie Jouzel<\/div><time datetime=\"2026-08-25T11:46:11+02:00\" class=\"wp-block-latest-posts__post-date\">25 ao\u00fbt 2026<\/time><div class=\"wp-block-latest-posts__post-excerpt\">Run in S\u00e9n\u00e9 Nature -La Palourde- &nbsp; Bon, je ne suis vraiment pas fan \u00e0 titre perso de ses anglicismes tr\u00e8s \u00e0 la mode dans le monde du running; Hein ? quoi ? ah mince, c&rsquo;est aussi un anglicisme ??? je me suis fait eu&#8230; et en plus, blasph\u00e8me, en plein dans le Morbihan, \u00ab\u00a0petite\u2026 <a class=\"wp-block-latest-posts__read-more\" href=\"https:\/\/janze-athletisme.fr\/wordpress\/sene-56-morbihan-the-place-to-be\/\" rel=\"noopener\">Lire la suite<span class=\"screen-reader-text\">\u00a0: S\u00e9n\u00e9 (56): Morbihan, the place to be !<\/span><\/a><\/div><\/li>\n<li><div class=\"wp-block-latest-posts__featured-image alignleft\"><a href=\"https:\/\/janze-athletisme.fr\/wordpress\/locmiquelic-un-plateau-de-fruits-de-mer-ca-vous-dit\/\" aria-label=\"Locmiqu\u00e9lic: Un plateau de fruits de mer, \u00e7a vous dit ?\"><img loading=\"lazy\" decoding=\"async\" width=\"150\" height=\"150\" src=\"https:\/\/janze-athletisme.fr\/wordpress\/wp-content\/uploads\/2026\/08\/images-2-150x150.jpg\" class=\"attachment-thumbnail size-thumbnail wp-post-image\" alt=\"\" style=\"max-width:150px;max-height:150px;\" \/><\/a><\/div><a class=\"wp-block-latest-posts__post-title\" href=\"https:\/\/janze-athletisme.fr\/wordpress\/locmiquelic-un-plateau-de-fruits-de-mer-ca-vous-dit\/\">Locmiqu\u00e9lic: Un plateau de fruits de mer, \u00e7a vous dit ?<\/a><div class=\"wp-block-latest-posts__post-author\">par Jean-Marie Jouzel<\/div><time datetime=\"2026-08-15T17:55:41+02:00\" class=\"wp-block-latest-posts__post-date\">15 ao\u00fbt 2026<\/time><div class=\"wp-block-latest-posts__post-excerpt\">Foul\u00e9es des Langoustines &nbsp; Ouais je sais, \u00e7a sens la course \u00e0 saucisson \u00e0 plein nez. En l&rsquo;occurrence, \u00e7a sent plut\u00f4t la mar\u00e9e et les fruits de mer !!! c&rsquo;est les vacances, ap\u00e9ro, plage et fruits de mer. Tant qu&rsquo;\u00e0 faire on se prend aussi des langoustines en plus, pourquoi pas 16 bornes de langoustines\u2026 <a class=\"wp-block-latest-posts__read-more\" href=\"https:\/\/janze-athletisme.fr\/wordpress\/locmiquelic-un-plateau-de-fruits-de-mer-ca-vous-dit\/\" rel=\"noopener\">Lire la suite<span class=\"screen-reader-text\">\u00a0: Locmiqu\u00e9lic: Un plateau de fruits de mer, \u00e7a vous dit ?<\/span><\/a><\/div><\/li>\n<li><div class=\"wp-block-latest-posts__featured-image alignleft\"><a href=\"https:\/\/janze-athletisme.fr\/wordpress\/domagne-on-nattend-pas-basile\/\" aria-label=\"Domagne: On n&rsquo;attend pas Basile ???\"><img loading=\"lazy\" decoding=\"async\" width=\"150\" height=\"150\" src=\"https:\/\/janze-athletisme.fr\/wordpress\/wp-content\/uploads\/2026\/07\/Bandeau-Louvigne-en-fete-150x150.jpg\" class=\"attachment-thumbnail size-thumbnail wp-post-image\" alt=\"\" style=\"max-width:150px;max-height:150px;\" \/><\/a><\/div><a class=\"wp-block-latest-posts__post-title\" href=\"https:\/\/janze-athletisme.fr\/wordpress\/domagne-on-nattend-pas-basile\/\">Domagne: On n&rsquo;attend pas Basile ???<\/a><div class=\"wp-block-latest-posts__post-author\">par Jean-Marie Jouzel<\/div><time datetime=\"2026-08-14T14:33:04+02:00\" class=\"wp-block-latest-posts__post-date\">14 ao\u00fbt 2026<\/time><div class=\"wp-block-latest-posts__post-excerpt\">Course des Miniatures Suite et fin&#8230; &nbsp; Un petit oubli de ma part, d\u00e9sol\u00e9&#8230;mais \u00e0 ma d\u00e9charge, quand l&rsquo;orga ne vous inscrit pas sous l&rsquo;appellation Janz\u00e9 athl\u00e9tisme ou au minimum Janz\u00e9, compliqu\u00e9 de vous retrouver ! heureusement il y a les entra\u00eenements ou Radio athl\u00e9, en gros tous les potins du stade ou du hors-stade.\u2026 <a class=\"wp-block-latest-posts__read-more\" href=\"https:\/\/janze-athletisme.fr\/wordpress\/domagne-on-nattend-pas-basile\/\" rel=\"noopener\">Lire la suite<span class=\"screen-reader-text\">\u00a0: Domagne: On n&rsquo;attend pas Basile ???<\/span><\/a><\/div><\/li>\n<li><div class=\"wp-block-latest-posts__featured-image alignleft\"><a href=\"https:\/\/janze-athletisme.fr\/wordpress\/hirel-julien-persiste-et-signe\/\" aria-label=\"Hirel: Julien persiste et signe !\"><img loading=\"lazy\" decoding=\"async\" width=\"150\" height=\"150\" src=\"https:\/\/janze-athletisme.fr\/wordpress\/wp-content\/uploads\/2026\/08\/images-1-150x150.jpg\" class=\"attachment-thumbnail size-thumbnail wp-post-image\" alt=\"\" style=\"max-width:150px;max-height:150px;\" srcset=\"https:\/\/janze-athletisme.fr\/wordpress\/wp-content\/uploads\/2026\/08\/images-1-150x150.jpg 150w, https:\/\/janze-athletisme.fr\/wordpress\/wp-content\/uploads\/2026\/08\/images-1.jpg 225w\" sizes=\"auto, (max-width: 150px) 100vw, 150px\" \/><\/a><\/div><a class=\"wp-block-latest-posts__post-title\" href=\"https:\/\/janze-athletisme.fr\/wordpress\/hirel-julien-persiste-et-signe\/\">Hirel: Julien persiste et signe !<\/a><div class=\"wp-block-latest-posts__post-author\">par Jean-Marie Jouzel<\/div><time datetime=\"2026-08-11T16:00:12+02:00\" class=\"wp-block-latest-posts__post-date\">11 ao\u00fbt 2026<\/time><div class=\"wp-block-latest-posts__post-excerpt\">5 et 10km d&rsquo;Hirel &nbsp; Auteur d&rsquo;une superbe saison et une \u00e9volution comme rarement vue au sein du club, normal que Julien persiste avec une PB sur 10 kil&rsquo; !!! on prend les paris pour un sub&rsquo;34 prochainement ? la cote ne sera pas tr\u00e8s \u00e9lev\u00e9e car \u00e0 moins de prendre une licence aux travaux\u2026 <a class=\"wp-block-latest-posts__read-more\" href=\"https:\/\/janze-athletisme.fr\/wordpress\/hirel-julien-persiste-et-signe\/\" rel=\"noopener\">Lire la suite<span class=\"screen-reader-text\">\u00a0: Hirel: Julien persiste et signe !<\/span><\/a><\/div><\/li>\n<li><div class=\"wp-block-latest-posts__featured-image alignleft\"><a href=\"https:\/\/janze-athletisme.fr\/wordpress\/luchon-celine-survole-la-montagne\/\" aria-label=\"Luchon: Les Gatel en amoureux et C\u00e9line survole la montagne !\"><img loading=\"lazy\" decoding=\"async\" width=\"150\" height=\"150\" src=\"https:\/\/janze-athletisme.fr\/wordpress\/wp-content\/uploads\/2026\/08\/AFFICHE-LAT-2026-FINALE-2-150x150.avif\" class=\"attachment-thumbnail size-thumbnail wp-post-image\" alt=\"\" style=\"max-width:150px;max-height:150px;\" \/><\/a><\/div><a class=\"wp-block-latest-posts__post-title\" href=\"https:\/\/janze-athletisme.fr\/wordpress\/luchon-celine-survole-la-montagne\/\">Luchon: Les Gatel en amoureux et C\u00e9line survole la montagne !<\/a><div class=\"wp-block-latest-posts__post-author\">par Jean-Marie Jouzel<\/div><time datetime=\"2026-08-10T10:59:43+02:00\" class=\"wp-block-latest-posts__post-date\">10 ao\u00fbt 2026<\/time><div class=\"wp-block-latest-posts__post-excerpt\">Luchon Aneto Trail -La K-Bour- &nbsp; C&rsquo;est une course estivale qui sent les vacances, une course qu&rsquo;on aime bien commenter histoire d&rsquo;avoir des nouvelles de nos janz\u00e9ens \u00e9parpill\u00e9s un peu partout par monts et par vaux. Pas l\u00e0 pour rigoler la C\u00e9line ! on a beau \u00eatre en vacances, elle assure quand m\u00eame notre championne,\u2026 <a class=\"wp-block-latest-posts__read-more\" href=\"https:\/\/janze-athletisme.fr\/wordpress\/luchon-celine-survole-la-montagne\/\" rel=\"noopener\">Lire la suite<span class=\"screen-reader-text\">\u00a0: Luchon: Les Gatel en amoureux et C\u00e9line survole la montagne !<\/span><\/a><\/div><\/li>\n<li><div class=\"wp-block-latest-posts__featured-image alignleft\"><a href=\"https:\/\/janze-athletisme.fr\/wordpress\/un-defi-pour-la-rentree\/\" aria-label=\"Un d\u00e9fi pour la rentr\u00e9e\"><img loading=\"lazy\" decoding=\"async\" width=\"150\" height=\"150\" src=\"https:\/\/janze-athletisme.fr\/wordpress\/wp-content\/uploads\/2026\/08\/764818245_1064359346114692_9168895932563378057_n-150x150.jpg\" class=\"attachment-thumbnail size-thumbnail wp-post-image\" alt=\"\" style=\"max-width:150px;max-height:150px;\" srcset=\"https:\/\/janze-athletisme.fr\/wordpress\/wp-content\/uploads\/2026\/08\/764818245_1064359346114692_9168895932563378057_n-150x150.jpg 150w, https:\/\/janze-athletisme.fr\/wordpress\/wp-content\/uploads\/2026\/08\/764818245_1064359346114692_9168895932563378057_n-300x300.jpg 300w, https:\/\/janze-athletisme.fr\/wordpress\/wp-content\/uploads\/2026\/08\/764818245_1064359346114692_9168895932563378057_n.jpg 526w\" sizes=\"auto, (max-width: 150px) 100vw, 150px\" \/><\/a><\/div><a class=\"wp-block-latest-posts__post-title\" href=\"https:\/\/janze-athletisme.fr\/wordpress\/un-defi-pour-la-rentree\/\">Un d\u00e9fi pour la rentr\u00e9e<\/a><div class=\"wp-block-latest-posts__post-author\">par Jean-Marie Jouzel<\/div><time datetime=\"2026-08-08T11:48:47+02:00\" class=\"wp-block-latest-posts__post-date\">8 ao\u00fbt 2026<\/time><div class=\"wp-block-latest-posts__post-excerpt\">D\u00c9FIE LES ATHL\u00c8TES DE JANZ\u00c9 ! &nbsp; Et si tu venais d\u00e9couvrir l&rsquo;athl\u00e9tisme en te mesurant \u00e0 nos licenci\u00e9s ? Mercredi 2 septembre 16h00 \u00e0 17h30 Stade Louis Lecoq \u2013 Janz\u00e9 Au programme, viens te tester sur plusieurs disciplines : 100 m 1000 m Saut en longueur Lancer de poids Lancer de javelot Ouvert \u00e0\u2026 <a class=\"wp-block-latest-posts__read-more\" href=\"https:\/\/janze-athletisme.fr\/wordpress\/un-defi-pour-la-rentree\/\" rel=\"noopener\">Lire la suite<span class=\"screen-reader-text\">\u00a0: Un d\u00e9fi pour la rentr\u00e9e<\/span><\/a><\/div><\/li>\n<li><div class=\"wp-block-latest-posts__featured-image alignleft\"><a href=\"https:\/\/janze-athletisme.fr\/wordpress\/commande-maillot-trail-dernier-appel\/\" aria-label=\"Commande maillot trail, dernier appel !\"><img loading=\"lazy\" decoding=\"async\" width=\"150\" height=\"150\" src=\"https:\/\/janze-athletisme.fr\/wordpress\/wp-content\/uploads\/2026\/07\/maillot-2-150x150.png\" class=\"attachment-thumbnail size-thumbnail wp-post-image\" alt=\"\" style=\"max-width:150px;max-height:150px;\" \/><\/a><\/div><a class=\"wp-block-latest-posts__post-title\" href=\"https:\/\/janze-athletisme.fr\/wordpress\/commande-maillot-trail-dernier-appel\/\">Commande maillot trail, dernier appel !<\/a><div class=\"wp-block-latest-posts__post-author\">par Jean-Marie Jouzel<\/div><time datetime=\"2026-08-07T12:59:44+02:00\" class=\"wp-block-latest-posts__post-date\">7 ao\u00fbt 2026<\/time><div class=\"wp-block-latest-posts__post-excerpt\">Allez, je vous laisse une derni\u00e8re chance pour commander le maillot trail qui sera je l&rsquo;esp\u00e8re dispo \u00e0 la rentr\u00e9e. N&rsquo;oubliez pas de pr\u00e9ciser l&rsquo;option col zipp\u00e9 ou pas ! Ca va \u00eatre la classe !!! &nbsp; Le lien:\u00a0ici<\/div><\/li>\n<li><div class=\"wp-block-latest-posts__featured-image alignleft\"><a href=\"https:\/\/janze-athletisme.fr\/wordpress\/la-fresnais-leo-fait-parler-la-poudre\/\" aria-label=\"La Fresnais: L\u00e9o fait parler la poudre !\"><img loading=\"lazy\" decoding=\"async\" width=\"150\" height=\"150\" src=\"https:\/\/janze-athletisme.fr\/wordpress\/wp-content\/uploads\/2026\/08\/images-150x150.jpg\" class=\"attachment-thumbnail size-thumbnail wp-post-image\" alt=\"\" style=\"max-width:150px;max-height:150px;\" \/><\/a><\/div><a class=\"wp-block-latest-posts__post-title\" href=\"https:\/\/janze-athletisme.fr\/wordpress\/la-fresnais-leo-fait-parler-la-poudre\/\">La Fresnais: L\u00e9o fait parler la poudre !<\/a><div class=\"wp-block-latest-posts__post-author\">par Jean-Marie Jouzel<\/div><time datetime=\"2026-08-06T18:01:13+02:00\" class=\"wp-block-latest-posts__post-date\">6 ao\u00fbt 2026<\/time><div class=\"wp-block-latest-posts__post-excerpt\">La Fresn&rsquo;N Run &nbsp; Il est jeune, il est talentueux et il est rapide ! une p\u00e9pite en devenir, un diamant brut qui ne demande qu&rsquo;\u00e0 \u00eatre taill\u00e9 !!! la prochaine saison risque d&rsquo;\u00eatre SA saison. Bin\u00f4me voir clone de Rapha\u00ebl Bou\u00e9, il pr\u00e9pare la prochaine saison avec une deuxi\u00e8me place au scratch sur ce\u2026 <a class=\"wp-block-latest-posts__read-more\" href=\"https:\/\/janze-athletisme.fr\/wordpress\/la-fresnais-leo-fait-parler-la-poudre\/\" rel=\"noopener\">Lire la suite<span class=\"screen-reader-text\">\u00a0: La Fresnais: L\u00e9o fait parler la poudre !<\/span><\/a><\/div><\/li>\n<li><div class=\"wp-block-latest-posts__featured-image alignleft\"><a href=\"https:\/\/janze-athletisme.fr\/wordpress\/plouhinec-56-il-prend-des-vacances-ce-raymond\/\" aria-label=\"Plouhinec (56): il prend des vacances ce Raymond ???\"><img loading=\"lazy\" decoding=\"async\" width=\"150\" height=\"150\" src=\"https:\/\/janze-athletisme.fr\/wordpress\/wp-content\/uploads\/2026\/08\/Course-des-dunes-2025_page-0001-150x150.jpg\" class=\"attachment-thumbnail size-thumbnail wp-post-image\" alt=\"\" style=\"max-width:150px;max-height:150px;\" \/><\/a><\/div><a class=\"wp-block-latest-posts__post-title\" href=\"https:\/\/janze-athletisme.fr\/wordpress\/plouhinec-56-il-prend-des-vacances-ce-raymond\/\">Plouhinec (56): il prend des vacances ce Raymond ???<\/a><div class=\"wp-block-latest-posts__post-author\">par Jean-Marie Jouzel<\/div><time datetime=\"2026-08-06T17:33:42+02:00\" class=\"wp-block-latest-posts__post-date\">6 ao\u00fbt 2026<\/time><div class=\"wp-block-latest-posts__post-excerpt\">Course Nature des Dunes &nbsp; Et non, il ne prend jamais de vacances Raymond, pas en ce qui concerne la course \u00e0 pied en tout cas. Du moins il s\u00e9vit dans son pays en Morbihan. Une course en grande partie dans le sable ce qui rend la chose bien \u00e9videment moins plaisante. Une course que\u2026 <a class=\"wp-block-latest-posts__read-more\" href=\"https:\/\/janze-athletisme.fr\/wordpress\/plouhinec-56-il-prend-des-vacances-ce-raymond\/\" rel=\"noopener\">Lire la suite<span class=\"screen-reader-text\">\u00a0: Plouhinec (56): il prend des vacances ce Raymond ???<\/span><\/a><\/div><\/li>\n<li><div class=\"wp-block-latest-posts__featured-image alignleft\"><a href=\"https:\/\/janze-athletisme.fr\/wordpress\/domagne-raymond-narrete-jamais\/\" aria-label=\"Domagn\u00e9: Raymond n&rsquo;arr\u00eate jamais !\"><img loading=\"lazy\" decoding=\"async\" width=\"150\" height=\"150\" src=\"https:\/\/janze-athletisme.fr\/wordpress\/wp-content\/uploads\/2026\/07\/Affiche-Course-150x150.png\" class=\"attachment-thumbnail size-thumbnail wp-post-image\" alt=\"\" style=\"max-width:150px;max-height:150px;\" \/><\/a><\/div><a class=\"wp-block-latest-posts__post-title\" href=\"https:\/\/janze-athletisme.fr\/wordpress\/domagne-raymond-narrete-jamais\/\">Domagn\u00e9: Raymond n&rsquo;arr\u00eate jamais !<\/a><div class=\"wp-block-latest-posts__post-author\">par Jean-Marie Jouzel<\/div><time datetime=\"2026-07-29T12:09:44+02:00\" class=\"wp-block-latest-posts__post-date\">29 juillet 2026<\/time><div class=\"wp-block-latest-posts__post-excerpt\">Course des Miniatures &nbsp; Certes, il n&rsquo;y a pas un D+ de fou, ce n&rsquo;est pas non-plus l&rsquo;UTMB, mais Domagn\u00e9 r\u00e9ussi un joli coup pour la 5\u00e8me \u00e9dition de la course des Miniatures et mettant en avant le patrimoine local et ses artistes tout en proposant une animation sportive dont le succ\u00e8s ne se d\u00e9ment\u2026 <a class=\"wp-block-latest-posts__read-more\" href=\"https:\/\/janze-athletisme.fr\/wordpress\/domagne-raymond-narrete-jamais\/\" rel=\"noopener\">Lire la suite<span class=\"screen-reader-text\">\u00a0: Domagn\u00e9: Raymond n&rsquo;arr\u00eate jamais !<\/span><\/a><\/div><\/li>\n<li><div class=\"wp-block-latest-posts__featured-image alignleft\"><a href=\"https:\/\/janze-athletisme.fr\/wordpress\/corte-une-vraie-soupe-de-cailloux\/\" aria-label=\"Corte: Une vraie soupe de cailloux !\"><img loading=\"lazy\" decoding=\"async\" width=\"150\" height=\"150\" src=\"https:\/\/janze-athletisme.fr\/wordpress\/wp-content\/uploads\/2026\/07\/images-1-150x150.jpg\" class=\"attachment-thumbnail size-thumbnail wp-post-image\" alt=\"\" style=\"max-width:150px;max-height:150px;\" srcset=\"https:\/\/janze-athletisme.fr\/wordpress\/wp-content\/uploads\/2026\/07\/images-1-150x150.jpg 150w, https:\/\/janze-athletisme.fr\/wordpress\/wp-content\/uploads\/2026\/07\/images-1-300x300.jpg 300w, https:\/\/janze-athletisme.fr\/wordpress\/wp-content\/uploads\/2026\/07\/images-1.jpg 554w\" sizes=\"auto, (max-width: 150px) 100vw, 150px\" \/><\/a><\/div><a class=\"wp-block-latest-posts__post-title\" href=\"https:\/\/janze-athletisme.fr\/wordpress\/corte-une-vraie-soupe-de-cailloux\/\">Corte: Une vraie soupe de cailloux !<\/a><div class=\"wp-block-latest-posts__post-author\">par Jean-Marie Jouzel<\/div><time datetime=\"2026-07-23T11:52:50+02:00\" class=\"wp-block-latest-posts__post-date\">23 juillet 2026<\/time><div class=\"wp-block-latest-posts__post-excerpt\">Restonica Ultra Trail Corsica &nbsp; Il y a des courses qui se courent\u2026 et d&rsquo;autres qui se vivent. La Restonica fait clairement partie de la deuxi\u00e8me cat\u00e9gorie. Sur le profil, \u00e7a semblait d\u00e9j\u00e0 s\u00e9rieux. En r\u00e9alit\u00e9, c&rsquo;est une v\u00e9ritable exp\u00e9dition en haute montagne, o\u00f9 chaque kilom\u00e8tre se m\u00e9rite. Une course presque inhumaine\u00a0 Ma pr\u00e9paration s&rsquo;est\u2026 <a class=\"wp-block-latest-posts__read-more\" href=\"https:\/\/janze-athletisme.fr\/wordpress\/corte-une-vraie-soupe-de-cailloux\/\" rel=\"noopener\">Lire la suite<span class=\"screen-reader-text\">\u00a0: Corte: Une vraie soupe de cailloux !<\/span><\/a><\/div><\/li>\n<li><div class=\"wp-block-latest-posts__featured-image alignleft\"><a href=\"https:\/\/janze-athletisme.fr\/wordpress\/runfinity-la-boisson-iso-est-prete-une-promotion-exceptionnelle\/\" aria-label=\"Runfinity: La boisson iso est pr\u00eate, une promotion exceptionnelle !\"><img loading=\"lazy\" decoding=\"async\" width=\"150\" height=\"150\" src=\"https:\/\/janze-athletisme.fr\/wordpress\/wp-content\/uploads\/2026\/07\/images-1-150x150.png\" class=\"attachment-thumbnail size-thumbnail wp-post-image\" alt=\"\" style=\"max-width:150px;max-height:150px;\" \/><\/a><\/div><a class=\"wp-block-latest-posts__post-title\" href=\"https:\/\/janze-athletisme.fr\/wordpress\/runfinity-la-boisson-iso-est-prete-une-promotion-exceptionnelle\/\">Runfinity: La boisson iso est pr\u00eate, une promotion exceptionnelle !<\/a><div class=\"wp-block-latest-posts__post-author\">par Jean-Marie Jouzel<\/div><time datetime=\"2026-07-22T12:04:44+02:00\" class=\"wp-block-latest-posts__post-date\">22 juillet 2026<\/time><div class=\"wp-block-latest-posts__post-excerpt\">Partenaire de Janz\u00e9 athl\u00e9, Runfinity vous pr\u00e9sente en avant-premi\u00e8re sa toute nouvelle boisson isotonique. Pour courtes et longues distances. 29,90 \u20ac au lieu de 34,90 \u20ac \ud83d\udc49 Tu l&rsquo;adores ? Je t&rsquo;offre un deuxi\u00e8me pot. \ud83d\udc49 Tu ne l&rsquo;aimes pas ? Je te rembourse. Pour en profiter : Tu commandes ta boisson soit sur Runfinity,\u2026 <a class=\"wp-block-latest-posts__read-more\" href=\"https:\/\/janze-athletisme.fr\/wordpress\/runfinity-la-boisson-iso-est-prete-une-promotion-exceptionnelle\/\" rel=\"noopener\">Lire la suite<span class=\"screen-reader-text\">\u00a0: Runfinity: La boisson iso est pr\u00eate, une promotion exceptionnelle !<\/span><\/a><\/div><\/li>\n<li><div class=\"wp-block-latest-posts__featured-image alignleft\"><a href=\"https:\/\/janze-athletisme.fr\/wordpress\/pance-le-tertre-gris-the-place-to-be\/\" aria-label=\"Panc\u00e9: Le Tertre Gris, the place to be !\"><img loading=\"lazy\" decoding=\"async\" width=\"150\" height=\"150\" src=\"https:\/\/janze-athletisme.fr\/wordpress\/wp-content\/uploads\/2026\/07\/afficheTTG-v6-FINALE-150x150.jpg\" class=\"attachment-thumbnail size-thumbnail wp-post-image\" alt=\"\" style=\"max-width:150px;max-height:150px;\" \/><\/a><\/div><a class=\"wp-block-latest-posts__post-title\" href=\"https:\/\/janze-athletisme.fr\/wordpress\/pance-le-tertre-gris-the-place-to-be\/\">Panc\u00e9: Le Tertre Gris, the place to be !<\/a><div class=\"wp-block-latest-posts__post-author\">par Jean-Marie Jouzel<\/div><time datetime=\"2026-07-22T10:55:31+02:00\" class=\"wp-block-latest-posts__post-date\">22 juillet 2026<\/time><div class=\"wp-block-latest-posts__post-excerpt\">Trail du Tertre Gris &nbsp; C&rsquo;est un des spots le plus recherch\u00e9 du secteur. Non seulement le site est sympa, ombrag\u00e9, le Semnon y coule en contrebas et nous apporte un peu de sa fra\u00eecheur, mais on a surtout des \u00ab\u00a0grosses patates\u00a0\u00bb ! autrement dit, de belles bosses assez sympas, un D+ encore modeste certes\u2026 <a class=\"wp-block-latest-posts__read-more\" href=\"https:\/\/janze-athletisme.fr\/wordpress\/pance-le-tertre-gris-the-place-to-be\/\" rel=\"noopener\">Lire la suite<span class=\"screen-reader-text\">\u00a0: Panc\u00e9: Le Tertre Gris, the place to be !<\/span><\/a><\/div><\/li>\n<li><div class=\"wp-block-latest-posts__featured-image alignleft\"><a href=\"https:\/\/janze-athletisme.fr\/wordpress\/chateaugiron-les-filles-a-lhonneur\/\" aria-label=\"Ch\u00e2teaugiron: les filles \u00e0 l&rsquo;honneur\"><img loading=\"lazy\" decoding=\"async\" width=\"150\" height=\"150\" src=\"https:\/\/janze-athletisme.fr\/wordpress\/wp-content\/uploads\/2026\/07\/images-150x150.jpg\" class=\"attachment-thumbnail size-thumbnail wp-post-image\" alt=\"\" style=\"max-width:150px;max-height:150px;\" \/><\/a><\/div><a class=\"wp-block-latest-posts__post-title\" href=\"https:\/\/janze-athletisme.fr\/wordpress\/chateaugiron-les-filles-a-lhonneur\/\">Ch\u00e2teaugiron: les filles \u00e0 l&rsquo;honneur<\/a><div class=\"wp-block-latest-posts__post-author\">par Jean-Marie Jouzel<\/div><time datetime=\"2026-07-19T14:40:40+02:00\" class=\"wp-block-latest-posts__post-date\">19 juillet 2026<\/time><div class=\"wp-block-latest-posts__post-excerpt\">Urban 10km Ch\u00e2teaugiron &nbsp; Encore un urban trail, chez nos voisins de Ch\u00e2teaugiron, pas loin, pratique, c&rsquo;est s\u00fbrement ce qu&rsquo;Amandine et Laurence se sont dit avant de participer \u00e0 cette course relativement r\u00e9cente mais en passe de devenir une classique dans le secteur. Une belle balade dans le centre historique de la ville. Une occasion\u2026 <a class=\"wp-block-latest-posts__read-more\" href=\"https:\/\/janze-athletisme.fr\/wordpress\/chateaugiron-les-filles-a-lhonneur\/\" rel=\"noopener\">Lire la suite<span class=\"screen-reader-text\">\u00a0: Ch\u00e2teaugiron: les filles \u00e0 l&rsquo;honneur<\/span><\/a><\/div><\/li>\n<li><div class=\"wp-block-latest-posts__featured-image alignleft\"><a href=\"https:\/\/janze-athletisme.fr\/wordpress\/louvigne-de-bais-sylvain-de-lautre-cote-de-la-barriere\/\" aria-label=\"Louvign\u00e9-de-Bais: Sylvain de l&rsquo;autre c\u00f4t\u00e9 de la barri\u00e8re !\"><img loading=\"lazy\" decoding=\"async\" width=\"150\" height=\"150\" src=\"https:\/\/janze-athletisme.fr\/wordpress\/wp-content\/uploads\/2026\/07\/Bandeau-Louvigne-en-fete-150x150.jpg\" class=\"attachment-thumbnail size-thumbnail wp-post-image\" alt=\"\" style=\"max-width:150px;max-height:150px;\" \/><\/a><\/div><a class=\"wp-block-latest-posts__post-title\" href=\"https:\/\/janze-athletisme.fr\/wordpress\/louvigne-de-bais-sylvain-de-lautre-cote-de-la-barriere\/\">Louvign\u00e9-de-Bais: Sylvain de l&rsquo;autre c\u00f4t\u00e9 de la barri\u00e8re !<\/a><div class=\"wp-block-latest-posts__post-author\">par Jean-Marie Jouzel<\/div><time datetime=\"2026-07-19T12:37:45+02:00\" class=\"wp-block-latest-posts__post-date\">19 juillet 2026<\/time><div class=\"wp-block-latest-posts__post-excerpt\">Louvign\u00e9 en F\u00eate &nbsp; C&rsquo;est une cheville ouvri\u00e8re essentielle, un maillon du club indispensable mais avant d&rsquo;\u00eatre entra\u00eeneur, Sylvain est avant tout un athl\u00e8te complet, sp\u00e9cialiste d&rsquo;ailleurs du d\u00e9cathlon et comme de bien entendu, un excellent coureur de demi-fond. Habitant Louvign\u00e9, il ne pouvait passer \u00e0 c\u00f4t\u00e9 de Sa course. Au final, un tr\u00e8s beau\u2026 <a class=\"wp-block-latest-posts__read-more\" href=\"https:\/\/janze-athletisme.fr\/wordpress\/louvigne-de-bais-sylvain-de-lautre-cote-de-la-barriere\/\" rel=\"noopener\">Lire la suite<span class=\"screen-reader-text\">\u00a0: Louvign\u00e9-de-Bais: Sylvain de l&rsquo;autre c\u00f4t\u00e9 de la barri\u00e8re !<\/span><\/a><\/div><\/li>\n<li><div class=\"wp-block-latest-posts__featured-image alignleft\"><a href=\"https:\/\/janze-athletisme.fr\/wordpress\/commande-maillot-trail-kinetik\/\" aria-label=\"Commande maillot Trail Kin\u00e9tik\"><img loading=\"lazy\" decoding=\"async\" width=\"150\" height=\"150\" src=\"https:\/\/janze-athletisme.fr\/wordpress\/wp-content\/uploads\/2026\/07\/maillot-2-150x150.png\" class=\"attachment-thumbnail size-thumbnail wp-post-image\" alt=\"\" style=\"max-width:150px;max-height:150px;\" \/><\/a><\/div><a class=\"wp-block-latest-posts__post-title\" href=\"https:\/\/janze-athletisme.fr\/wordpress\/commande-maillot-trail-kinetik\/\">Commande maillot Trail Kin\u00e9tik<\/a><div class=\"wp-block-latest-posts__post-author\">par Jean-Marie Jouzel<\/div><time datetime=\"2026-07-18T14:47:50+02:00\" class=\"wp-block-latest-posts__post-date\">18 juillet 2026<\/time><div class=\"wp-block-latest-posts__post-excerpt\">Afin de finaliser au plus vite la commande du maillot trail de Janz\u00e9 et m\u00eame si je sais, c&rsquo;est les vacances et on a d&rsquo;autres chats \u00e0 fouetter ! merci SVP de r\u00e9pondre au google form afin de noter votre taille ainsi que valider l&rsquo;option col zipp\u00e9. Ici<\/div><\/li>\n<li><div class=\"wp-block-latest-posts__featured-image alignleft\"><a href=\"https:\/\/janze-athletisme.fr\/wordpress\/pleneuf-val-andre-les-affaires-reprennent\/\" aria-label=\"Pl\u00e9neuf Val-Andr\u00e9: les affaires reprennent !\"><img loading=\"lazy\" decoding=\"async\" width=\"150\" height=\"150\" src=\"https:\/\/janze-athletisme.fr\/wordpress\/wp-content\/uploads\/2026\/07\/Affiche-20260714-150x150.png\" class=\"attachment-thumbnail size-thumbnail wp-post-image\" alt=\"\" style=\"max-width:150px;max-height:150px;\" \/><\/a><\/div><a class=\"wp-block-latest-posts__post-title\" href=\"https:\/\/janze-athletisme.fr\/wordpress\/pleneuf-val-andre-les-affaires-reprennent\/\">Pl\u00e9neuf Val-Andr\u00e9: les affaires reprennent !<\/a><div class=\"wp-block-latest-posts__post-author\">par Jean-Marie Jouzel<\/div><time datetime=\"2026-07-18T14:36:23+02:00\" class=\"wp-block-latest-posts__post-date\">18 juillet 2026<\/time><div class=\"wp-block-latest-posts__post-excerpt\">Courir sur la Digue &nbsp; &nbsp; Ca y est, on reprend enfin nos articles du club et du hors-stade vu qu&rsquo;en \u00e9t\u00e9, on ne ch\u00f4me (presque) jamais ! je peaufine un peu mon article sur la Restonica et vous livre \u00e7a sous peu&#8230;en attendant, parlons des autres, c&rsquo;est ce que je pr\u00e9f\u00e8re et parlons un\u2026 <a class=\"wp-block-latest-posts__read-more\" href=\"https:\/\/janze-athletisme.fr\/wordpress\/pleneuf-val-andre-les-affaires-reprennent\/\" rel=\"noopener\">Lire la suite<span class=\"screen-reader-text\">\u00a0: Pl\u00e9neuf Val-Andr\u00e9: les affaires reprennent !<\/span><\/a><\/div><\/li>\n<li><div class=\"wp-block-latest-posts__featured-image alignleft\"><a href=\"https:\/\/janze-athletisme.fr\/wordpress\/charlety-un-disque-solaire-pour-esteban-qui-franchit-les-40m\/\" aria-label=\"Charl\u00e9ty : un disque solaire pour Esteban, qui franchit les 40m !\"><img loading=\"lazy\" decoding=\"async\" width=\"150\" height=\"150\" src=\"https:\/\/janze-athletisme.fr\/wordpress\/wp-content\/uploads\/2026\/07\/1000008005-150x150.jpg\" class=\"attachment-thumbnail size-thumbnail wp-post-image\" alt=\"\" style=\"max-width:150px;max-height:150px;\" srcset=\"https:\/\/janze-athletisme.fr\/wordpress\/wp-content\/uploads\/2026\/07\/1000008005-150x150.jpg 150w, https:\/\/janze-athletisme.fr\/wordpress\/wp-content\/uploads\/2026\/07\/1000008005-300x300.jpg 300w, https:\/\/janze-athletisme.fr\/wordpress\/wp-content\/uploads\/2026\/07\/1000008005-1024x1024.jpg 1024w, https:\/\/janze-athletisme.fr\/wordpress\/wp-content\/uploads\/2026\/07\/1000008005-768x768.jpg 768w, https:\/\/janze-athletisme.fr\/wordpress\/wp-content\/uploads\/2026\/07\/1000008005.jpg 1200w\" sizes=\"auto, (max-width: 150px) 100vw, 150px\" \/><\/a><\/div><a class=\"wp-block-latest-posts__post-title\" href=\"https:\/\/janze-athletisme.fr\/wordpress\/charlety-un-disque-solaire-pour-esteban-qui-franchit-les-40m\/\">Charl\u00e9ty : un disque solaire pour Esteban, qui franchit les 40m !<\/a><div class=\"wp-block-latest-posts__post-author\">par Laurent Meunier<\/div><time datetime=\"2026-07-17T19:18:25+02:00\" class=\"wp-block-latest-posts__post-date\">17 juillet 2026<\/time><div class=\"wp-block-latest-posts__post-excerpt\">Championnats de France U-NXT, 16\/19 juillet, stade Charl\u00e9ty, Paris On se d\u00e9sesp\u00e9rait de finir par une note positive cette saison dont la canicule a transform\u00e9 les derni\u00e8res semaines en eau de boudin&#8230; Br\u00e9quigny, Janz\u00e9, Pontoise annul\u00e9s, Laval g\u00e2ch\u00e9 par le vent, il ne restait que Charl\u00e9ty pour terminer cette dr\u00f4le de saison pas dr\u00f4le par\u2026 <a class=\"wp-block-latest-posts__read-more\" href=\"https:\/\/janze-athletisme.fr\/wordpress\/charlety-un-disque-solaire-pour-esteban-qui-franchit-les-40m\/\" rel=\"noopener\">Lire la suite<span class=\"screen-reader-text\">\u00a0: Charl\u00e9ty : un disque solaire pour Esteban, qui franchit les 40m !<\/span><\/a><\/div><\/li>\n<li><div class=\"wp-block-latest-posts__featured-image alignleft\"><a href=\"https:\/\/janze-athletisme.fr\/wordpress\/trois-pistards-en-quete-de-chrono-sur-la-route\/\" aria-label=\"Trois pistards en qu\u00eate de chrono sur la route\"><img loading=\"lazy\" decoding=\"async\" width=\"150\" height=\"150\" src=\"https:\/\/janze-athletisme.fr\/wordpress\/wp-content\/uploads\/2026\/07\/Mathis-Houssais-17mai2026-e1784232980791-150x150.jpg\" class=\"attachment-thumbnail size-thumbnail wp-post-image\" alt=\"\" style=\"max-width:150px;max-height:150px;\" srcset=\"https:\/\/janze-athletisme.fr\/wordpress\/wp-content\/uploads\/2026\/07\/Mathis-Houssais-17mai2026-e1784232980791-150x150.jpg 150w, https:\/\/janze-athletisme.fr\/wordpress\/wp-content\/uploads\/2026\/07\/Mathis-Houssais-17mai2026-e1784232980791-300x300.jpg 300w, https:\/\/janze-athletisme.fr\/wordpress\/wp-content\/uploads\/2026\/07\/Mathis-Houssais-17mai2026-e1784232980791.jpg 735w\" sizes=\"auto, (max-width: 150px) 100vw, 150px\" \/><\/a><\/div><a class=\"wp-block-latest-posts__post-title\" href=\"https:\/\/janze-athletisme.fr\/wordpress\/trois-pistards-en-quete-de-chrono-sur-la-route\/\">Trois pistards en qu\u00eate de chrono sur la route<\/a><div class=\"wp-block-latest-posts__post-author\">par Laurent Meunier<\/div><time datetime=\"2026-07-17T00:01:37+02:00\" class=\"wp-block-latest-posts__post-date\">17 juillet 2026<\/time><div class=\"wp-block-latest-posts__post-excerpt\">Pl\u00e9neuf-Val-Andr\u00e9 et Saint-Martin des Champs, mardi 14 juillet Il fallait \u00eatre au bord de la mer ce 14 juillet, et nos trois athl\u00e8tes EAC, de sortie pour l&rsquo;occasion, ne s&rsquo;y sont pas tromp\u00e9s. Romane Le Scour (Cesson) a choisi Saint-Martin-des-Champs, pr\u00e8s de Morlaix, pour un 5km tourn\u00e9 en 19&rsquo;35. Joli chrono, mais qui confirme le\u2026 <a class=\"wp-block-latest-posts__read-more\" href=\"https:\/\/janze-athletisme.fr\/wordpress\/trois-pistards-en-quete-de-chrono-sur-la-route\/\" rel=\"noopener\">Lire la suite<span class=\"screen-reader-text\">\u00a0: Trois pistards en qu\u00eate de chrono sur la route<\/span><\/a><\/div><\/li>\n<li><div class=\"wp-block-latest-posts__featured-image alignleft\"><a href=\"https:\/\/janze-athletisme.fr\/wordpress\/46-records-du-club-battus-cette-saison\/\" aria-label=\"46 records du club battus cette saison\"><img loading=\"lazy\" decoding=\"async\" width=\"150\" height=\"150\" src=\"https:\/\/janze-athletisme.fr\/wordpress\/wp-content\/uploads\/2026\/07\/DSC_6908-150x150.jpg\" class=\"attachment-thumbnail size-thumbnail wp-post-image\" alt=\"\" style=\"max-width:150px;max-height:150px;\" srcset=\"https:\/\/janze-athletisme.fr\/wordpress\/wp-content\/uploads\/2026\/07\/DSC_6908-150x150.jpg 150w, https:\/\/janze-athletisme.fr\/wordpress\/wp-content\/uploads\/2026\/07\/DSC_6908-300x300.jpg 300w, https:\/\/janze-athletisme.fr\/wordpress\/wp-content\/uploads\/2026\/07\/DSC_6908-768x768.jpg 768w, https:\/\/janze-athletisme.fr\/wordpress\/wp-content\/uploads\/2026\/07\/DSC_6908.jpg 1000w\" sizes=\"auto, (max-width: 150px) 100vw, 150px\" \/><\/a><\/div><a class=\"wp-block-latest-posts__post-title\" href=\"https:\/\/janze-athletisme.fr\/wordpress\/46-records-du-club-battus-cette-saison\/\">46 records du club battus cette saison<\/a><div class=\"wp-block-latest-posts__post-author\">par Laurent Meunier<\/div><time datetime=\"2026-07-16T21:40:45+02:00\" class=\"wp-block-latest-posts__post-date\">16 juillet 2026<\/time><div class=\"wp-block-latest-posts__post-excerpt\">Records de Janz\u00e9 Athl\u00e9, saison 2025-2026 Nous esp\u00e9rions, le 25 mai dernier (ICI), que le record des records, \u00e9tabli l&rsquo;an pass\u00e9 (53), serait battu. Nous en \u00e9tions alors rest\u00e9s \u00e0 45&#8230; H\u00e9las, la fin de saison, rendue \u00e9prouvante et raccourcie par les canicules, n&rsquo;a pas permis de battre tous ceux qui \u00e9taient \u00e0 la port\u00e9e\u2026 <a class=\"wp-block-latest-posts__read-more\" href=\"https:\/\/janze-athletisme.fr\/wordpress\/46-records-du-club-battus-cette-saison\/\" rel=\"noopener\">Lire la suite<span class=\"screen-reader-text\">\u00a0: 46 records du club battus cette saison<\/span><\/a><\/div><\/li>\n<li><div class=\"wp-block-latest-posts__featured-image alignleft\"><a href=\"https:\/\/janze-athletisme.fr\/wordpress\/esteban-aux-u-nxt-the-d-day-and-the-desire-to-come-back\/\" aria-label=\"Esteban aux U-NXT, the D day and the desire to come back\"><img loading=\"lazy\" decoding=\"async\" width=\"150\" height=\"150\" src=\"https:\/\/janze-athletisme.fr\/wordpress\/wp-content\/uploads\/2026\/07\/DSC_5110-150x150.jpg\" class=\"attachment-thumbnail size-thumbnail wp-post-image\" alt=\"\" style=\"max-width:150px;max-height:150px;\" srcset=\"https:\/\/janze-athletisme.fr\/wordpress\/wp-content\/uploads\/2026\/07\/DSC_5110-150x150.jpg 150w, https:\/\/janze-athletisme.fr\/wordpress\/wp-content\/uploads\/2026\/07\/DSC_5110-300x300.jpg 300w, https:\/\/janze-athletisme.fr\/wordpress\/wp-content\/uploads\/2026\/07\/DSC_5110-1024x1024.jpg 1024w, https:\/\/janze-athletisme.fr\/wordpress\/wp-content\/uploads\/2026\/07\/DSC_5110-768x768.jpg 768w, https:\/\/janze-athletisme.fr\/wordpress\/wp-content\/uploads\/2026\/07\/DSC_5110.jpg 1200w\" sizes=\"auto, (max-width: 150px) 100vw, 150px\" \/><\/a><\/div><a class=\"wp-block-latest-posts__post-title\" href=\"https:\/\/janze-athletisme.fr\/wordpress\/esteban-aux-u-nxt-the-d-day-and-the-desire-to-come-back\/\">Esteban aux U-NXT, the D day and the desire to come back<\/a><div class=\"wp-block-latest-posts__post-author\">par Laurent Meunier<\/div><time datetime=\"2026-07-16T21:02:05+02:00\" class=\"wp-block-latest-posts__post-date\">16 juillet 2026<\/time><div class=\"wp-block-latest-posts__post-excerpt\">Championnats de France U18, U20, U23, stade Charl\u00e9ty, 15 au 19 juillet Ces championnats de France jeunes jusqu&rsquo;\u00e0 l&rsquo;an pass\u00e9 \u00e9taient les France \u00ab\u00a0Avenir\u00a0\u00bb. Devenus U-NXT (\u00ab\u00a0You are the next\u00a0\u00bb : tu es le prochain \/ la prochaine), ils se m\u00e2tinent d&rsquo;un vernis de communication qui ronfle bien. The contraction of the concept, especially in\u2026 <a class=\"wp-block-latest-posts__read-more\" href=\"https:\/\/janze-athletisme.fr\/wordpress\/esteban-aux-u-nxt-the-d-day-and-the-desire-to-come-back\/\" rel=\"noopener\">Lire la suite<span class=\"screen-reader-text\">\u00a0: Esteban aux U-NXT, the D day and the desire to come back<\/span><\/a><\/div><\/li>\n<li><div class=\"wp-block-latest-posts__featured-image alignleft\"><a href=\"https:\/\/janze-athletisme.fr\/wordpress\/ouverture-des-renouvellements-de-licence-2026-2027\/\" aria-label=\"OUVERTURE DES RENOUVELLEMENTS DE LICENCE 2026-2027 !\"><img loading=\"lazy\" decoding=\"async\" width=\"150\" height=\"150\" src=\"https:\/\/janze-athletisme.fr\/wordpress\/wp-content\/uploads\/2026\/07\/1-150x150.jpg\" class=\"attachment-thumbnail size-thumbnail wp-post-image\" alt=\"\" style=\"max-width:150px;max-height:150px;\" \/><\/a><\/div><a class=\"wp-block-latest-posts__post-title\" href=\"https:\/\/janze-athletisme.fr\/wordpress\/ouverture-des-renouvellements-de-licence-2026-2027\/\">OUVERTURE DES RENOUVELLEMENTS DE LICENCE 2026-2027 !<\/a><div class=\"wp-block-latest-posts__post-author\">par Mathieu Henry<\/div><time datetime=\"2026-07-14T09:55:55+02:00\" class=\"wp-block-latest-posts__post-date\">14 juillet 2026<\/time><div class=\"wp-block-latest-posts__post-excerpt\">Les renouvellements de licence pour la saison 2026-2027 sont d\u00e9sormais ouverts : https:\/\/janze-athletisme.kalisport.com\/ Vous \u00eates d\u00e9j\u00e0 licenci\u00e9(e) \u00e0 Janz\u00e9 Athl\u00e9tisme ? Il est temps de renouveler votre adh\u00e9sion pour repartir avec nous pour une nouvelle saison. \u27a1\ufe0f Suivez simplement les 3 \u00e9tapes indiqu\u00e9es sur l&rsquo;affiche : 1\ufe0f\u20e3 Mettez \u00e0 jour votre dossier club sur Kalisport\u2026 <a class=\"wp-block-latest-posts__read-more\" href=\"https:\/\/janze-athletisme.fr\/wordpress\/ouverture-des-renouvellements-de-licence-2026-2027\/\" rel=\"noopener\">Lire la suite<span class=\"screen-reader-text\">\u00a0: OUVERTURE DES RENOUVELLEMENTS DE LICENCE 2026-2027 !<\/span><\/a><\/div><\/li>\n<li><div class=\"wp-block-latest-posts__featured-image alignleft\"><a href=\"https:\/\/janze-athletisme.fr\/wordpress\/leac-106e-au-bilan-francais-des-clubs\/\" aria-label=\"L&rsquo;EAC 106e au bilan fran\u00e7ais des clubs\"><img loading=\"lazy\" decoding=\"async\" width=\"150\" height=\"150\" src=\"https:\/\/janze-athletisme.fr\/wordpress\/wp-content\/uploads\/2026\/07\/DSC_8620-150x150.jpg\" class=\"attachment-thumbnail size-thumbnail wp-post-image\" alt=\"\" style=\"max-width:150px;max-height:150px;\" srcset=\"https:\/\/janze-athletisme.fr\/wordpress\/wp-content\/uploads\/2026\/07\/DSC_8620-150x150.jpg 150w, https:\/\/janze-athletisme.fr\/wordpress\/wp-content\/uploads\/2026\/07\/DSC_8620-300x300.jpg 300w, https:\/\/janze-athletisme.fr\/wordpress\/wp-content\/uploads\/2026\/07\/DSC_8620-1024x1024.jpg 1024w, https:\/\/janze-athletisme.fr\/wordpress\/wp-content\/uploads\/2026\/07\/DSC_8620-768x768.jpg 768w, https:\/\/janze-athletisme.fr\/wordpress\/wp-content\/uploads\/2026\/07\/DSC_8620.jpg 1200w\" sizes=\"auto, (max-width: 150px) 100vw, 150px\" \/><\/a><\/div><a class=\"wp-block-latest-posts__post-title\" href=\"https:\/\/janze-athletisme.fr\/wordpress\/leac-106e-au-bilan-francais-des-clubs\/\">L&rsquo;EAC 106e au bilan fran\u00e7ais des clubs<\/a><div class=\"wp-block-latest-posts__post-author\">par Laurent Meunier<\/div><time datetime=\"2026-07-13T15:54:39+02:00\" class=\"wp-block-latest-posts__post-date\">13 juillet 2026<\/time><div class=\"wp-block-latest-posts__post-excerpt\">Classement national des clubs et bilan des athl\u00e8tes Avec ses 324 licenci\u00e9s, Janz\u00e9 Athl\u00e9 domine en nombre la composante EAC (185 pour Cesson et 148 pour Bain), mais reste encore derri\u00e8re Cesson en terme de haut niveau, m\u00eame si la densit\u00e9 de notre section, depuis 2022\/2023, est en progression constante. Des 33 athl\u00e8tes class\u00e9s \u00e0\u2026 <a class=\"wp-block-latest-posts__read-more\" href=\"https:\/\/janze-athletisme.fr\/wordpress\/leac-106e-au-bilan-francais-des-clubs\/\" rel=\"noopener\">Lire la suite<span class=\"screen-reader-text\">\u00a0: L&rsquo;EAC 106e au bilan fran\u00e7ais des clubs<\/span><\/a><\/div><\/li>\n<li><div class=\"wp-block-latest-posts__featured-image alignleft\"><a href=\"https:\/\/janze-athletisme.fr\/wordpress\/dans-le-retro-il-y-a-un-an\/\" aria-label=\"Dans le r\u00e9tro : il y a un an\"><img loading=\"lazy\" decoding=\"async\" width=\"150\" height=\"150\" src=\"https:\/\/janze-athletisme.fr\/wordpress\/wp-content\/uploads\/2026\/07\/Site-JA-les-dernieres-parutions-1-1-e1784032493676-150x150.png\" class=\"attachment-thumbnail size-thumbnail wp-post-image\" alt=\"\" style=\"max-width:150px;max-height:150px;\" \/><\/a><\/div><a class=\"wp-block-latest-posts__post-title\" href=\"https:\/\/janze-athletisme.fr\/wordpress\/dans-le-retro-il-y-a-un-an\/\">Dans le r\u00e9tro : il y a un an<\/a><div class=\"wp-block-latest-posts__post-author\">par Laurent Meunier<\/div><time datetime=\"2026-07-13T14:23:39+02:00\" class=\"wp-block-latest-posts__post-date\">13 juillet 2026<\/time><div class=\"wp-block-latest-posts__post-excerpt\">En regardant dans le r\u00e9tro&#8230; &#8230; On retrouve quasi la m\u00eame actu que cette ann\u00e9e, mais avec une \u00e9norme diff\u00e9rence : le meeting de Janz\u00e9 a eu lieu, tout s&rsquo;est bien pass\u00e9, et \u00e7a change tout de la tonalit\u00e9 finale de la saison 2024\/2025. La coupe des Ligues minimes a eu lieu \u00e9galement, avec trois\u2026 <a class=\"wp-block-latest-posts__read-more\" href=\"https:\/\/janze-athletisme.fr\/wordpress\/dans-le-retro-il-y-a-un-an\/\" rel=\"noopener\">Lire la suite<span class=\"screen-reader-text\">\u00a0: Dans le r\u00e9tro : il y a un an<\/span><\/a><\/div><\/li>\n<li><div class=\"wp-block-latest-posts__featured-image alignleft\"><a href=\"https:\/\/janze-athletisme.fr\/wordpress\/marie-2e-de-lopen-de-france-sur-400m-haies\/\" aria-label=\"Marie 2e de l&rsquo;Open de France sur 400m haies\"><img loading=\"lazy\" decoding=\"async\" width=\"150\" height=\"150\" src=\"https:\/\/janze-athletisme.fr\/wordpress\/wp-content\/uploads\/2026\/07\/Marie-Duvigneau-29mai2025-150x150.jpg\" class=\"attachment-thumbnail size-thumbnail wp-post-image\" alt=\"\" style=\"max-width:150px;max-height:150px;\" srcset=\"https:\/\/janze-athletisme.fr\/wordpress\/wp-content\/uploads\/2026\/07\/Marie-Duvigneau-29mai2025-150x150.jpg 150w, https:\/\/janze-athletisme.fr\/wordpress\/wp-content\/uploads\/2026\/07\/Marie-Duvigneau-29mai2025-300x300.jpg 300w, https:\/\/janze-athletisme.fr\/wordpress\/wp-content\/uploads\/2026\/07\/Marie-Duvigneau-29mai2025-768x768.jpg 768w, https:\/\/janze-athletisme.fr\/wordpress\/wp-content\/uploads\/2026\/07\/Marie-Duvigneau-29mai2025.jpg 1000w\" sizes=\"auto, (max-width: 150px) 100vw, 150px\" \/><\/a><\/div><a class=\"wp-block-latest-posts__post-title\" href=\"https:\/\/janze-athletisme.fr\/wordpress\/marie-2e-de-lopen-de-france-sur-400m-haies\/\">Marie 2e de l&rsquo;Open de France sur 400m haies<\/a><div class=\"wp-block-latest-posts__post-author\">par Laurent Meunier<\/div><time datetime=\"2026-07-12T20:38:30+02:00\" class=\"wp-block-latest-posts__post-date\">12 juillet 2026<\/time><div class=\"wp-block-latest-posts__post-excerpt\">Open de France, Blois, samedi 11 et dimanche 12 juillet Nous avions deux repr\u00e9sentants de l&rsquo;EAC (c\u00f4t\u00e9 Cesson) \u00e0 Blois pour cet Open de France nouvelle formule, anciens championnats de France B, dernier marchepied pour celles et ceux qui sont dans l&rsquo;antichambre de l\u2019\u00c9lite fran\u00e7aise et aspirent \u00e0 \u00eatre de la f\u00eate \u00e0 Albi, du\u2026 <a class=\"wp-block-latest-posts__read-more\" href=\"https:\/\/janze-athletisme.fr\/wordpress\/marie-2e-de-lopen-de-france-sur-400m-haies\/\" rel=\"noopener\">Lire la suite<span class=\"screen-reader-text\">\u00a0: Marie 2e de l&rsquo;Open de France sur 400m haies<\/span><\/a><\/div><\/li>\n<\/ul><\/div>\n<\/div>\n\n\n\n<div class=\"wp-block-buttons is-layout-flex wp-block-buttons-is-layout-flex\">\n<div class=\"wp-block-button is-style-outline is-style-outline--1\"><a class=\"wp-block-button__link has-ast-global-color-8-background-color has-text-color has-background wp-element-button\" href=\"https:\/\/janze-athletisme.fr\/wordpress\/category\/sections\/\" style=\"color:#db9024\">Aller sur le Blog de Janz\u00e9 Athl\u00e9tisme<\/a><\/div>\n<\/div>\n\n\n\n\n\n\n\n\n","protected":false},"excerpt":{"rendered":"<p>Informations Importantes : Actualit\u00e9s :<\/p>\n","protected":false},"author":3,"featured_media":0,"parent":0,"menu_order":0,"comment_status":"closed","ping_status":"closed","template":"","meta":{"_uag_custom_page_level_css":"","site-sidebar-layout":"default","site-content-layout":"","ast-site-content-layout":"default","site-content-style":"default","site-sidebar-style":"default","ast-global-header-display":"","ast-banner-title-visibility":"","ast-main-header-display":"","ast-hfb-above-header-display":"","ast-hfb-below-header-display":"","ast-hfb-mobile-header-display":"","site-post-title":"disabled","ast-breadcrumbs-content":"","ast-featured-img":"","footer-sml-layout":"","ast-disable-related-posts":"","theme-transparent-header-meta":"default","adv-header-id-meta":"","stick-header-meta":"","header-above-stick-meta":"","header-main-stick-meta":"","header-below-stick-meta":"","astra-migrate-meta-layouts":"set","ast-page-background-enabled":"default","ast-page-background-meta":{"desktop":{"background-color":"var(--ast-global-color-4)","background-image":"","background-repeat":"repeat","background-position":"center center","background-size":"auto","background-attachment":"scroll","background-type":"","background-media":"","overlay-type":"","overlay-color":"","overlay-opacity":"","overlay-gradient":""},"tablet":{"background-color":"","background-image":"","background-repeat":"repeat","background-position":"center center","background-size":"auto","background-attachment":"scroll","background-type":"","background-media":"","overlay-type":"","overlay-color":"","overlay-opacity":"","overlay-gradient":""},"mobile":{"background-color":"","background-image":"","background-repeat":"repeat","background-position":"center center","background-size":"auto","background-attachment":"scroll","background-type":"","background-media":"","overlay-type":"","overlay-color":"","overlay-opacity":"","overlay-gradient":""}},"ast-content-background-meta":{"desktop":{"background-color":"var(--ast-global-color-5)","background-image":"","background-repeat":"repeat","background-position":"center center","background-size":"auto","background-attachment":"scroll","background-type":"","background-media":"","overlay-type":"","overlay-color":"","overlay-opacity":"","overlay-gradient":""},"tablet":{"background-color":"var(--ast-global-color-5)","background-image":"","background-repeat":"repeat","background-position":"center center","background-size":"auto","background-attachment":"scroll","background-type":"","background-media":"","overlay-type":"","overlay-color":"","overlay-opacity":"","overlay-gradient":""},"mobile":{"background-color":"var(--ast-global-color-5)","background-image":"","background-repeat":"repeat","background-position":"center center","background-size":"auto","background-attachment":"scroll","background-type":"","background-media":"","overlay-type":"","overlay-color":"","overlay-opacity":"","overlay-gradient":""}},"footnotes":""},"class_list":["post-15847","page","type-page","status-publish","hentry"],"yoast_head":"<!-- This site is optimized with the Yoast SEO plugin v28.4 - https:\/\/yoast.com\/product\/yoast-seo-wordpress\/ -->\n<title>Accueil - Janz\u00e9 Athl\u00e9tisme<\/title>\n<meta name=\"robots\" content=\"index, follow, max-snippet:-1, max-image-preview:large, max-video-preview:-1\" \/>\n<link rel=\"canonical\" href=\"https:\/\/janze-athletisme.fr\/wordpress\/\" \/>\n<meta property=\"og:locale\" content=\"fr_FR\" \/>\n<meta property=\"og:type\" content=\"article\" \/>\n<meta property=\"og:title\" content=\"Accueil - Janz\u00e9 Athl\u00e9tisme\" \/>\n<meta property=\"og:description\" content=\"Informations Importantes : Actualit\u00e9s :\" \/>\n<meta property=\"og:url\" content=\"https:\/\/janze-athletisme.fr\/wordpress\/\" \/>\n<meta property=\"og:site_name\" content=\"Janz\u00e9 Athl\u00e9tisme\" \/>\n<meta property=\"article:publisher\" content=\"https:\/\/www.facebook.com\/groups\/1007964579346590\" \/>\n<meta property=\"article:modified_time\" content=\"2025-09-03T19:44:31+00:00\" \/>\n<meta name=\"twitter:card\" content=\"summary_large_image\" \/>\n<meta name=\"twitter:label1\" content=\"Dur\u00e9e de lecture estim\u00e9e\" \/>\n\t<meta name=\"twitter:data1\" content=\"1 minute\" \/>\n<script type=\"application\/ld+json\" class=\"yoast-schema-graph\">{\"@context\":\"https:\\\/\\\/schema.org\",\"@graph\":[{\"@type\":\"WebPage\",\"@id\":\"https:\\\/\\\/janze-athletisme.fr\\\/wordpress\\\/\",\"url\":\"https:\\\/\\\/janze-athletisme.fr\\\/wordpress\\\/\",\"name\":\"Accueil - Janz\u00e9 Athl\u00e9tisme\",\"isPartOf\":{\"@id\":\"https:\\\/\\\/janze-athletisme.fr\\\/wordpress\\\/#website\"},\"datePublished\":\"2023-12-10T15:47:49+00:00\",\"dateModified\":\"2025-09-03T19:44:31+00:00\",\"breadcrumb\":{\"@id\":\"https:\\\/\\\/janze-athletisme.fr\\\/wordpress\\\/#breadcrumb\"},\"inLanguage\":\"fr-FR\",\"potentialAction\":[{\"@type\":\"ReadAction\",\"target\":[\"https:\\\/\\\/janze-athletisme.fr\\\/wordpress\\\/\"]}]},{\"@type\":\"BreadcrumbList\",\"@id\":\"https:\\\/\\\/janze-athletisme.fr\\\/wordpress\\\/#breadcrumb\",\"itemListElement\":[{\"@type\":\"ListItem\",\"position\":1,\"name\":\"Accueil\",\"item\":\"https:\\\/\\\/janze-athletisme.fr\\\/wordpress\\\/\"},{\"@type\":\"ListItem\",\"position\":2,\"name\":\"Accueil\"}]},{\"@type\":\"WebSite\",\"@id\":\"https:\\\/\\\/janze-athletisme.fr\\\/wordpress\\\/#website\",\"url\":\"https:\\\/\\\/janze-athletisme.fr\\\/wordpress\\\/\",\"name\":\"Janz\u00e9 Athl\u00e9tisme\",\"description\":\"Pays de La Roche aux F\u00e9es\",\"publisher\":{\"@id\":\"https:\\\/\\\/janze-athletisme.fr\\\/wordpress\\\/#organization\"},\"potentialAction\":[{\"@type\":\"SearchAction\",\"target\":{\"@type\":\"EntryPoint\",\"urlTemplate\":\"https:\\\/\\\/janze-athletisme.fr\\\/wordpress\\\/?s={search_term_string}\"},\"query-input\":{\"@type\":\"PropertyValueSpecification\",\"valueRequired\":true,\"valueName\":\"search_term_string\"}}],\"inLanguage\":\"fr-FR\"},{\"@type\":\"Organization\",\"@id\":\"https:\\\/\\\/janze-athletisme.fr\\\/wordpress\\\/#organization\",\"name\":\"Janz\u00e9 Athl\u00e9tisme\",\"url\":\"https:\\\/\\\/janze-athletisme.fr\\\/wordpress\\\/\",\"logo\":{\"@type\":\"ImageObject\",\"inLanguage\":\"fr-FR\",\"@id\":\"https:\\\/\\\/janze-athletisme.fr\\\/wordpress\\\/#\\\/schema\\\/logo\\\/image\\\/\",\"url\":\"https:\\\/\\\/janze-athletisme.fr\\\/wordpress\\\/wp-content\\\/uploads\\\/2015\\\/03\\\/logo-full1.jpg\",\"contentUrl\":\"https:\\\/\\\/janze-athletisme.fr\\\/wordpress\\\/wp-content\\\/uploads\\\/2015\\\/03\\\/logo-full1.jpg\",\"width\":437,\"height\":205,\"caption\":\"Janz\u00e9 Athl\u00e9tisme\"},\"image\":{\"@id\":\"https:\\\/\\\/janze-athletisme.fr\\\/wordpress\\\/#\\\/schema\\\/logo\\\/image\\\/\"},\"sameAs\":[\"https:\\\/\\\/www.facebook.com\\\/groups\\\/1007964579346590\"]}]}<\/script>\n<!-- \/ Yoast SEO plugin. -->","yoast_head_json":{"title":"Accueil - Janz\u00e9 Athl\u00e9tisme","robots":{"index":"index","follow":"follow","max-snippet":"max-snippet:-1","max-image-preview":"max-image-preview:large","max-video-preview":"max-video-preview:-1"},"canonical":"https:\/\/janze-athletisme.fr\/wordpress\/","og_locale":"fr_FR","og_type":"article","og_title":"Accueil - Janz\u00e9 Athl\u00e9tisme","og_description":"Informations Importantes : Actualit\u00e9s :","og_url":"https:\/\/janze-athletisme.fr\/wordpress\/","og_site_name":"Janz\u00e9 Athl\u00e9tisme","article_publisher":"https:\/\/www.facebook.com\/groups\/1007964579346590","article_modified_time":"2025-09-03T19:44:31+00:00","twitter_card":"summary_large_image","twitter_misc":{"Dur\u00e9e de lecture estim\u00e9e":"1 minute"},"schema":{"@context":"https:\/\/schema.org","@graph":[{"@type":"WebPage","@id":"https:\/\/janze-athletisme.fr\/wordpress\/","url":"https:\/\/janze-athletisme.fr\/wordpress\/","name":"Accueil - Janz\u00e9 Athl\u00e9tisme","isPartOf":{"@id":"https:\/\/janze-athletisme.fr\/wordpress\/#website"},"datePublished":"2023-12-10T15:47:49+00:00","dateModified":"2025-09-03T19:44:31+00:00","breadcrumb":{"@id":"https:\/\/janze-athletisme.fr\/wordpress\/#breadcrumb"},"inLanguage":"fr-FR","potentialAction":[{"@type":"ReadAction","target":["https:\/\/janze-athletisme.fr\/wordpress\/"]}]},{"@type":"BreadcrumbList","@id":"https:\/\/janze-athletisme.fr\/wordpress\/#breadcrumb","itemListElement":[{"@type":"ListItem","position":1,"name":"Accueil","item":"https:\/\/janze-athletisme.fr\/wordpress\/"},{"@type":"ListItem","position":2,"name":"Accueil"}]},{"@type":"WebSite","@id":"https:\/\/janze-athletisme.fr\/wordpress\/#website","url":"https:\/\/janze-athletisme.fr\/wordpress\/","name":"Janz\u00e9 Athl\u00e9tisme","description":"Pays de La Roche aux F\u00e9es","publisher":{"@id":"https:\/\/janze-athletisme.fr\/wordpress\/#organization"},"potentialAction":[{"@type":"SearchAction","target":{"@type":"EntryPoint","urlTemplate":"https:\/\/janze-athletisme.fr\/wordpress\/?s={search_term_string}"},"query-input":{"@type":"PropertyValueSpecification","valueRequired":true,"valueName":"search_term_string"}}],"inLanguage":"fr-FR"},{"@type":"Organization","@id":"https:\/\/janze-athletisme.fr\/wordpress\/#organization","name":"Janz\u00e9 Athl\u00e9tisme","url":"https:\/\/janze-athletisme.fr\/wordpress\/","logo":{"@type":"ImageObject","inLanguage":"fr-FR","@id":"https:\/\/janze-athletisme.fr\/wordpress\/#\/schema\/logo\/image\/","url":"https:\/\/janze-athletisme.fr\/wordpress\/wp-content\/uploads\/2015\/03\/logo-full1.jpg","contentUrl":"https:\/\/janze-athletisme.fr\/wordpress\/wp-content\/uploads\/2015\/03\/logo-full1.jpg","width":437,"height":205,"caption":"Janz\u00e9 Athl\u00e9tisme"},"image":{"@id":"https:\/\/janze-athletisme.fr\/wordpress\/#\/schema\/logo\/image\/"},"sameAs":["https:\/\/www.facebook.com\/groups\/1007964579346590"]}]}},"uagb_featured_image_src":{"full":false,"thumbnail":false,"medium":false,"medium_large":false,"large":false,"1536x1536":false,"2048x2048":false},"uagb_author_info":{"display_name":"Fr\u00e9d\u00e9ric Graye","author_link":"https:\/\/janze-athletisme.fr\/wordpress\/author\/jathe_adm\/"},"uagb_comment_info":0,"uagb_excerpt":"Informations Importantes : Actualit\u00e9s :","_links":{"self":[{"href":"https:\/\/janze-athletisme.fr\/wordpress\/wp-json\/wp\/v2\/pages\/15847","targetHints":{"allow":["GET"]}}],"collection":[{"href":"https:\/\/janze-athletisme.fr\/wordpress\/wp-json\/wp\/v2\/pages"}],"about":[{"href":"https:\/\/janze-athletisme.fr\/wordpress\/wp-json\/wp\/v2\/types\/page"}],"author":[{"embeddable":true,"href":"https:\/\/janze-athletisme.fr\/wordpress\/wp-json\/wp\/v2\/users\/3"}],"replies":[{"embeddable":true,"href":"https:\/\/janze-athletisme.fr\/wordpress\/wp-json\/wp\/v2\/comments?post=15847"}],"version-history":[{"count":10,"href":"https:\/\/janze-athletisme.fr\/wordpress\/wp-json\/wp\/v2\/pages\/15847\/revisions"}],"predecessor-version":[{"id":21901,"href":"https:\/\/janze-athletisme.fr\/wordpress\/wp-json\/wp\/v2\/pages\/15847\/revisions\/21901"}],"wp:attachment":[{"href":"https:\/\/janze-athletisme.fr\/wordpress\/wp-json\/wp\/v2\/media?parent=15847"}],"curies":[{"name":"wp","href":"https:\/\/api.w.org\/{rel}","templated":true}]}}