{"version":"1.0","provider_name":"Janz\u00e9 Athl\u00e9tisme","provider_url":"https:\/\/janze-athletisme.fr\/wordpress","author_name":"Fr\u00e9d\u00e9ric Graye","author_url":"https:\/\/janze-athletisme.fr\/wordpress\/author\/jathe_adm\/","title":"WE 10 et 11 f\u00e9vrier - Janz\u00e9 Athl\u00e9tisme","type":"rich","width":600,"height":338,"html":"<blockquote class=\"wp-embedded-content\" data-secret=\"yTqy8XSuTi\"><a href=\"https:\/\/janze-athletisme.fr\/wordpress\/we-10-11-fevrier\/\">WE 10 et 11 f\u00e9vrier<\/a><\/blockquote><iframe sandbox=\"allow-scripts\" security=\"restricted\" src=\"https:\/\/janze-athletisme.fr\/wordpress\/we-10-11-fevrier\/embed\/#?secret=yTqy8XSuTi\" width=\"600\" height=\"338\" title=\"\u00ab\u00a0WE 10 et 11 f\u00e9vrier\u00a0\u00bb &#8212; Janz\u00e9 Athl\u00e9tisme\" data-secret=\"yTqy8XSuTi\" frameborder=\"0\" marginwidth=\"0\" marginheight=\"0\" scrolling=\"no\" class=\"wp-embedded-content\"><\/iframe><script>\n\/*! This file is auto-generated *\/\n!function(d,l){\"use strict\";l.querySelector&&d.addEventListener&&\"undefined\"!=typeof URL&&(d.wp=d.wp||{},d.wp.receiveEmbedMessage||(d.wp.receiveEmbedMessage=function(e){var t=e.data;if((t||t.secret||t.message||t.value)&&!\/[^a-zA-Z0-9]\/.test(t.secret)){for(var s,r,n,a=l.querySelectorAll('iframe[data-secret=\"'+t.secret+'\"]'),o=l.querySelectorAll('blockquote[data-secret=\"'+t.secret+'\"]'),c=new RegExp(\"^https?:$\",\"i\"),i=0;i<o.length;i++)o[i].style.display=\"none\";for(i=0;i<a.length;i++)s=a[i],e.source===s.contentWindow&&(s.removeAttribute(\"style\"),\"height\"===t.message?(1e3<(r=parseInt(t.value,10))?r=1e3:~~r<200&&(r=200),s.height=r):\"link\"===t.message&&(r=new URL(s.getAttribute(\"src\")),n=new URL(t.value),c.test(n.protocol))&&n.host===r.host&&l.activeElement===s&&(d.top.location.href=t.value))}},d.addEventListener(\"message\",d.wp.receiveEmbedMessage,!1),l.addEventListener(\"DOMContentLoaded\",function(){for(var e,t,s=l.querySelectorAll(\"iframe.wp-embedded-content\"),r=0;r<s.length;r++)(t=(e=s[r]).getAttribute(\"data-secret\"))||(t=Math.random().toString(36).substring(2,12),e.src+=\"#?secret=\"+t,e.setAttribute(\"data-secret\",t)),e.contentWindow.postMessage({message:\"ready\",secret:t},\"*\")},!1)))}(window,document);\n\/\/# sourceURL=https:\/\/janze-athletisme.fr\/wordpress\/wp-includes\/js\/wp-embed.min.js\n<\/script>\n","description":"Ce weekend, Janz\u00e9 athl\u00e9 \u00e9tait repr\u00e9sent\u00e9 sur tous types de terrains : meeting d&rsquo;athl\u00e9tisme en salle pour les benjamins-minimes, entra\u00eenement pour les \u00e9veils, poussins, cadets et juniors, sortie marche nordique sur le circuit de Corps Nuds, championnat de France master en salle, championnat de Bretagne de lancers longs, trail du Glazig (dans le 22)&#8230; Meeting\u00a0benjamins-minimes [&hellip;]","thumbnail_url":"https:\/\/mail.google.com\/mail\/u\/0\/?ui=2&amp;ik=b684a3c662&amp;view=fimg&amp;th=1618a08b2be9d6a1&amp;attid=0.1.5&amp;disp=emb&amp;attbid=ANGjdJ_d5H46Mn1pe5GSZtNOO0s5P5JFUPeVUtiTDgRRqPNJjcixWLhBtC2WlYMTqKj9J3E60Ln4uOinPEQFnNvJCfbT1iszr1IvudBIs45cFYrS99iaCO3rLmjzjFw&amp;sz=s0-l75-ft&amp;ats=1518635519568&amp;rm=1618a08b2be9d6a1&amp;zw&amp;atsh=1"}