{"version":"1.0","provider_name":"Janz\u00e9 Athl\u00e9tisme","provider_url":"https:\/\/janze-athletisme.fr\/wordpress","author_name":"Jean-Marie Jouzel","author_url":"https:\/\/janze-athletisme.fr\/wordpress\/author\/jmjouzel\/","title":"Modification dates r\u00e9fection de la piste - Janz\u00e9 Athl\u00e9tisme","type":"rich","width":600,"height":338,"html":"<blockquote class=\"wp-embedded-content\" data-secret=\"TSjHQpYuvQ\"><a href=\"https:\/\/janze-athletisme.fr\/wordpress\/modification-dates-refection-de-la-piste\/\">Modification dates r\u00e9fection de la piste<\/a><\/blockquote><iframe sandbox=\"allow-scripts\" security=\"restricted\" src=\"https:\/\/janze-athletisme.fr\/wordpress\/modification-dates-refection-de-la-piste\/embed\/#?secret=TSjHQpYuvQ\" width=\"600\" height=\"338\" title=\"\u00ab\u00a0Modification dates r\u00e9fection de la piste\u00a0\u00bb &#8212; Janz\u00e9 Athl\u00e9tisme\" data-secret=\"TSjHQpYuvQ\" frameborder=\"0\" marginwidth=\"0\" marginheight=\"0\" scrolling=\"no\" class=\"wp-embedded-content\"><\/iframe><script>\n\/*! This file is auto-generated *\/\n!function(d,l){\"use strict\";l.querySelector&&d.addEventListener&&\"undefined\"!=typeof URL&&(d.wp=d.wp||{},d.wp.receiveEmbedMessage||(d.wp.receiveEmbedMessage=function(e){var t=e.data;if((t||t.secret||t.message||t.value)&&!\/[^a-zA-Z0-9]\/.test(t.secret)){for(var s,r,n,a=l.querySelectorAll('iframe[data-secret=\"'+t.secret+'\"]'),o=l.querySelectorAll('blockquote[data-secret=\"'+t.secret+'\"]'),c=new RegExp(\"^https?:$\",\"i\"),i=0;i<o.length;i++)o[i].style.display=\"none\";for(i=0;i<a.length;i++)s=a[i],e.source===s.contentWindow&&(s.removeAttribute(\"style\"),\"height\"===t.message?(1e3<(r=parseInt(t.value,10))?r=1e3:~~r<200&&(r=200),s.height=r):\"link\"===t.message&&(r=new URL(s.getAttribute(\"src\")),n=new URL(t.value),c.test(n.protocol))&&n.host===r.host&&l.activeElement===s&&(d.top.location.href=t.value))}},d.addEventListener(\"message\",d.wp.receiveEmbedMessage,!1),l.addEventListener(\"DOMContentLoaded\",function(){for(var e,t,s=l.querySelectorAll(\"iframe.wp-embedded-content\"),r=0;r<s.length;r++)(t=(e=s[r]).getAttribute(\"data-secret\"))||(t=Math.random().toString(36).substring(2,12),e.src+=\"#?secret=\"+t,e.setAttribute(\"data-secret\",t)),e.contentWindow.postMessage({message:\"ready\",secret:t},\"*\")},!1)))}(window,document);\n\/\/# sourceURL=https:\/\/janze-athletisme.fr\/wordpress\/wp-includes\/js\/wp-embed.min.js\n<\/script>\n","thumbnail_url":"https:\/\/janze-athletisme.fr\/wordpress\/wp-content\/uploads\/2025\/04\/Sans-titre-12.jpg","thumbnail_width":259,"thumbnail_height":194,"description":"Bonjour \u00e0 tous, L\u2019entreprise Aquaclean va intervenir pour nettoyage et tra\u00e7age de la piste d\u2019athl\u00e9tisme. Le nettoyage doit \u00eatre r\u00e9alis\u00e9 \u00e0 nouveau la piste sera donc ferm\u00e9e (sautoirs interdits). La piste et le terrain A ne seront pas disponibles du lundi 2\/6\/2025 au jeudi 12\/6\/2025 Merci de bien vouloir respecter et faire respecter ces consignes [&hellip;]"}