{"version":"1.0","provider_name":"Janz\u00e9 Athl\u00e9tisme","provider_url":"https:\/\/janze-athletisme.fr\/wordpress","author_name":"Jean-Marie Jouzel","author_url":"https:\/\/janze-athletisme.fr\/wordpress\/author\/jmjouzel\/","title":"Marathon de Rennes - Janz\u00e9 Athl\u00e9tisme","type":"rich","width":600,"height":338,"html":"<blockquote class=\"wp-embedded-content\" data-secret=\"tR0Dy9I5IA\"><a href=\"https:\/\/janze-athletisme.fr\/wordpress\/marathon-de-rennes\/\">Marathon de Rennes<\/a><\/blockquote><iframe sandbox=\"allow-scripts\" security=\"restricted\" src=\"https:\/\/janze-athletisme.fr\/wordpress\/marathon-de-rennes\/embed\/#?secret=tR0Dy9I5IA\" width=\"600\" height=\"338\" title=\"\u00ab\u00a0Marathon de Rennes\u00a0\u00bb &#8212; Janz\u00e9 Athl\u00e9tisme\" data-secret=\"tR0Dy9I5IA\" frameborder=\"0\" marginwidth=\"0\" marginheight=\"0\" scrolling=\"no\" class=\"wp-embedded-content\"><\/iframe><script>\n\/*! This file is auto-generated *\/\n!function(d,l){\"use strict\";l.querySelector&&d.addEventListener&&\"undefined\"!=typeof URL&&(d.wp=d.wp||{},d.wp.receiveEmbedMessage||(d.wp.receiveEmbedMessage=function(e){var t=e.data;if((t||t.secret||t.message||t.value)&&!\/[^a-zA-Z0-9]\/.test(t.secret)){for(var s,r,n,a=l.querySelectorAll('iframe[data-secret=\"'+t.secret+'\"]'),o=l.querySelectorAll('blockquote[data-secret=\"'+t.secret+'\"]'),c=new RegExp(\"^https?:$\",\"i\"),i=0;i<o.length;i++)o[i].style.display=\"none\";for(i=0;i<a.length;i++)s=a[i],e.source===s.contentWindow&&(s.removeAttribute(\"style\"),\"height\"===t.message?(1e3<(r=parseInt(t.value,10))?r=1e3:~~r<200&&(r=200),s.height=r):\"link\"===t.message&&(r=new URL(s.getAttribute(\"src\")),n=new URL(t.value),c.test(n.protocol))&&n.host===r.host&&l.activeElement===s&&(d.top.location.href=t.value))}},d.addEventListener(\"message\",d.wp.receiveEmbedMessage,!1),l.addEventListener(\"DOMContentLoaded\",function(){for(var e,t,s=l.querySelectorAll(\"iframe.wp-embedded-content\"),r=0;r<s.length;r++)(t=(e=s[r]).getAttribute(\"data-secret\"))||(t=Math.random().toString(36).substring(2,12),e.src+=\"#?secret=\"+t,e.setAttribute(\"data-secret\",t)),e.contentWindow.postMessage({message:\"ready\",secret:t},\"*\")},!1)))}(window,document);\n\/\/# sourceURL=https:\/\/janze-athletisme.fr\/wordpress\/wp-includes\/js\/wp-embed.min.js\n<\/script>\n","description":"Marathon Vert de Rennes Des janz\u00e9ens \u00e9taient \u00e0 l&rsquo;honneur le 28 octobre dernier pour le marathon de Rennes. Ils ont affront\u00e9 le froid et vaincu cette distance mythique. Bienvenu dans la grande famille des marathoniens \u00e0 Ludo et S\u00e9b ! A quand le prochain ?? Marathon Vert [ws_table id=\u00a0\u00bb714&Prime;] Marche Nordique [ws_table id=\u00a0\u00bb715&Prime;] La F\u00e9minine [&hellip;]"}