{"version":"1.0","provider_name":"Janz\u00e9 Athl\u00e9tisme","provider_url":"https:\/\/janze-athletisme.fr\/wordpress","author_name":"Anthony","author_url":"https:\/\/janze-athletisme.fr\/wordpress\/author\/anjuvin\/","title":"La Gr\u00e9gorienne - Janz\u00e9 Athl\u00e9tisme","type":"rich","width":600,"height":338,"html":"<blockquote class=\"wp-embedded-content\" data-secret=\"l3Nu7uiom5\"><a href=\"https:\/\/janze-athletisme.fr\/wordpress\/la-gregorienne\/\">La Gr\u00e9gorienne<\/a><\/blockquote><iframe sandbox=\"allow-scripts\" security=\"restricted\" src=\"https:\/\/janze-athletisme.fr\/wordpress\/la-gregorienne\/embed\/#?secret=l3Nu7uiom5\" width=\"600\" height=\"338\" title=\"\u00ab\u00a0La Gr\u00e9gorienne\u00a0\u00bb &#8212; Janz\u00e9 Athl\u00e9tisme\" data-secret=\"l3Nu7uiom5\" frameborder=\"0\" marginwidth=\"0\" marginheight=\"0\" scrolling=\"no\" class=\"wp-embedded-content\"><\/iframe><script>\n\/*! This file is auto-generated *\/\n!function(d,l){\"use strict\";l.querySelector&&d.addEventListener&&\"undefined\"!=typeof URL&&(d.wp=d.wp||{},d.wp.receiveEmbedMessage||(d.wp.receiveEmbedMessage=function(e){var t=e.data;if((t||t.secret||t.message||t.value)&&!\/[^a-zA-Z0-9]\/.test(t.secret)){for(var s,r,n,a=l.querySelectorAll('iframe[data-secret=\"'+t.secret+'\"]'),o=l.querySelectorAll('blockquote[data-secret=\"'+t.secret+'\"]'),c=new RegExp(\"^https?:$\",\"i\"),i=0;i<o.length;i++)o[i].style.display=\"none\";for(i=0;i<a.length;i++)s=a[i],e.source===s.contentWindow&&(s.removeAttribute(\"style\"),\"height\"===t.message?(1e3<(r=parseInt(t.value,10))?r=1e3:~~r<200&&(r=200),s.height=r):\"link\"===t.message&&(r=new URL(s.getAttribute(\"src\")),n=new URL(t.value),c.test(n.protocol))&&n.host===r.host&&l.activeElement===s&&(d.top.location.href=t.value))}},d.addEventListener(\"message\",d.wp.receiveEmbedMessage,!1),l.addEventListener(\"DOMContentLoaded\",function(){for(var e,t,s=l.querySelectorAll(\"iframe.wp-embedded-content\"),r=0;r<s.length;r++)(t=(e=s[r]).getAttribute(\"data-secret\"))||(t=Math.random().toString(36).substring(2,12),e.src+=\"#?secret=\"+t,e.setAttribute(\"data-secret\",t)),e.contentWindow.postMessage({message:\"ready\",secret:t},\"*\")},!1)))}(window,document);\n\/\/# sourceURL=https:\/\/janze-athletisme.fr\/wordpress\/wp-includes\/js\/wp-embed.min.js\n<\/script>\n","description":"Les M\u00e9tropolitaines Comme chaque ann\u00e9e, ils y avaient de nombreux Janz\u00e9ens et Janz\u00e9ennes \u00e0 Saint Gr\u00e9goire pour la 1\u00e8re course sur route 2018.\u00a0Malgr\u00e9 une m\u00e9t\u00e9o capricieuse, nos athl\u00e8tes ont r\u00e9ussi \u00e0 \u00e9viter les gouttes et faire de tr\u00e8s bons chronos. Virginie L termine 1\u00e8re V1F et en profite pour prendre le record de la saison [&hellip;]","thumbnail_url":"http:\/\/janze-athletisme.fr\/wordpress\/wp-content\/uploads\/2018\/01\/pixiz-25-01-2018-17-11-59.jpg"}