{"version":"1.0","provider_name":"Janz\u00e9 Athl\u00e9tisme","provider_url":"https:\/\/janze-athletisme.fr\/wordpress","author_name":"Fr\u00e9d\u00e9ric Graye","author_url":"https:\/\/janze-athletisme.fr\/wordpress\/author\/jathe_adm\/","title":"Entra\u00eeneurs - Janz\u00e9 Athl\u00e9tisme","type":"rich","width":600,"height":338,"html":"<blockquote class=\"wp-embedded-content\" data-secret=\"gI8afnxSeJ\"><a href=\"https:\/\/janze-athletisme.fr\/wordpress\/entraineurs\/\">Entra\u00eeneurs<\/a><\/blockquote><iframe sandbox=\"allow-scripts\" security=\"restricted\" src=\"https:\/\/janze-athletisme.fr\/wordpress\/entraineurs\/embed\/#?secret=gI8afnxSeJ\" width=\"600\" height=\"338\" title=\"\u00ab\u00a0Entra\u00eeneurs\u00a0\u00bb &#8212; Janz\u00e9 Athl\u00e9tisme\" data-secret=\"gI8afnxSeJ\" frameborder=\"0\" marginwidth=\"0\" marginheight=\"0\" scrolling=\"no\" class=\"wp-embedded-content\"><\/iframe><script>\n\/*! This file is auto-generated *\/\n!function(d,l){\"use strict\";l.querySelector&&d.addEventListener&&\"undefined\"!=typeof URL&&(d.wp=d.wp||{},d.wp.receiveEmbedMessage||(d.wp.receiveEmbedMessage=function(e){var t=e.data;if((t||t.secret||t.message||t.value)&&!\/[^a-zA-Z0-9]\/.test(t.secret)){for(var s,r,n,a=l.querySelectorAll('iframe[data-secret=\"'+t.secret+'\"]'),o=l.querySelectorAll('blockquote[data-secret=\"'+t.secret+'\"]'),c=new RegExp(\"^https?:$\",\"i\"),i=0;i<o.length;i++)o[i].style.display=\"none\";for(i=0;i<a.length;i++)s=a[i],e.source===s.contentWindow&&(s.removeAttribute(\"style\"),\"height\"===t.message?(1e3<(r=parseInt(t.value,10))?r=1e3:~~r<200&&(r=200),s.height=r):\"link\"===t.message&&(r=new URL(s.getAttribute(\"src\")),n=new URL(t.value),c.test(n.protocol))&&n.host===r.host&&l.activeElement===s&&(d.top.location.href=t.value))}},d.addEventListener(\"message\",d.wp.receiveEmbedMessage,!1),l.addEventListener(\"DOMContentLoaded\",function(){for(var e,t,s=l.querySelectorAll(\"iframe.wp-embedded-content\"),r=0;r<s.length;r++)(t=(e=s[r]).getAttribute(\"data-secret\"))||(t=Math.random().toString(36).substring(2,12),e.src+=\"#?secret=\"+t,e.setAttribute(\"data-secret\",t)),e.contentWindow.postMessage({message:\"ready\",secret:t},\"*\")},!1)))}(window,document);\n\/\/# sourceURL=https:\/\/janze-athletisme.fr\/wordpress\/wp-includes\/js\/wp-embed.min.js\n<\/script>\n","description":"Deux nouveaux entra\u00eeneurs ! Depuis peu, le club compte deux nouveaux entra\u00eeneurs parmi le groupe de marche nordique ! Catherine S. et Andr\u00e9 P. ont en effet suivi (et valid\u00e9 !!) la formation 1er degr\u00e9 dispens\u00e9e par la F.F.A. Bravo \u00e0 tous les deux, et merci pour votre implication au sein du club !!! Vous [&hellip;]","thumbnail_url":"http:\/\/janze-athletisme.fr\/wordpress\/wp-content\/uploads\/2018\/04\/Catherine-et-Andr\u00e9.jpg"}