{"version":"1.0","provider_name":"Janz\u00e9 Athl\u00e9tisme","provider_url":"https:\/\/janze-athletisme.fr\/wordpress","author_name":"Anthony","author_url":"https:\/\/janze-athletisme.fr\/wordpress\/author\/anjuvin\/","title":"Comp\u00e9tition Benjamins Minimes - Janz\u00e9 Athl\u00e9tisme","type":"rich","width":600,"height":338,"html":"<blockquote class=\"wp-embedded-content\" data-secret=\"ogR5wEtrrZ\"><a href=\"https:\/\/janze-athletisme.fr\/wordpress\/competition-benjamins-minimes\/\">Comp\u00e9tition Benjamins Minimes<\/a><\/blockquote><iframe sandbox=\"allow-scripts\" security=\"restricted\" src=\"https:\/\/janze-athletisme.fr\/wordpress\/competition-benjamins-minimes\/embed\/#?secret=ogR5wEtrrZ\" width=\"600\" height=\"338\" title=\"\u00ab\u00a0Comp\u00e9tition Benjamins Minimes\u00a0\u00bb &#8212; Janz\u00e9 Athl\u00e9tisme\" data-secret=\"ogR5wEtrrZ\" frameborder=\"0\" marginwidth=\"0\" marginheight=\"0\" scrolling=\"no\" class=\"wp-embedded-content\"><\/iframe><script>\n\/*! This file is auto-generated *\/\n!function(d,l){\"use strict\";l.querySelector&&d.addEventListener&&\"undefined\"!=typeof URL&&(d.wp=d.wp||{},d.wp.receiveEmbedMessage||(d.wp.receiveEmbedMessage=function(e){var t=e.data;if((t||t.secret||t.message||t.value)&&!\/[^a-zA-Z0-9]\/.test(t.secret)){for(var s,r,n,a=l.querySelectorAll('iframe[data-secret=\"'+t.secret+'\"]'),o=l.querySelectorAll('blockquote[data-secret=\"'+t.secret+'\"]'),c=new RegExp(\"^https?:$\",\"i\"),i=0;i<o.length;i++)o[i].style.display=\"none\";for(i=0;i<a.length;i++)s=a[i],e.source===s.contentWindow&&(s.removeAttribute(\"style\"),\"height\"===t.message?(1e3<(r=parseInt(t.value,10))?r=1e3:~~r<200&&(r=200),s.height=r):\"link\"===t.message&&(r=new URL(s.getAttribute(\"src\")),n=new URL(t.value),c.test(n.protocol))&&n.host===r.host&&l.activeElement===s&&(d.top.location.href=t.value))}},d.addEventListener(\"message\",d.wp.receiveEmbedMessage,!1),l.addEventListener(\"DOMContentLoaded\",function(){for(var e,t,s=l.querySelectorAll(\"iframe.wp-embedded-content\"),r=0;r<s.length;r++)(t=(e=s[r]).getAttribute(\"data-secret\"))||(t=Math.random().toString(36).substring(2,12),e.src+=\"#?secret=\"+t,e.setAttribute(\"data-secret\",t)),e.contentWindow.postMessage({message:\"ready\",secret:t},\"*\")},!1)))}(window,document);\n\/\/# sourceURL=https:\/\/janze-athletisme.fr\/wordpress\/wp-includes\/js\/wp-embed.min.js\n<\/script>\n","description":"Convocation comp\u00e9tition entra\u00eenement Benjamins Minimes La 1\u00e8re comp\u00e9tition de la saison pour nos benjamins et minimes aura lieu le samedi 17 octobre dans la nouvelle salle Robert Poirier \u00e0 Rennes. Pour faciliter l\u2019organisation de vos entra\u00eeneurs merci r\u00e9pondre \u00e0 cette convocation. Convocation Benjamins :\u00a0Clic !!! Convocation Minimes :\u00a0Clic !!!"}