{"version":"1.0","provider_name":"Janz\u00e9 Athl\u00e9tisme","provider_url":"https:\/\/janze-athletisme.fr\/wordpress","author_name":"Jean-Marie Jouzel","author_url":"https:\/\/janze-athletisme.fr\/wordpress\/author\/jmjouzel\/","title":"Acign\u00e9 - Janz\u00e9 Athl\u00e9tisme","type":"rich","width":600,"height":338,"html":"<blockquote class=\"wp-embedded-content\" data-secret=\"RYOD7gMwl7\"><a href=\"https:\/\/janze-athletisme.fr\/wordpress\/acigne-3\/\">Acign\u00e9<\/a><\/blockquote><iframe sandbox=\"allow-scripts\" security=\"restricted\" src=\"https:\/\/janze-athletisme.fr\/wordpress\/acigne-3\/embed\/#?secret=RYOD7gMwl7\" width=\"600\" height=\"338\" title=\"\u00ab\u00a0Acign\u00e9\u00a0\u00bb &#8212; Janz\u00e9 Athl\u00e9tisme\" data-secret=\"RYOD7gMwl7\" frameborder=\"0\" marginwidth=\"0\" marginheight=\"0\" scrolling=\"no\" class=\"wp-embedded-content\"><\/iframe><script>\n\/*! This file is auto-generated *\/\n!function(d,l){\"use strict\";l.querySelector&&d.addEventListener&&\"undefined\"!=typeof URL&&(d.wp=d.wp||{},d.wp.receiveEmbedMessage||(d.wp.receiveEmbedMessage=function(e){var t=e.data;if((t||t.secret||t.message||t.value)&&!\/[^a-zA-Z0-9]\/.test(t.secret)){for(var s,r,n,a=l.querySelectorAll('iframe[data-secret=\"'+t.secret+'\"]'),o=l.querySelectorAll('blockquote[data-secret=\"'+t.secret+'\"]'),c=new RegExp(\"^https?:$\",\"i\"),i=0;i<o.length;i++)o[i].style.display=\"none\";for(i=0;i<a.length;i++)s=a[i],e.source===s.contentWindow&&(s.removeAttribute(\"style\"),\"height\"===t.message?(1e3<(r=parseInt(t.value,10))?r=1e3:~~r<200&&(r=200),s.height=r):\"link\"===t.message&&(r=new URL(s.getAttribute(\"src\")),n=new URL(t.value),c.test(n.protocol))&&n.host===r.host&&l.activeElement===s&&(d.top.location.href=t.value))}},d.addEventListener(\"message\",d.wp.receiveEmbedMessage,!1),l.addEventListener(\"DOMContentLoaded\",function(){for(var e,t,s=l.querySelectorAll(\"iframe.wp-embedded-content\"),r=0;r<s.length;r++)(t=(e=s[r]).getAttribute(\"data-secret\"))||(t=Math.random().toString(36).substring(2,12),e.src+=\"#?secret=\"+t,e.setAttribute(\"data-secret\",t)),e.contentWindow.postMessage({message:\"ready\",secret:t},\"*\")},!1)))}(window,document);\n\/\/# sourceURL=https:\/\/janze-athletisme.fr\/wordpress\/wp-includes\/js\/wp-embed.min.js\n<\/script>\n","thumbnail_url":"https:\/\/janze-athletisme.fr\/wordpress\/wp-content\/uploads\/2023\/05\/LesFouleesAcignes.jpg","thumbnail_width":800,"thumbnail_height":1132,"description":"Les Foul\u00e9es d&rsquo;Acign\u00e9 &nbsp; Retour sur cette course du 30 avril o\u00f9 nous retrouvons Beno\u00eet qui apr\u00e8s une tr\u00e8s belle saison de cross et diminu\u00e9 par une blessure au mollet retrouve des couleurs et la forme avec une tr\u00e8s belle 7\u00e8me place et une 1\u00e8re place en M2. Ca laisse augurer de belles choses pour [&hellip;]"}